{"id":20178,"date":"2023-09-29T10:46:51","date_gmt":"2023-09-29T10:46:51","guid":{"rendered":"https:\/\/www.todoenbelleza.es\/?page_id=20178"},"modified":"2025-11-12T17:01:39","modified_gmt":"2025-11-12T17:01:39","slug":"colaboraciones-y-prensa","status":"publish","type":"page","link":"https:\/\/www.todoenbelleza.es\/en\/colaboraciones-y-prensa\/","title":{"rendered":"Collaborations and Press"},"content":{"rendered":"<p>[et_pb_section fb_built=&#8221;1&#8243; _builder_version=&#8221;4.25.0&#8243; _module_preset=&#8221;default&#8221; da_disable_devices=&#8221;off|off|off&#8221; global_colors_info=&#8221;{}&#8221; da_is_popup=&#8221;off&#8221; da_exit_intent=&#8221;off&#8221; da_has_close=&#8221;on&#8221; da_alt_close=&#8221;off&#8221; da_dark_close=&#8221;off&#8221; da_not_modal=&#8221;on&#8221; da_is_singular=&#8221;off&#8221; da_with_loader=&#8221;off&#8221; da_has_shadow=&#8221;on&#8221;][et_pb_row column_structure=&#8221;1_4,1_4,1_4,1_4&#8243; _builder_version=&#8221;4.25.0&#8243; _module_preset=&#8221;default&#8221; global_colors_info=&#8221;{}&#8221;][et_pb_column type=&#8221;1_4&#8243; _builder_version=&#8221;4.25.0&#8243; _module_preset=&#8221;default&#8221; global_colors_info=&#8221;{}&#8221;][et_pb_blurb title=&#8221;Una experta en belleza revela por qu\u00e9 pierde firmeza el rostro y revela el truco para recuperar la juventud y luchar contra la flacidez&#8221; url=&#8221;https:\/\/www.diezminutos.es\/moda-belleza\/belleza\/a69406704\/trucos-recuperar-firmeza-rostro-evitar-flacidez-experta-belleza-cuca-miquel\/&#8221; url_new_window=&#8221;on&#8221; image=&#8221;https:\/\/hips.hearstapps.com\/hmg-prod\/images\/older-woman-standing-in-front-of-mirror-gently-royalty-free-image-1762951605.pjpeg?crop=0.667xw:1.00xh;0.260xw,0&#038;resize=360:*&#8221; alt=&#8221;Los 5 consejos m\u00e1s \u00fatiles de la experta en belleza Cuca Miquel para lucir unas u\u00f1as bonitas y sanas&#8221; _builder_version=&#8221;4.25.0&#8243; _module_preset=&#8221;default&#8221; header_text_align=&#8221;left&#8221; header_font_size=&#8221;16px&#8221; body_font_size=&#8221;11px&#8221; body_line_height=&#8221;1.4em&#8221; link_option_url=&#8221;https:\/\/www.diezminutos.es\/moda-belleza\/belleza\/a69406704\/trucos-recuperar-firmeza-rostro-evitar-flacidez-experta-belleza-cuca-miquel\/&#8221; link_option_url_new_window=&#8221;on&#8221; hover_enabled=&#8221;0&#8243; global_colors_info=&#8221;{}&#8221; sticky_enabled=&#8221;0&#8243;]<\/p>\n<div class=\"css-1g48dme e1f1sunr6\">\n<div class=\"css-1g48dme e1f1sunr6\">\n<div data-theme-key=\"custom-item-content\" class=\"css-1dc3fjj ee4ms350\">\n<div data-theme-key=\"custom-item-dek\" class=\"css-1u0frxc e10ip9lg4\">\n<div data-theme-key=\"custom-item-content\" class=\"css-0 ee4ms350\">\n<div data-theme-key=\"custom-item-dek\" class=\"css-1u0frxc e10ip9lg4\">\n<div data-theme-key=\"custom-item-content\" class=\"css-0 ee4ms350\">\n<div data-theme-key=\"custom-item-dek\" class=\"css-1u0frxc e10ip9lg8\">\n<p>La p\u00e9rdida de col\u00e1geno con el paso del tiempo hace que la piel del rostro se &#8216;descuelgue&#8217;. Pero hay una forma de recuperar las facciones de juventud: la experta en belleza Cuca Miquel nos desvela las claves.<\/p>\n<\/div>\n<\/div>\n<\/div>\n<\/div>\n<\/div>\n<\/div>\n<\/div>\n<\/div>\n<p>[\/et_pb_blurb][\/et_pb_column][et_pb_column type=&#8221;1_4&#8243; _builder_version=&#8221;4.25.0&#8243; _module_preset=&#8221;default&#8221; global_colors_info=&#8221;{}&#8221;][et_pb_blurb title=&#8221;La mejor manera para eliminar la papada: %22Existen tratamientos est\u00e9ticos que ofrecen resultados r\u00e1pidos y efectivos%22&#8243; url=&#8221;https:\/\/www.diezminutos.es\/moda-belleza\/belleza\/a69260806\/consejos-experta-belleza-eliminar-papada\/&#8221; url_new_window=&#8221;on&#8221; image=&#8221;https:\/\/hips.hearstapps.com\/hmg-prod\/images\/woman-looking-in-bathroom-mirror-touching-neck-royalty-free-image-1762341683.pjpeg?crop=0.521xw:0.780xh;0.316xw,0.220xh&#038;resize=360:*&#8221; alt=&#8221;La experta en belleza Cuca Miquel explica los mejores ejercicios faciales para tratar las arrugas del labio superior&#8221; _builder_version=&#8221;4.25.0&#8243; _module_preset=&#8221;default&#8221; header_text_align=&#8221;left&#8221; header_font_size=&#8221;16px&#8221; body_font_size=&#8221;11px&#8221; body_line_height=&#8221;1.4em&#8221; link_option_url=&#8221;https:\/\/www.diezminutos.es\/moda-belleza\/belleza\/a69260806\/consejos-experta-belleza-eliminar-papada\/&#8221; link_option_url_new_window=&#8221;on&#8221; global_colors_info=&#8221;{}&#8221;]<\/p>\n<div class=\"css-1g48dme e1f1sunr6\">\n<div class=\"css-1g48dme e1f1sunr6\">\n<div data-theme-key=\"custom-item-content\" class=\"css-1dc3fjj ee4ms350\">\n<div data-theme-key=\"custom-item-dek\" class=\"css-1u0frxc e10ip9lg4\">\n<div class=\"css-8izrp7 e1f1sunr6\">\n<div data-theme-key=\"custom-item-content\" class=\"css-0 ee4ms350\">\n<div data-theme-key=\"custom-item-dek\" class=\"css-1u0frxc e10ip9lg8\">\n<p>La coach de belleza te ofrece los mejores consejos para prevenir el conocido como doble ment\u00f3n que no solo es una cuesti\u00f3n est\u00e9tica, su aparici\u00f3n puede ser el mejor indicador para revisar otros h\u00e1bitos de salud.<\/p>\n<\/div>\n<\/div>\n<\/div>\n<\/div>\n<\/div>\n<\/div>\n<\/div>\n<p>[\/et_pb_blurb][\/et_pb_column][et_pb_column type=&#8221;1_4&#8243; _builder_version=&#8221;4.25.0&#8243; _module_preset=&#8221;default&#8221; global_colors_info=&#8221;{}&#8221;][et_pb_blurb title=&#8221;Cuca Miquel sobre el cuidado del cuello y el escote: %22No deber\u00eda considerarse un extra, sino una extensi\u00f3n de la rutina facial%22&#8243; url=&#8221;https:\/\/www.diezminutos.es\/moda-belleza\/belleza\/a69178944\/cuidar-piel-cuello-escote-consejos-belleza-cuca-miquel\/&#8221; url_new_window=&#8221;on&#8221; image=&#8221;https:\/\/hips.hearstapps.com\/hmg-prod\/images\/elderly-person-with-mirror-royalty-free-image-1761735371.pjpeg?crop=0.668xw:1.00xh;0.168xw,0&#038;resize=360:*&#8221; alt=&#8221;La experta en belleza Cuca Miquel nos desvela los trucos definitivos para que el perfume dure m\u00e1s horas en la piel&#8221; _builder_version=&#8221;4.25.0&#8243; _module_preset=&#8221;default&#8221; header_text_align=&#8221;left&#8221; header_font_size=&#8221;16px&#8221; body_font_size=&#8221;11px&#8221; body_line_height=&#8221;1.4em&#8221; link_option_url=&#8221;https:\/\/www.diezminutos.es\/moda-belleza\/belleza\/a69178944\/cuidar-piel-cuello-escote-consejos-belleza-cuca-miquel\/&#8221; link_option_url_new_window=&#8221;on&#8221; global_colors_info=&#8221;{}&#8221;]<\/p>\n<div class=\"css-1g48dme e1f1sunr6\">\n<div data-theme-key=\"custom-item-content\" class=\"css-1dc3fjj ee4ms350\">\n<div data-theme-key=\"custom-item-dek\" class=\"css-1u0frxc e10ip9lg4\">\n<div data-theme-key=\"custom-item-content\" class=\"css-1dc3fjj ee4ms350\">\n<div data-theme-key=\"custom-item-dek\" class=\"css-1u0frxc e10ip9lg4\">\n<div class=\"css-8izrp7 e1f1sunr6\">\n<div class=\"css-8izrp7 e1f1sunr6\">\n<div data-theme-key=\"custom-item-content\" class=\"css-0 ee4ms350\">\n<div data-theme-key=\"custom-item-dek\" class=\"css-1u0frxc e10ip9lg8\">\n<p>Son algunas de las zonas donde m\u00e1s se nota el paso del tiempo, y a la vez las m\u00e1s olvidadas. As\u00ed puedes cuidar la piel del cuello y el escote para ralentizar los signos de la edad: &#8220;Esta zona es tan visible como delicada&#8221;.<\/p>\n<\/div>\n<\/div>\n<\/div>\n<\/div>\n<\/div>\n<\/div>\n<\/div>\n<\/div>\n<\/div>\n<p>[\/et_pb_blurb][\/et_pb_column][et_pb_column type=&#8221;1_4&#8243; _builder_version=&#8221;4.25.0&#8243; _module_preset=&#8221;default&#8221; global_colors_info=&#8221;{}&#8221;][et_pb_blurb title=&#8221;La experta en belleza Cuca Miquel te da 7 consejos para cuidar tus manos y que se mantengan suaves, j\u00f3venes y saludables&#8221; url=&#8221;https:\/\/www.diezminutos.es\/moda-belleza\/belleza\/a69036929\/cuca-miquel-experta-belleza-consejos-cuidado-manos\/&#8221; url_new_window=&#8221;on&#8221; image=&#8221;https:\/\/hips.hearstapps.com\/hmg-prod\/images\/woman-taking-care-of-her-skin-young-woman-in-royalty-free-image-1760525557.pjpeg?crop=0.631xw:0.946xh;0.369xw,0.0366xh&#038;resize=360:*&#8221; alt=&#8221;Cuca Miquel, coach experta en belleza, te explica qu\u00e9 es esta afecci\u00f3n cut\u00e1nea, por qu\u00e9 aparece y cu\u00e1les son los mejores tratamientos. Ante todo, no te preocupes, es benigna.&#8221; _builder_version=&#8221;4.25.0&#8243; _module_preset=&#8221;default&#8221; header_text_align=&#8221;left&#8221; header_font_size=&#8221;16px&#8221; body_font_size=&#8221;11px&#8221; body_line_height=&#8221;1.4em&#8221; link_option_url=&#8221;https:\/\/www.diezminutos.es\/moda-belleza\/belleza\/a69036929\/cuca-miquel-experta-belleza-consejos-cuidado-manos\/&#8221; link_option_url_new_window=&#8221;on&#8221; global_colors_info=&#8221;{}&#8221;]<\/p>\n<div class=\"css-1g48dme e1f1sunr6\">\n<div data-theme-key=\"custom-item-content\" class=\"css-1dc3fjj ee4ms350\">\n<div data-theme-key=\"custom-item-dek\" class=\"css-1u0frxc e10ip9lg4\">\n<div data-theme-key=\"custom-item-content\" class=\"css-1dc3fjj ee4ms350\">\n<div data-theme-key=\"custom-item-dek\" class=\"css-1u0frxc e10ip9lg4\">\n<div class=\"css-8izrp7 e1f1sunr6\">\n<div data-theme-key=\"custom-item-content\" class=\"css-0 ee4ms350\">\n<div data-theme-key=\"custom-item-dek\" class=\"css-1u0frxc e10ip9lg8\">\n<p>Las manos son las grandes olvidadas en nuestra rutina de cuidado diario a pesar de ser una de las partes de nuestro cuerpo m\u00e1s expuestas al sol, a los cambios de temperatura, al agua&#8230;\u00a0<\/p>\n<\/div>\n<\/div>\n<\/div>\n<\/div>\n<\/div>\n<\/div>\n<\/div>\n<\/div>\n<p>[\/et_pb_blurb][\/et_pb_column][\/et_pb_row][et_pb_row column_structure=&#8221;1_4,1_4,1_4,1_4&#8243; _builder_version=&#8221;4.25.0&#8243; _module_preset=&#8221;default&#8221; global_colors_info=&#8221;{}&#8221;][et_pb_column type=&#8221;1_4&#8243; _builder_version=&#8221;4.25.0&#8243; _module_preset=&#8221;default&#8221; global_colors_info=&#8221;{}&#8221;][et_pb_blurb title=&#8221;Una experta en belleza sobre el cuidado de los labios: %22Es muy importante evitar lamer los labios porque la saliva quema la piel%22&#8243; url=&#8221;https:\/\/www.diezminutos.es\/moda-belleza\/belleza\/a68894126\/cuca-miquel-experta-belleza-consejos-cuidado-labios-es-thermage-lips\/&#8221; url_new_window=&#8221;on&#8221; image=&#8221;https:\/\/hips.hearstapps.com\/hmg-prod\/images\/woman-applying-hygienic-lip-balm-on-lips-royalty-free-image-1759914343.pjpeg?crop=0.671xw:1.00xh;0.173xw,0&#038;resize=360:*&#8221; alt=&#8221;Los 5 consejos m\u00e1s \u00fatiles de la experta en belleza Cuca Miquel para lucir unas u\u00f1as bonitas y sanas&#8221; _builder_version=&#8221;4.25.0&#8243; _module_preset=&#8221;default&#8221; header_text_align=&#8221;left&#8221; header_font_size=&#8221;16px&#8221; body_font_size=&#8221;11px&#8221; body_line_height=&#8221;1.4em&#8221; link_option_url=&#8221;https:\/\/www.diezminutos.es\/moda-belleza\/belleza\/a68894126\/cuca-miquel-experta-belleza-consejos-cuidado-labios-es-thermage-lips\/&#8221; link_option_url_new_window=&#8221;on&#8221; global_colors_info=&#8221;{}&#8221;]<\/p>\n<div class=\"css-1g48dme e1f1sunr6\">\n<div class=\"css-1g48dme e1f1sunr6\">\n<div data-theme-key=\"custom-item-content\" class=\"css-1dc3fjj ee4ms350\">\n<div data-theme-key=\"custom-item-dek\" class=\"css-1u0frxc e10ip9lg4\">\n<div data-theme-key=\"custom-item-content\" class=\"css-0 ee4ms350\">\n<div data-theme-key=\"custom-item-dek\" class=\"css-1u0frxc e10ip9lg4\">\n<div data-theme-key=\"custom-item-content\" class=\"css-0 ee4ms350\">\n<div data-theme-key=\"custom-item-dek\" class=\"css-1u0frxc e10ip9lg8\">\n<div data-theme-key=\"custom-item-content\" class=\"css-0 ee4ms350\">\n<div data-theme-key=\"custom-item-dek\" class=\"css-1u0frxc e10ip9lg8\">\n<p>Cuca Miquel, coach de belleza, te ofrece los mejores cuidados para presumir de labios y te recomienda el mejor tratamiento para recuperarlos: el Thermage lips.<\/p>\n<\/div>\n<\/div>\n<\/div>\n<\/div>\n<\/div>\n<\/div>\n<\/div>\n<\/div>\n<\/div>\n<\/div>\n<p>[\/et_pb_blurb][\/et_pb_column][et_pb_column type=&#8221;1_4&#8243; _builder_version=&#8221;4.25.0&#8243; _module_preset=&#8221;default&#8221; global_colors_info=&#8221;{}&#8221;][et_pb_blurb title=&#8221;Recuperar la piel despu\u00e9s del verano: %22Es el momento de apostar por texturas m\u00e1s ricas en \u00e1cido hialur\u00f3nico, glicerina y ceramidas%22&#8243; url=&#8221;https:\/\/www.diezminutos.es\/moda-belleza\/belleza\/a68027670\/consejos-recuperar-piel-verano-experta-cuca-miquel\/&#8221; url_new_window=&#8221;on&#8221; image=&#8221;https:\/\/hips.hearstapps.com\/hmg-prod\/images\/feeling-younger-royalty-free-image-1758699468.pjpeg?crop=0.667xw:1.00xh;0.228xw,0&#038;resize=360:*&#8221; alt=&#8221;La experta en belleza Cuca Miquel explica los mejores ejercicios faciales para tratar las arrugas del labio superior&#8221; _builder_version=&#8221;4.25.0&#8243; _module_preset=&#8221;default&#8221; header_text_align=&#8221;left&#8221; header_font_size=&#8221;16px&#8221; body_font_size=&#8221;11px&#8221; body_line_height=&#8221;1.4em&#8221; link_option_url=&#8221;https:\/\/www.diezminutos.es\/moda-belleza\/belleza\/a68027670\/consejos-recuperar-piel-verano-experta-cuca-miquel\/&#8221; link_option_url_new_window=&#8221;on&#8221; global_colors_info=&#8221;{}&#8221;]<\/p>\n<div class=\"css-1g48dme e1f1sunr6\">\n<div class=\"css-1g48dme e1f1sunr6\">\n<div data-theme-key=\"custom-item-content\" class=\"css-1dc3fjj ee4ms350\">\n<div data-theme-key=\"custom-item-dek\" class=\"css-1u0frxc e10ip9lg4\">\n<div class=\"css-8izrp7 e1f1sunr6\">\n<div data-theme-key=\"custom-item-content\" class=\"css-0 ee4ms350\">\n<div data-theme-key=\"custom-item-dek\" class=\"css-1u0frxc e10ip9lg8\">\n<div data-theme-key=\"custom-item-content\" class=\"css-0 ee4ms350\">\n<div data-theme-key=\"custom-item-dek\" class=\"css-1u0frxc e10ip9lg8\">\n<p>Llega el oto\u00f1o y el calor se va, pero los da\u00f1os en la piel tras el verano se quedan. Puedes mitigarlos en s\u00f3lo 5 pasos con los consejos de la coach de belleza Cuca Miquel.<\/p>\n<\/div>\n<\/div>\n<\/div>\n<\/div>\n<\/div>\n<\/div>\n<\/div>\n<\/div>\n<\/div>\n<p>[\/et_pb_blurb][\/et_pb_column][et_pb_column type=&#8221;1_4&#8243; _builder_version=&#8221;4.25.0&#8243; _module_preset=&#8221;default&#8221; global_colors_info=&#8221;{}&#8221;][et_pb_blurb title=&#8221;C\u00f3mo recuperar la piel y la silueta en septiembre con los 5 consejos de la experta en belleza Cuca Miquel&#8221; url=&#8221;https:\/\/www.diezminutos.es\/moda-belleza\/belleza\/a66138679\/recuperar-piel-silueta-septiembre-consejos-experta-belleza-de-cuca-miquel\/&#8221; url_new_window=&#8221;on&#8221; image=&#8221;https:\/\/hips.hearstapps.com\/hmg-prod\/images\/hair-care-beauty-and-woman-by-mirror-in-bathroom-royalty-free-image-1758119977.pjpeg?crop=0.532xw:1.00xh;0.345xw,0&#038;resize=360:*&#8221; alt=&#8221;La experta en belleza Cuca Miquel nos desvela los trucos definitivos para que el perfume dure m\u00e1s horas en la piel&#8221; _builder_version=&#8221;4.25.0&#8243; _module_preset=&#8221;default&#8221; header_text_align=&#8221;left&#8221; header_font_size=&#8221;16px&#8221; body_font_size=&#8221;11px&#8221; body_line_height=&#8221;1.4em&#8221; link_option_url=&#8221;https:\/\/www.diezminutos.es\/moda-belleza\/belleza\/a66138679\/recuperar-piel-silueta-septiembre-consejos-experta-belleza-de-cuca-miquel\/&#8221; link_option_url_new_window=&#8221;on&#8221; global_colors_info=&#8221;{}&#8221;]<\/p>\n<div class=\"css-1g48dme e1f1sunr6\">\n<div data-theme-key=\"custom-item-content\" class=\"css-1dc3fjj ee4ms350\">\n<div data-theme-key=\"custom-item-dek\" class=\"css-1u0frxc e10ip9lg4\">\n<div data-theme-key=\"custom-item-content\" class=\"css-1dc3fjj ee4ms350\">\n<div data-theme-key=\"custom-item-dek\" class=\"css-1u0frxc e10ip9lg4\">\n<div class=\"css-8izrp7 e1f1sunr6\">\n<div class=\"css-8izrp7 e1f1sunr6\">\n<div data-theme-key=\"custom-item-content\" class=\"css-0 ee4ms350\">\n<div data-theme-key=\"custom-item-dek\" class=\"css-1u0frxc e10ip9lg8\">\n<div data-theme-key=\"custom-item-content\" class=\"css-0 ee4ms350\">\n<div data-theme-key=\"custom-item-dek\" class=\"css-1u0frxc e10ip9lg8\">\n<p>Tras semanas de desconexi\u00f3n, menos horas de sue\u00f1o y una rutina de belleza algo m\u00e1s relajada ha llegado el momento de volver a la normalidad y devolver a la piel y al cuerpo los cuidados que se merecen.<\/p>\n<\/div>\n<\/div>\n<\/div>\n<\/div>\n<\/div>\n<\/div>\n<\/div>\n<\/div>\n<\/div>\n<\/div>\n<\/div>\n<p>[\/et_pb_blurb][\/et_pb_column][et_pb_column type=&#8221;1_4&#8243; _builder_version=&#8221;4.25.0&#8243; _module_preset=&#8221;default&#8221; global_colors_info=&#8221;{}&#8221;][et_pb_blurb title=&#8221;Cuca, sobre el cambio f\u00edsico de Jos\u00e9 Carlos Montoya: %22Su ceja est\u00e1 demasiado elevada en el tramo final, dej\u00e1ndole un poco de &#8216;cara de diablo&#8217;%22&#8243; url=&#8221;https:\/\/www.diezminutos.es\/moda-belleza\/belleza\/a66046997\/jose-carlos-montoya-experta-belleza-cuca-miquel-analiza-cambio-fisico\/&#8221; url_new_window=&#8221;on&#8221; image=&#8221;https:\/\/hips.hearstapps.com\/hmg-prod\/images\/montoya-cambio-fisico-68c2a206b3f52.jpg?crop=0.922xw:0.615xh;0.0553xw,0.0813xh&#038;resize=360:*&#8221; alt=&#8221;Cuca Miquel, coach experta en belleza, te explica qu\u00e9 es esta afecci\u00f3n cut\u00e1nea, por qu\u00e9 aparece y cu\u00e1les son los mejores tratamientos. Ante todo, no te preocupes, es benigna.&#8221; _builder_version=&#8221;4.25.0&#8243; _module_preset=&#8221;default&#8221; header_text_align=&#8221;left&#8221; header_font_size=&#8221;16px&#8221; body_font_size=&#8221;11px&#8221; body_line_height=&#8221;1.4em&#8221; link_option_url=&#8221;https:\/\/www.diezminutos.es\/moda-belleza\/belleza\/a66046997\/jose-carlos-montoya-experta-belleza-cuca-miquel-analiza-cambio-fisico\/&#8221; link_option_url_new_window=&#8221;on&#8221; global_colors_info=&#8221;{}&#8221;]<\/p>\n<div class=\"css-1g48dme e1f1sunr6\">\n<div data-theme-key=\"custom-item-content\" class=\"css-1dc3fjj ee4ms350\">\n<div data-theme-key=\"custom-item-dek\" class=\"css-1u0frxc e10ip9lg4\">\n<div data-theme-key=\"custom-item-content\" class=\"css-1dc3fjj ee4ms350\">\n<div data-theme-key=\"custom-item-dek\" class=\"css-1u0frxc e10ip9lg4\">\n<div class=\"css-8izrp7 e1f1sunr6\">\n<div data-theme-key=\"custom-item-content\" class=\"css-0 ee4ms350\">\n<div data-theme-key=\"custom-item-dek\" class=\"css-1u0frxc e10ip9lg8\">\n<div data-theme-key=\"custom-item-content\" class=\"css-0 ee4ms350\">\n<div data-theme-key=\"custom-item-dek\" class=\"css-1u0frxc e10ip9lg8\">\n<p>Para la CEO del centro &#8216; Todo en Belleza&#8217;, no han pasado desapercibidos los retoques en la frente y las cejas del exconcursantes de &#8216;Supervivientes&#8217;, que delatan un cambio poco natural.<\/p>\n<\/div>\n<\/div>\n<\/div>\n<\/div>\n<\/div>\n<\/div>\n<\/div>\n<\/div>\n<\/div>\n<\/div>\n<p>[\/et_pb_blurb][\/et_pb_column][\/et_pb_row][et_pb_row column_structure=&#8221;1_4,1_4,1_4,1_4&#8243; _builder_version=&#8221;4.25.0&#8243; _module_preset=&#8221;default&#8221; global_colors_info=&#8221;{}&#8221;][et_pb_column type=&#8221;1_4&#8243; _builder_version=&#8221;4.25.0&#8243; _module_preset=&#8221;default&#8221; global_colors_info=&#8221;{}&#8221;][et_pb_blurb title=&#8221;Los mejores consejos de la experta en belleza Cuca Miquel para evitar la fragilidad de las u\u00f1as&#8221; url=&#8221;https:\/\/www.diezminutos.es\/moda-belleza\/belleza\/a66032816\/unas-cuidadas-consejos-experta-belleza-cuca-miquel\/&#8221; url_new_window=&#8221;on&#8221; image=&#8221;https:\/\/hips.hearstapps.com\/hmg-prod\/images\/relaxing-self-care-routine-at-home-with-woman-royalty-free-image-1757487519.pjpeg?crop=1.00xw:0.670xh;0,0.119xh&#038;resize=360:*&#8221; alt=&#8221;Los 5 consejos m\u00e1s \u00fatiles de la experta en belleza Cuca Miquel para lucir unas u\u00f1as bonitas y sanas&#8221; _builder_version=&#8221;4.25.0&#8243; _module_preset=&#8221;default&#8221; header_text_align=&#8221;left&#8221; header_font_size=&#8221;16px&#8221; body_font_size=&#8221;11px&#8221; body_line_height=&#8221;1.4em&#8221; link_option_url=&#8221;https:\/\/www.diezminutos.es\/moda-belleza\/belleza\/a66032816\/unas-cuidadas-consejos-experta-belleza-cuca-miquel\/&#8221; link_option_url_new_window=&#8221;on&#8221; global_colors_info=&#8221;{}&#8221;]<\/p>\n<div class=\"css-1g48dme e1f1sunr6\">\n<div class=\"css-1g48dme e1f1sunr6\">\n<div data-theme-key=\"custom-item-content\" class=\"css-1dc3fjj ee4ms350\">\n<div data-theme-key=\"custom-item-dek\" class=\"css-1u0frxc e10ip9lg4\">\n<div data-theme-key=\"custom-item-content\" class=\"css-0 ee4ms350\">\n<div data-theme-key=\"custom-item-dek\" class=\"css-1u0frxc e10ip9lg4\">\n<div data-theme-key=\"custom-item-content\" class=\"css-0 ee4ms350\">\n<div data-theme-key=\"custom-item-dek\" class=\"css-1u0frxc e10ip9lg8\">\n<p>Pintarlas con esmaltes agresivos, morderlas o no hidratarlas bien son algunos de los problemas que pueden sufrir nuestras u\u00f1as. Para hacer frente a ello, Cuca Miquel nos ense\u00f1a los mejores trucos para cuidarlas.<\/p>\n<\/div>\n<\/div>\n<\/div>\n<\/div>\n<\/div>\n<\/div>\n<\/div>\n<\/div>\n<p>[\/et_pb_blurb][\/et_pb_column][et_pb_column type=&#8221;1_4&#8243; _builder_version=&#8221;4.25.0&#8243; _module_preset=&#8221;default&#8221; global_colors_info=&#8221;{}&#8221;][et_pb_blurb title=&#8221;La experta en belleza Cuca Miquel analiza el impactante cambio f\u00edsico de Mar\u00eda Jes\u00fas Ruiz&#8221; url=&#8221;https:\/\/www.diezminutos.es\/moda-belleza\/belleza\/a64034055\/ejercicios-faciales-tratar-arrugas-labio-superior\/&#8221; url_new_window=&#8221;on&#8221; image=&#8221;https:\/\/hips.hearstapps.com\/hmg-prod\/images\/maria-jesus-ruiz-desfile-651a6eea269f4.jpg?crop=0.725xw:0.484xh;0.189xw,0.0358xh&#038;resize=360:*&#8221; alt=&#8221;La experta en belleza Cuca Miquel explica los mejores ejercicios faciales para tratar las arrugas del labio superior&#8221; _builder_version=&#8221;4.25.0&#8243; _module_preset=&#8221;default&#8221; header_text_align=&#8221;left&#8221; header_font_size=&#8221;16px&#8221; body_font_size=&#8221;11px&#8221; body_line_height=&#8221;1.4em&#8221; link_option_url=&#8221;https:\/\/www.diezminutos.es\/moda-belleza\/belleza\/a64034055\/ejercicios-faciales-tratar-arrugas-labio-superior\/&#8221; link_option_url_new_window=&#8221;on&#8221; global_colors_info=&#8221;{}&#8221;]<\/p>\n<div class=\"css-1g48dme e1f1sunr6\">\n<div class=\"css-1g48dme e1f1sunr6\">\n<div data-theme-key=\"custom-item-content\" class=\"css-1dc3fjj ee4ms350\">\n<div data-theme-key=\"custom-item-dek\" class=\"css-1u0frxc e10ip9lg4\">\n<div class=\"css-8izrp7 e1f1sunr6\">\n<div data-theme-key=\"custom-item-content\" class=\"css-0 ee4ms350\">\n<div data-theme-key=\"custom-item-dek\" class=\"css-1u0frxc e10ip9lg8\">\n<p>La Miss Espa\u00f1a 2004 ha sorprendido a sus seguidores con un llamativo cambio de imagen tras pasar por la peluquer\u00eda, pero muchos se han fijado m\u00e1s en su rostro que en su pelo. Su transformaci\u00f3n ha dado tanto que hablar&#8230;<\/p>\n<\/div>\n<\/div>\n<\/div>\n<\/div>\n<\/div>\n<\/div>\n<\/div>\n<p>[\/et_pb_blurb][\/et_pb_column][et_pb_column type=&#8221;1_4&#8243; _builder_version=&#8221;4.25.0&#8243; _module_preset=&#8221;default&#8221; global_colors_info=&#8221;{}&#8221;][et_pb_blurb title=&#8221;Cuca Miquel, experta en belleza, da las mejores claves para el cuidado de las pesta\u00f1as&#8221; url=&#8221;https:\/\/www.diezminutos.es\/moda-belleza\/belleza\/a65968519\/consejos-claves-cuidado-pestanas-cuca-miquel\/&#8221; url_new_window=&#8221;on&#8221; image=&#8221;https:\/\/hips.hearstapps.com\/hmg-prod\/images\/womans-face-looking-down-royalty-free-image-1756905581.pjpeg?crop=0.756xw:1.00xh;0.0945xw,0&#038;resize=360:*&#8221; alt=&#8221;La experta en belleza Cuca Miquel nos desvela los trucos definitivos para que el perfume dure m\u00e1s horas en la piel&#8221; _builder_version=&#8221;4.25.0&#8243; _module_preset=&#8221;default&#8221; header_text_align=&#8221;left&#8221; header_font_size=&#8221;16px&#8221; body_font_size=&#8221;11px&#8221; body_line_height=&#8221;1.4em&#8221; link_option_url=&#8221;https:\/\/www.diezminutos.es\/moda-belleza\/belleza\/a65968519\/consejos-claves-cuidado-pestanas-cuca-miquel\/&#8221; link_option_url_new_window=&#8221;on&#8221; global_colors_info=&#8221;{}&#8221;]<\/p>\n<div class=\"css-1g48dme e1f1sunr6\">\n<div data-theme-key=\"custom-item-content\" class=\"css-1dc3fjj ee4ms350\">\n<div data-theme-key=\"custom-item-dek\" class=\"css-1u0frxc e10ip9lg4\">\n<div data-theme-key=\"custom-item-content\" class=\"css-1dc3fjj ee4ms350\">\n<div data-theme-key=\"custom-item-dek\" class=\"css-1u0frxc e10ip9lg4\">\n<div class=\"css-8izrp7 e1f1sunr6\">\n<div class=\"css-8izrp7 e1f1sunr6\">\n<div data-theme-key=\"custom-item-content\" class=\"css-0 ee4ms350\">\n<div data-theme-key=\"custom-item-dek\" class=\"css-1u0frxc e10ip9lg8\">\n<p>Enmarcan la mirada y protegen nuestros ojos. Por eso merece la pena atenderlas con mimo para tenerlas sanas, largas y espesas.<\/p>\n<\/div>\n<\/div>\n<\/div>\n<\/div>\n<\/div>\n<\/div>\n<\/div>\n<\/div>\n<\/div>\n<p>[\/et_pb_blurb][\/et_pb_column][et_pb_column type=&#8221;1_4&#8243; _builder_version=&#8221;4.25.0&#8243; _module_preset=&#8221;default&#8221; global_colors_info=&#8221;{}&#8221;][et_pb_blurb title=&#8221;La experta en belleza Cuca Miquel revela el verdadero secreto para mantener la piel sana en verano&#8221; url=&#8221;https:\/\/www.diezminutos.es\/moda-belleza\/belleza\/a65906954\/consejos-piel-sana-en-verano\/&#8221; url_new_window=&#8221;on&#8221; image=&#8221;https:\/\/hips.hearstapps.com\/hmg-prod\/images\/young-woman-applying-sunscreen-on-her-face-on-the-royalty-free-image-1756281292.pjpeg?crop=0.671xw:1.00xh;0,0&#038;resize=360:*&#8221; alt=&#8221;Cuca Miquel, coach experta en belleza, te explica qu\u00e9 es esta afecci\u00f3n cut\u00e1nea, por qu\u00e9 aparece y cu\u00e1les son los mejores tratamientos. Ante todo, no te preocupes, es benigna.&#8221; _builder_version=&#8221;4.25.0&#8243; _module_preset=&#8221;default&#8221; header_text_align=&#8221;left&#8221; header_font_size=&#8221;16px&#8221; body_font_size=&#8221;11px&#8221; body_line_height=&#8221;1.4em&#8221; link_option_url=&#8221;https:\/\/www.diezminutos.es\/moda-belleza\/belleza\/a65906954\/consejos-piel-sana-en-verano\/&#8221; link_option_url_new_window=&#8221;on&#8221; global_colors_info=&#8221;{}&#8221;]<\/p>\n<div class=\"css-1g48dme e1f1sunr6\">\n<div data-theme-key=\"custom-item-content\" class=\"css-1dc3fjj ee4ms350\">\n<div data-theme-key=\"custom-item-dek\" class=\"css-1u0frxc e10ip9lg4\">\n<div data-theme-key=\"custom-item-content\" class=\"css-1dc3fjj ee4ms350\">\n<div data-theme-key=\"custom-item-dek\" class=\"css-1u0frxc e10ip9lg4\">\n<div class=\"css-8izrp7 e1f1sunr6\">\n<div data-theme-key=\"custom-item-content\" class=\"css-0 ee4ms350\">\n<div data-theme-key=\"custom-item-dek\" class=\"css-1u0frxc e10ip9lg8\">\n<p>El calor del verano es el momento en que nuestra piel sufre m\u00e1s. La experta en belleza, Cuca Miquel, te da los consejos para que puedas mantener tu piel sana y radiante estas vacaciones.<\/p>\n<\/div>\n<\/div>\n<\/div>\n<\/div>\n<\/div>\n<\/div>\n<\/div>\n<\/div>\n<p>[\/et_pb_blurb][\/et_pb_column][\/et_pb_row][et_pb_row column_structure=&#8221;1_4,1_4,1_4,1_4&#8243; _builder_version=&#8221;4.25.0&#8243; _module_preset=&#8221;default&#8221; global_colors_info=&#8221;{}&#8221;][et_pb_column type=&#8221;1_4&#8243; _builder_version=&#8221;4.25.0&#8243; _module_preset=&#8221;default&#8221; global_colors_info=&#8221;{}&#8221;][et_pb_blurb title=&#8221;Cuca Miquel, experta en belleza, ofrece los mejores consejos para presumir de una espalda bonita&#8221; url=&#8221;https:\/\/www.diezminutos.es\/moda-belleza\/belleza\/a65827657\/consejos-cuidados-espalda-piel\/&#8221; url_new_window=&#8221;on&#8221; image=&#8221;https:\/\/hips.hearstapps.com\/hmg-prod\/images\/mujer-espalda-playa-68a5937cd6af5.jpg?crop=0.649xw:1.00xh;0,0&#038;resize=360:*&#8221; alt=&#8221;Los 5 consejos m\u00e1s \u00fatiles de la experta en belleza Cuca Miquel para lucir unas u\u00f1as bonitas y sanas&#8221; _builder_version=&#8221;4.25.0&#8243; _module_preset=&#8221;default&#8221; header_text_align=&#8221;left&#8221; header_font_size=&#8221;16px&#8221; body_font_size=&#8221;11px&#8221; body_line_height=&#8221;1.4em&#8221; link_option_url=&#8221;https:\/\/www.diezminutos.es\/moda-belleza\/belleza\/a65827657\/consejos-cuidados-espalda-piel\/&#8221; link_option_url_new_window=&#8221;on&#8221; global_colors_info=&#8221;{}&#8221;]<\/p>\n<div class=\"css-1g48dme e1f1sunr6\">\n<div class=\"css-1g48dme e1f1sunr6\">\n<div data-theme-key=\"custom-item-content\" class=\"css-1dc3fjj ee4ms350\">\n<div data-theme-key=\"custom-item-dek\" class=\"css-1u0frxc e10ip9lg4\">\n<div data-theme-key=\"custom-item-content\" class=\"css-0 ee4ms350\">\n<div data-theme-key=\"custom-item-dek\" class=\"css-1u0frxc e10ip9lg4\">\n<div data-theme-key=\"custom-item-content\" class=\"css-0 ee4ms350\">\n<div data-theme-key=\"custom-item-dek\" class=\"css-1u0frxc e10ip9lg8\">\n<div data-theme-key=\"custom-item-content\" class=\"css-0 ee4ms350\">\n<div data-theme-key=\"custom-item-dek\" class=\"css-1u0frxc e10ip9lg8\">\n<p>La piel, incluso en zonas no expuestas como la espalda, es un biomarcador de salud,<strong><span>\u00a0<\/span><\/strong>por lo que debes cuidarla como el resto del cuerpo aunque no se vea. Apunta los cuidados que te recomienda una coach de belleza.<\/p>\n<\/div>\n<\/div>\n<\/div>\n<\/div>\n<\/div>\n<\/div>\n<\/div>\n<\/div>\n<\/div>\n<\/div>\n<p>[\/et_pb_blurb][\/et_pb_column][et_pb_column type=&#8221;1_4&#8243; _builder_version=&#8221;4.25.0&#8243; _module_preset=&#8221;default&#8221; global_colors_info=&#8221;{}&#8221;][et_pb_blurb title=&#8221;Cuca Miquel , revela cu\u00e1les son las mejores bebidas para mantener tu piel hidratada en verano&#8221; url=&#8221;https:\/\/www.diezminutos.es\/moda-belleza\/belleza\/a65673233\/mejores-bebidas-mantener-piel-hidratada-verano\/&#8221; url_new_window=&#8221;on&#8221; image=&#8221;https:\/\/hips.hearstapps.com\/hmg-prod\/images\/woman-drinking-water-outdoors-royalty-free-image-1658923229.jpg?crop=0.669xw:1.00xh;0.132xw,0&#038;resize=360:*&#8221; alt=&#8221;La experta en belleza Cuca Miquel explica los mejores ejercicios faciales para tratar las arrugas del labio superior&#8221; _builder_version=&#8221;4.25.0&#8243; _module_preset=&#8221;default&#8221; header_text_align=&#8221;left&#8221; header_font_size=&#8221;16px&#8221; body_font_size=&#8221;11px&#8221; body_line_height=&#8221;1.4em&#8221; link_option_url=&#8221;https:\/\/www.diezminutos.es\/moda-belleza\/belleza\/a65673233\/mejores-bebidas-mantener-piel-hidratada-verano\/&#8221; link_option_url_new_window=&#8221;on&#8221; global_colors_info=&#8221;{}&#8221;]<\/p>\n<div class=\"css-1g48dme e1f1sunr6\">\n<div class=\"css-1g48dme e1f1sunr6\">\n<div data-theme-key=\"custom-item-content\" class=\"css-1dc3fjj ee4ms350\">\n<div data-theme-key=\"custom-item-dek\" class=\"css-1u0frxc e10ip9lg4\">\n<div class=\"css-8izrp7 e1f1sunr6\">\n<div data-theme-key=\"custom-item-content\" class=\"css-0 ee4ms350\">\n<div data-theme-key=\"custom-item-dek\" class=\"css-1u0frxc e10ip9lg8\">\n<div data-theme-key=\"custom-item-content\" class=\"css-0 ee4ms350\">\n<div data-theme-key=\"custom-item-dek\" class=\"css-1u0frxc e10ip9lg8\">\n<p>Cuca Miquel, coach de belleza, te cuenta qu\u00e9 debes hacer para evitar que tu piel pierda hidrataci\u00f3n este verano: beber dos litros de agua diarios e ingerir electrolitos y nutrientes.<\/p>\n<\/div>\n<\/div>\n<\/div>\n<\/div>\n<\/div>\n<\/div>\n<\/div>\n<\/div>\n<\/div>\n<p>[\/et_pb_blurb][\/et_pb_column][et_pb_column type=&#8221;1_4&#8243; _builder_version=&#8221;4.25.0&#8243; _module_preset=&#8221;default&#8221; global_colors_info=&#8221;{}&#8221;][et_pb_blurb title=&#8221;Cuca Miquel, experta en belleza, desvela las t\u00e9cnicas m\u00e1s eficaces para eliminar el vello facial&#8221; url=&#8221;https:\/\/www.diezminutos.es\/moda-belleza\/belleza\/a65611272\/cuca-miquel-experta-belleza-tecnicas-eficaces-eliminar-vello-facial\/&#8221; url_new_window=&#8221;on&#8221; image=&#8221;https:\/\/hips.hearstapps.com\/hmg-prod\/images\/mujer-depilacion-cejas-6893135659471.jpg?crop=0.669xw:1.00xh;0.140xw,0&#038;resize=360:*&#8221; alt=&#8221;La experta en belleza Cuca Miquel nos desvela los trucos definitivos para que el perfume dure m\u00e1s horas en la piel&#8221; _builder_version=&#8221;4.25.0&#8243; _module_preset=&#8221;default&#8221; header_text_align=&#8221;left&#8221; header_font_size=&#8221;16px&#8221; body_font_size=&#8221;11px&#8221; body_line_height=&#8221;1.4em&#8221; link_option_url=&#8221;https:\/\/www.diezminutos.es\/moda-belleza\/belleza\/a65611272\/cuca-miquel-experta-belleza-tecnicas-eficaces-eliminar-vello-facial\/&#8221; link_option_url_new_window=&#8221;on&#8221; global_colors_info=&#8221;{}&#8221;]<\/p>\n<div class=\"css-1g48dme e1f1sunr6\">\n<div data-theme-key=\"custom-item-content\" class=\"css-1dc3fjj ee4ms350\">\n<div data-theme-key=\"custom-item-dek\" class=\"css-1u0frxc e10ip9lg4\">\n<div data-theme-key=\"custom-item-content\" class=\"css-1dc3fjj ee4ms350\">\n<div data-theme-key=\"custom-item-dek\" class=\"css-1u0frxc e10ip9lg4\">\n<div class=\"css-8izrp7 e1f1sunr6\">\n<div class=\"css-8izrp7 e1f1sunr6\">\n<div data-theme-key=\"custom-item-content\" class=\"css-0 ee4ms350\">\n<div data-theme-key=\"custom-item-dek\" class=\"css-1u0frxc e10ip9lg8\">\n<div data-theme-key=\"custom-item-content\" class=\"css-0 ee4ms350\">\n<div data-theme-key=\"custom-item-dek\" class=\"css-1u0frxc e10ip9lg8\">\n<p>Cuca Miquel, coach de belleza, analiza las mejores formas para eliminar el vello facial desde la depilaci\u00f3n m\u00e1s tradicional hasta el l\u00e1ser o la electrocoagulaci\u00f3n.<\/p>\n<\/div>\n<\/div>\n<\/div>\n<\/div>\n<\/div>\n<\/div>\n<\/div>\n<\/div>\n<\/div>\n<\/div>\n<\/div>\n<p>[\/et_pb_blurb][\/et_pb_column][et_pb_column type=&#8221;1_4&#8243; _builder_version=&#8221;4.25.0&#8243; _module_preset=&#8221;default&#8221; global_colors_info=&#8221;{}&#8221;][et_pb_blurb title=&#8221;Los 5 mejores consejos para prevenir, tratar o eliminar las estr\u00edas seg\u00fan una experta en belleza&#8221; url=&#8221;https:\/\/www.diezminutos.es\/moda-belleza\/belleza\/a65549324\/estrias-consejos-experta-belleza-prevenir-tratar-eliminar\/&#8221; url_new_window=&#8221;on&#8221; image=&#8221;https:\/\/hips.hearstapps.com\/hmg-prod\/images\/midsection-of-woman-pressing-thigh-in-home-royalty-free-image-1678722187.jpg?crop=0.66698xw:1xh;center,top&#038;resize=360:*&#8221; alt=&#8221;Cuca Miquel, coach experta en belleza, te explica qu\u00e9 es esta afecci\u00f3n cut\u00e1nea, por qu\u00e9 aparece y cu\u00e1les son los mejores tratamientos. Ante todo, no te preocupes, es benigna.&#8221; _builder_version=&#8221;4.25.0&#8243; _module_preset=&#8221;default&#8221; header_text_align=&#8221;left&#8221; header_font_size=&#8221;16px&#8221; body_font_size=&#8221;11px&#8221; body_line_height=&#8221;1.4em&#8221; link_option_url=&#8221;https:\/\/www.diezminutos.es\/moda-belleza\/belleza\/a65549324\/estrias-consejos-experta-belleza-prevenir-tratar-eliminar\/&#8221; link_option_url_new_window=&#8221;on&#8221; global_colors_info=&#8221;{}&#8221;]<\/p>\n<div class=\"css-1g48dme e1f1sunr6\">\n<div data-theme-key=\"custom-item-content\" class=\"css-1dc3fjj ee4ms350\">\n<div data-theme-key=\"custom-item-dek\" class=\"css-1u0frxc e10ip9lg4\">\n<div data-theme-key=\"custom-item-content\" class=\"css-1dc3fjj ee4ms350\">\n<div data-theme-key=\"custom-item-dek\" class=\"css-1u0frxc e10ip9lg4\">\n<div class=\"css-8izrp7 e1f1sunr6\">\n<div data-theme-key=\"custom-item-content\" class=\"css-0 ee4ms350\">\n<div data-theme-key=\"custom-item-dek\" class=\"css-1u0frxc e10ip9lg8\">\n<div data-theme-key=\"custom-item-content\" class=\"css-0 ee4ms350\">\n<div data-theme-key=\"custom-item-dek\" class=\"css-1u0frxc e10ip9lg8\">\n<p>Cuca Miquel, coach de belleza, te cuenta todo lo que debes saber de estas l\u00edneas irregulares de color blanquecino que pueden aparecer en la piel de mujeres y hombres.<\/p>\n<\/div>\n<\/div>\n<\/div>\n<\/div>\n<\/div>\n<\/div>\n<\/div>\n<\/div>\n<\/div>\n<\/div>\n<p>[\/et_pb_blurb][\/et_pb_column][\/et_pb_row][et_pb_row column_structure=&#8221;1_4,1_4,1_4,1_4&#8243; _builder_version=&#8221;4.25.0&#8243; _module_preset=&#8221;default&#8221; global_colors_info=&#8221;{}&#8221;][et_pb_column type=&#8221;1_4&#8243; _builder_version=&#8221;4.25.0&#8243; _module_preset=&#8221;default&#8221; global_colors_info=&#8221;{}&#8221;][et_pb_blurb title=&#8221;Las mujeres de m\u00e1s de 50 est\u00e1n siguiendo estos 4 sencillos consejos para lucir pies sin callos ni durezas en verano&#8221; url=&#8221;https:\/\/www.diezminutos.es\/moda-belleza\/belleza\/a65483461\/consejos-cuidado-pies-verano-cuca-miquel\/&#8221; url_new_window=&#8221;on&#8221; image=&#8221;https:\/\/hips.hearstapps.com\/hmg-prod\/images\/feet-under-shower-outdoors-royalty-free-image-1753257286.pjpeg?crop=0.671xw:1.00xh;0.211xw,0&#038;resize=360:*&#8221; alt=&#8221;Los 5 consejos m\u00e1s \u00fatiles de la experta en belleza Cuca Miquel para lucir unas u\u00f1as bonitas y sanas&#8221; _builder_version=&#8221;4.25.0&#8243; _module_preset=&#8221;default&#8221; header_text_align=&#8221;left&#8221; header_font_size=&#8221;16px&#8221; body_font_size=&#8221;11px&#8221; body_line_height=&#8221;1.4em&#8221; link_option_url=&#8221;https:\/\/www.diezminutos.es\/moda-belleza\/belleza\/a65483461\/consejos-cuidado-pies-verano-cuca-miquel\/&#8221; link_option_url_new_window=&#8221;on&#8221; global_colors_info=&#8221;{}&#8221;]<\/p>\n<div class=\"css-1g48dme e1f1sunr6\">\n<div class=\"css-1g48dme e1f1sunr6\">\n<div data-theme-key=\"custom-item-content\" class=\"css-1dc3fjj ee4ms350\">\n<div data-theme-key=\"custom-item-dek\" class=\"css-1u0frxc e10ip9lg4\">\n<div data-theme-key=\"custom-item-content\" class=\"css-0 ee4ms350\">\n<div data-theme-key=\"custom-item-dek\" class=\"css-1u0frxc e10ip9lg4\">\n<div data-theme-key=\"custom-item-content\" class=\"css-0 ee4ms350\">\n<div data-theme-key=\"custom-item-dek\" class=\"css-1u0frxc e10ip9lg8\">\n<p>Con el uso de sandalias y chanclas, los pies quedan al descubierto durante casi toda la \u00e9poca estival, y lucir callos y durezas no queda nada bonito. Con estos 4 consejos tendr\u00e1s unos pies de anuncio.<\/p>\n<\/div>\n<\/div>\n<\/div>\n<\/div>\n<\/div>\n<\/div>\n<\/div>\n<\/div>\n<p>[\/et_pb_blurb][\/et_pb_column][et_pb_column type=&#8221;1_4&#8243; _builder_version=&#8221;4.25.0&#8243; _module_preset=&#8221;default&#8221; global_colors_info=&#8221;{}&#8221;][et_pb_blurb title=&#8221;Los consejos para lucir el maquillaje perfecto para este verano por la experta Cuca Miquel&#8221; url=&#8221;https:\/\/www.diezminutos.es\/moda-belleza\/belleza\/a65422957\/maquillaje-perfecto-verano-cuca-miquel\/&#8221; url_new_window=&#8221;on&#8221; image=&#8221;https:\/\/hips.hearstapps.com\/hmg-prod\/images\/young-latina-applying-makeup-in-summer-outdoors-royalty-free-image-1752666011.pjpeg?crop=0.671xw:1.00xh;0.161xw,0&#038;resize=360:*&#8221; alt=&#8221;La experta en belleza Cuca Miquel explica los mejores ejercicios faciales para tratar las arrugas del labio superior&#8221; _builder_version=&#8221;4.25.0&#8243; _module_preset=&#8221;default&#8221; header_text_align=&#8221;left&#8221; header_font_size=&#8221;16px&#8221; body_font_size=&#8221;11px&#8221; body_line_height=&#8221;1.4em&#8221; link_option_url=&#8221;https:\/\/www.diezminutos.es\/moda-belleza\/belleza\/a65422957\/maquillaje-perfecto-verano-cuca-miquel\/&#8221; link_option_url_new_window=&#8221;on&#8221; global_colors_info=&#8221;{}&#8221;]<\/p>\n<div class=\"css-1g48dme e1f1sunr6\">\n<div class=\"css-1g48dme e1f1sunr6\">\n<div data-theme-key=\"custom-item-content\" class=\"css-1dc3fjj ee4ms350\">\n<div data-theme-key=\"custom-item-dek\" class=\"css-1u0frxc e10ip9lg4\">\n<div class=\"css-8izrp7 e1f1sunr6\">\n<div data-theme-key=\"custom-item-content\" class=\"css-0 ee4ms350\">\n<div data-theme-key=\"custom-item-dek\" class=\"css-1u0frxc e10ip9lg8\">\n<p>La experta en belleza nos revela los mejores trucos para conseguir un look natural y duradero, en el que el calor no es obst\u00e1culo.<\/p>\n<\/div>\n<\/div>\n<\/div>\n<\/div>\n<\/div>\n<\/div>\n<\/div>\n<p>[\/et_pb_blurb][\/et_pb_column][et_pb_column type=&#8221;1_4&#8243; _builder_version=&#8221;4.25.0&#8243; _module_preset=&#8221;default&#8221; global_colors_info=&#8221;{}&#8221;][et_pb_blurb title=&#8221;La experta Cuca Miquel nos da los 6 consejos y t\u00e9cnicas que s\u00ed funcionan para eliminar la celulitis a partir de los 50&#8243; url=&#8221;https:\/\/www.diezminutos.es\/moda-belleza\/belleza\/a65346517\/consejos-tecnicas-eliminar-celulitis\/&#8221; url_new_window=&#8221;on&#8221; image=&#8221;https:\/\/hips.hearstapps.com\/hmg-prod\/images\/caucasian-woman-applying-moisturizer-to-leg-royalty-free-image-1752055617.pjpeg?crop=0.667xw:1.00xh;0.314xw,0&#038;resize=360:*&#8221; alt=&#8221;La experta en belleza Cuca Miquel nos desvela los trucos definitivos para que el perfume dure m\u00e1s horas en la piel&#8221; _builder_version=&#8221;4.25.0&#8243; _module_preset=&#8221;default&#8221; header_text_align=&#8221;left&#8221; header_font_size=&#8221;16px&#8221; body_font_size=&#8221;11px&#8221; body_line_height=&#8221;1.4em&#8221; link_option_url=&#8221;https:\/\/www.diezminutos.es\/moda-belleza\/belleza\/a65346517\/consejos-tecnicas-eliminar-celulitis\/&#8221; link_option_url_new_window=&#8221;on&#8221; global_colors_info=&#8221;{}&#8221;]<\/p>\n<div class=\"css-1g48dme e1f1sunr6\">\n<div data-theme-key=\"custom-item-content\" class=\"css-1dc3fjj ee4ms350\">\n<div data-theme-key=\"custom-item-dek\" class=\"css-1u0frxc e10ip9lg4\">\n<div data-theme-key=\"custom-item-content\" class=\"css-1dc3fjj ee4ms350\">\n<div data-theme-key=\"custom-item-dek\" class=\"css-1u0frxc e10ip9lg4\">\n<div class=\"css-8izrp7 e1f1sunr6\">\n<div class=\"css-8izrp7 e1f1sunr6\">\n<div data-theme-key=\"custom-item-content\" class=\"css-0 ee4ms350\">\n<div data-theme-key=\"custom-item-dek\" class=\"css-1u0frxc e10ip9lg8\">\n<p>Quitarse la celulitis de encima no es f\u00e1cil, y menos a\u00fan cuanto m\u00e1s mayor se es. La experta Cuca Miquel tiene los consejos m\u00e1s sabios para minimizarla y hasta eliminarla.<\/p>\n<\/div>\n<\/div>\n<\/div>\n<\/div>\n<\/div>\n<\/div>\n<\/div>\n<\/div>\n<\/div>\n<p>[\/et_pb_blurb][\/et_pb_column][et_pb_column type=&#8221;1_4&#8243; _builder_version=&#8221;4.25.0&#8243; _module_preset=&#8221;default&#8221; global_colors_info=&#8221;{}&#8221;][et_pb_blurb title=&#8221;La t\u00e9cnica infalible de los masajes reductores para que funcionen de verdad en mujeres de m\u00e1s de 50 a\u00f1os&#8221; url=&#8221;https:\/\/www.diezminutos.es\/moda-belleza\/belleza\/a65274056\/masajes-reductores-consejos-trucos\/&#8221; url_new_window=&#8221;on&#8221; image=&#8221;https:\/\/hips.hearstapps.com\/hmg-prod\/images\/side-view-of-woman-massaging-her-legs-while-royalty-free-image-1751444192.pjpeg?crop=0.667xw:1.00xh;0.333xw,0&#038;resize=360:*&#8221; alt=&#8221;Cuca Miquel, coach experta en belleza, te explica qu\u00e9 es esta afecci\u00f3n cut\u00e1nea, por qu\u00e9 aparece y cu\u00e1les son los mejores tratamientos. Ante todo, no te preocupes, es benigna.&#8221; _builder_version=&#8221;4.25.0&#8243; _module_preset=&#8221;default&#8221; header_text_align=&#8221;left&#8221; header_font_size=&#8221;16px&#8221; body_font_size=&#8221;11px&#8221; body_line_height=&#8221;1.4em&#8221; link_option_url=&#8221;https:\/\/www.diezminutos.es\/moda-belleza\/belleza\/a65274056\/masajes-reductores-consejos-trucos\/&#8221; link_option_url_new_window=&#8221;on&#8221; global_colors_info=&#8221;{}&#8221;]<\/p>\n<div class=\"css-1g48dme e1f1sunr6\">\n<div data-theme-key=\"custom-item-content\" class=\"css-1dc3fjj ee4ms350\">\n<div data-theme-key=\"custom-item-dek\" class=\"css-1u0frxc e10ip9lg4\">\n<div data-theme-key=\"custom-item-content\" class=\"css-1dc3fjj ee4ms350\">\n<div data-theme-key=\"custom-item-dek\" class=\"css-1u0frxc e10ip9lg4\">\n<div class=\"css-8izrp7 e1f1sunr6\">\n<div data-theme-key=\"custom-item-content\" class=\"css-0 ee4ms350\">\n<div data-theme-key=\"custom-item-dek\" class=\"css-1u0frxc e10ip9lg8\">\n<p>Existen muchos tipos de masajes corporales. Hoy os hablar\u00e9 de los masajes reductores y en especial de los que pueden reducir el per\u00edmetro del abdomen y marcar la cintura.<\/p>\n<\/div>\n<\/div>\n<\/div>\n<\/div>\n<\/div>\n<\/div>\n<\/div>\n<\/div>\n<p>[\/et_pb_blurb][\/et_pb_column][\/et_pb_row][et_pb_row column_structure=&#8221;1_4,1_4,1_4,1_4&#8243; _builder_version=&#8221;4.25.0&#8243; _module_preset=&#8221;default&#8221; global_colors_info=&#8221;{}&#8221;][et_pb_column type=&#8221;1_4&#8243; _builder_version=&#8221;4.25.0&#8243; _module_preset=&#8221;default&#8221; global_colors_info=&#8221;{}&#8221;][et_pb_blurb title=&#8221;Consejos y trucos para una depilaci\u00f3n \u00f3ptima en verano de la experta en belleza Cuca Miquel&#8221; url=&#8221;https:\/\/www.diezminutos.es\/moda-belleza\/belleza\/a65181918\/depilacion-duradera-verano-consejos-trucos\/&#8221; url_new_window=&#8221;on&#8221; image=&#8221;https:\/\/hips.hearstapps.com\/hmg-prod\/images\/leg-massage-and-healthy-skin-woman-applies-cream-to-royalty-free-image-1750840535.pjpeg?crop=0.667xw:1.00xh;0.167xw,0&#038;resize=360:*&#8221; alt=&#8221;Los 5 consejos m\u00e1s \u00fatiles de la experta en belleza Cuca Miquel para lucir unas u\u00f1as bonitas y sanas&#8221; _builder_version=&#8221;4.25.0&#8243; _module_preset=&#8221;default&#8221; header_text_align=&#8221;left&#8221; header_font_size=&#8221;16px&#8221; body_font_size=&#8221;11px&#8221; body_line_height=&#8221;1.4em&#8221; link_option_url=&#8221;https:\/\/www.diezminutos.es\/moda-belleza\/belleza\/a65181918\/depilacion-duradera-verano-consejos-trucos\/&#8221; link_option_url_new_window=&#8221;on&#8221; global_colors_info=&#8221;{}&#8221;]<\/p>\n<div class=\"css-1g48dme e1f1sunr6\">\n<div class=\"css-1g48dme e1f1sunr6\">\n<div data-theme-key=\"custom-item-content\" class=\"css-1dc3fjj ee4ms350\">\n<div data-theme-key=\"custom-item-dek\" class=\"css-1u0frxc e10ip9lg4\">\n<div data-theme-key=\"custom-item-content\" class=\"css-0 ee4ms350\">\n<div data-theme-key=\"custom-item-dek\" class=\"css-1u0frxc e10ip9lg4\">\n<div data-theme-key=\"custom-item-content\" class=\"css-0 ee4ms350\">\n<div data-theme-key=\"custom-item-dek\" class=\"css-1u0frxc e10ip9lg8\">\n<p>El verano ya est\u00e1 aqu\u00ed, y con el calor llega el momento de descubrir la piel. Una depilaci\u00f3n r\u00e1pida, duradera y efectiva es el sue\u00f1o de muchas. Aqu\u00ed van los mejores consejos de experta.<\/p>\n<\/div>\n<\/div>\n<\/div>\n<\/div>\n<\/div>\n<\/div>\n<\/div>\n<\/div>\n<p>[\/et_pb_blurb][\/et_pb_column][et_pb_column type=&#8221;1_4&#8243; _builder_version=&#8221;4.25.0&#8243; _module_preset=&#8221;default&#8221; global_colors_info=&#8221;{}&#8221;][et_pb_blurb title=&#8221;Los consejos de la experta en belleza Cuca Miquel para prevenir la hinchaz\u00f3n de las piernas&#8221; url=&#8221;https:\/\/www.diezminutos.es\/moda-belleza\/belleza\/a65097723\/consejos-piernas-hinchadas\/&#8221; url_new_window=&#8221;on&#8221; image=&#8221;https:\/\/hips.hearstapps.com\/hmg-prod\/images\/woman-relaxing-on-bed-touching-bare-legs-royalty-free-image-1724846114.jpg?crop=0.670xw:1.00xh;0.200xw,0&#038;resize=360:*&#8221; alt=&#8221;La experta en belleza Cuca Miquel explica los mejores ejercicios faciales para tratar las arrugas del labio superior&#8221; _builder_version=&#8221;4.25.0&#8243; _module_preset=&#8221;default&#8221; header_text_align=&#8221;left&#8221; header_font_size=&#8221;16px&#8221; body_font_size=&#8221;11px&#8221; body_line_height=&#8221;1.4em&#8221; link_option_url=&#8221;https:\/\/www.diezminutos.es\/moda-belleza\/belleza\/a65097723\/consejos-piernas-hinchadas\/&#8221; link_option_url_new_window=&#8221;on&#8221; global_colors_info=&#8221;{}&#8221;]<\/p>\n<div class=\"css-1g48dme e1f1sunr6\">\n<div class=\"css-1g48dme e1f1sunr6\">\n<div data-theme-key=\"custom-item-content\" class=\"css-1dc3fjj ee4ms350\">\n<div data-theme-key=\"custom-item-dek\" class=\"css-1u0frxc e10ip9lg4\">\n<div class=\"css-8izrp7 e1f1sunr6\">\n<div data-theme-key=\"custom-item-content\" class=\"css-0 ee4ms350\">\n<div data-theme-key=\"custom-item-dek\" class=\"css-1u0frxc e10ip9lg8\">\n<p>Analiza la sensaci\u00f3n pesadez o hinchaz\u00f3n en las piernas, y da una soluci\u00f3n al problema para incorporarlo en tu rutina diaria.<\/p>\n<\/div>\n<\/div>\n<\/div>\n<\/div>\n<\/div>\n<\/div>\n<\/div>\n<p>[\/et_pb_blurb][\/et_pb_column][et_pb_column type=&#8221;1_4&#8243; _builder_version=&#8221;4.25.0&#8243; _module_preset=&#8221;default&#8221; global_colors_info=&#8221;{}&#8221;][et_pb_blurb title=&#8221;5 consejos indispensables para prevenir y tratar el acn\u00e9 durante la menstruaci\u00f3n o la menopausia&#8221; url=&#8221;https:\/\/www.diezminutos.es\/moda-belleza\/belleza\/a65030922\/consejos-cuca-miquel-experta-belleza-prevenir-tratar-acne-menstruacion-menopausia\/&#8221; url_new_window=&#8221;on&#8221; image=&#8221;https:\/\/hips.hearstapps.com\/hmg-prod\/images\/mujer-acne-toalla-espejo-68493c2262669.jpg?crop=0.669xw:1.00xh;0.166xw,0&#038;resize=360:*&#8221; alt=&#8221;La experta en belleza Cuca Miquel nos desvela los trucos definitivos para que el perfume dure m\u00e1s horas en la piel&#8221; _builder_version=&#8221;4.25.0&#8243; _module_preset=&#8221;default&#8221; header_text_align=&#8221;left&#8221; header_font_size=&#8221;16px&#8221; body_font_size=&#8221;11px&#8221; body_line_height=&#8221;1.4em&#8221; link_option_url=&#8221;https:\/\/www.diezminutos.es\/moda-belleza\/belleza\/a65030922\/consejos-cuca-miquel-experta-belleza-prevenir-tratar-acne-menstruacion-menopausia\/&#8221; link_option_url_new_window=&#8221;on&#8221; global_colors_info=&#8221;{}&#8221;]<\/p>\n<div class=\"css-1g48dme e1f1sunr6\">\n<div data-theme-key=\"custom-item-content\" class=\"css-1dc3fjj ee4ms350\">\n<div data-theme-key=\"custom-item-dek\" class=\"css-1u0frxc e10ip9lg4\">\n<div data-theme-key=\"custom-item-content\" class=\"css-1dc3fjj ee4ms350\">\n<div data-theme-key=\"custom-item-dek\" class=\"css-1u0frxc e10ip9lg4\">\n<div class=\"css-8izrp7 e1f1sunr6\">\n<div class=\"css-8izrp7 e1f1sunr6\">\n<div data-theme-key=\"custom-item-content\" class=\"css-0 ee4ms350\">\n<div data-theme-key=\"custom-item-dek\" class=\"css-1u0frxc e10ip9lg8\">\n<p>Nuestra coach de belleza analiza c\u00f3mo las diferentes etapas de tu ciclo hormonal afecta a tu piel y qu\u00e9 hacer para minimizar esos efectos.<\/p>\n<\/div>\n<\/div>\n<\/div>\n<\/div>\n<\/div>\n<\/div>\n<\/div>\n<\/div>\n<\/div>\n<p>[\/et_pb_blurb][\/et_pb_column][et_pb_column type=&#8221;1_4&#8243; _builder_version=&#8221;4.25.0&#8243; _module_preset=&#8221;default&#8221; global_colors_info=&#8221;{}&#8221;][et_pb_blurb title=&#8221;As\u00ed se eliminan los antiest\u00e9ticos granitos de brazos y piernas: todo lo que debes saber &#8221; url=&#8221;https:\/\/www.diezminutos.es\/moda-belleza\/belleza\/a64964227\/granos-queratosis-pilaris-tratamiento\/&#8221; url_new_window=&#8221;on&#8221; image=&#8221;https:\/\/hips.hearstapps.com\/hmg-prod\/images\/close-up-of-nervous-stressed-woman-itching-her-skin-royalty-free-image-1749028466.pjpeg?crop=0.669xw:1.00xh;0.0122xw,0&#038;resize=360:*&#8221; alt=&#8221;Cuca Miquel, coach experta en belleza, te explica qu\u00e9 es esta afecci\u00f3n cut\u00e1nea, por qu\u00e9 aparece y cu\u00e1les son los mejores tratamientos. Ante todo, no te preocupes, es benigna.&#8221; _builder_version=&#8221;4.25.0&#8243; _module_preset=&#8221;default&#8221; header_text_align=&#8221;left&#8221; header_font_size=&#8221;16px&#8221; body_font_size=&#8221;11px&#8221; body_line_height=&#8221;1.4em&#8221; link_option_url=&#8221;https:\/\/www.diezminutos.es\/moda-belleza\/belleza\/a64964227\/granos-queratosis-pilaris-tratamiento\/&#8221; link_option_url_new_window=&#8221;on&#8221; global_colors_info=&#8221;{}&#8221;]<\/p>\n<div class=\"css-1g48dme e1f1sunr6\">\n<div data-theme-key=\"custom-item-content\" class=\"css-1dc3fjj ee4ms350\">\n<div data-theme-key=\"custom-item-dek\" class=\"css-1u0frxc e10ip9lg4\">\n<div data-theme-key=\"custom-item-content\" class=\"css-1dc3fjj ee4ms350\">\n<div data-theme-key=\"custom-item-dek\" class=\"css-1u0frxc e10ip9lg4\">\n<div class=\"css-8izrp7 e1f1sunr6\">\n<div data-theme-key=\"custom-item-content\" class=\"css-0 ee4ms350\">\n<div data-theme-key=\"custom-item-dek\" class=\"css-1u0frxc e10ip9lg8\">\n<p>Quiz\u00e1 has notado que en la zona posterior de tus brazos o en tus muslos hay unos peque\u00f1os granitos: no te asustes, no son malos, y adem\u00e1s se pueden tratar.<\/p>\n<\/div>\n<\/div>\n<\/div>\n<\/div>\n<\/div>\n<\/div>\n<\/div>\n<\/div>\n<p>[\/et_pb_blurb][\/et_pb_column][\/et_pb_row][et_pb_row column_structure=&#8221;1_4,1_4,1_4,1_4&#8243; _builder_version=&#8221;4.25.0&#8243; _module_preset=&#8221;default&#8221; global_colors_info=&#8221;{}&#8221;][et_pb_column type=&#8221;1_4&#8243; _builder_version=&#8221;4.25.0&#8243; _module_preset=&#8221;default&#8221; global_colors_info=&#8221;{}&#8221;][et_pb_blurb title=&#8221;Cuca Miquel, experta en belleza, ofrece los mejores consejos para tomar el sol sin riesgos para tu piel&#8221; url=&#8221;https:\/\/www.diezminutos.es\/moda-belleza\/belleza\/a64899427\/consejos-tomar-sol-sin-riesgos-experta-belleza-cuca-miquel\/&#8221; url_new_window=&#8221;on&#8221; image=&#8221;https:\/\/hips.hearstapps.com\/hmg-prod\/images\/mujer-toma-sol-camiseta-6836c647a35a3.jpg?crop=1.00xw:1.00xh;0,0&#038;resize=360:*&#8221; alt=&#8221;Los 5 consejos m\u00e1s \u00fatiles de la experta en belleza Cuca Miquel para lucir unas u\u00f1as bonitas y sanas&#8221; _builder_version=&#8221;4.25.0&#8243; _module_preset=&#8221;default&#8221; header_text_align=&#8221;left&#8221; header_font_size=&#8221;16px&#8221; body_font_size=&#8221;11px&#8221; body_line_height=&#8221;1.4em&#8221; link_option_url=&#8221;https:\/\/www.diezminutos.es\/moda-belleza\/belleza\/a64899427\/consejos-tomar-sol-sin-riesgos-experta-belleza-cuca-miquel\/&#8221; link_option_url_new_window=&#8221;on&#8221; global_colors_info=&#8221;{}&#8221;]<\/p>\n<div class=\"css-1g48dme e1f1sunr6\">\n<div class=\"css-1g48dme e1f1sunr6\">\n<div data-theme-key=\"custom-item-content\" class=\"css-1dc3fjj ee4ms350\">\n<div data-theme-key=\"custom-item-dek\" class=\"css-1u0frxc e10ip9lg4\">\n<div data-theme-key=\"custom-item-content\" class=\"css-0 ee4ms350\">\n<div data-theme-key=\"custom-item-dek\" class=\"css-1u0frxc e10ip9lg4\">\n<div data-theme-key=\"custom-item-content\" class=\"css-0 ee4ms350\">\n<div data-theme-key=\"custom-item-dek\" class=\"css-1u0frxc e10ip9lg8\">\n<p>El sol es una fuente de energ\u00eda y bienestar pero no olvides que las exposiciones solares excesivas pueden ser perjudiciales. Nuestra coach de belleza te explica qu\u00e9 debes hacer para gozar de una exposici\u00f3n solar vital y beneficiosa.<\/p>\n<\/div>\n<\/div>\n<\/div>\n<\/div>\n<\/div>\n<\/div>\n<\/div>\n<\/div>\n<p>[\/et_pb_blurb][\/et_pb_column][et_pb_column type=&#8221;1_4&#8243; _builder_version=&#8221;4.25.0&#8243; _module_preset=&#8221;default&#8221; global_colors_info=&#8221;{}&#8221;][et_pb_blurb title=&#8221;Cuca Miquel, experta en belleza, describe el poder del escualeno para conseguir una piel hidratada y joven pasados los 50&#8243; url=&#8221;https:\/\/www.diezminutos.es\/moda-belleza\/belleza\/a64859227\/escualeno-que-es-beneficios-piel-joven\/&#8221; url_new_window=&#8221;on&#8221; image=&#8221;https:\/\/hips.hearstapps.com\/hmg-prod\/images\/love-my-hair-royalty-free-image-1747983906.pjpeg?crop=0.670xw:1.00xh;0.166xw,0&#038;resize=360:*&#8221; alt=&#8221;La experta en belleza Cuca Miquel explica los mejores ejercicios faciales para tratar las arrugas del labio superior&#8221; _builder_version=&#8221;4.25.0&#8243; _module_preset=&#8221;default&#8221; header_text_align=&#8221;left&#8221; header_font_size=&#8221;16px&#8221; body_font_size=&#8221;11px&#8221; body_line_height=&#8221;1.4em&#8221; link_option_url=&#8221;https:\/\/www.diezminutos.es\/moda-belleza\/belleza\/a64859227\/escualeno-que-es-beneficios-piel-joven\/&#8221; link_option_url_new_window=&#8221;on&#8221; global_colors_info=&#8221;{}&#8221;]<\/p>\n<div class=\"css-1g48dme e1f1sunr6\">\n<div class=\"css-1g48dme e1f1sunr6\">\n<div data-theme-key=\"custom-item-content\" class=\"css-1dc3fjj ee4ms350\">\n<div data-theme-key=\"custom-item-dek\" class=\"css-1u0frxc e10ip9lg4\">\n<div class=\"css-8izrp7 e1f1sunr6\">\n<div data-theme-key=\"custom-item-content\" class=\"css-0 ee4ms350\">\n<div data-theme-key=\"custom-item-dek\" class=\"css-1u0frxc e10ip9lg8\">\n<p>Protege la barrera cut\u00e1nea, deja el cutis suave y es apto para todo tipo de pieles. Nuestra coach de belleza te cuenta qu\u00e9 es el escualeno y todos los beneficios que tiene para la piel.<\/p>\n<\/div>\n<\/div>\n<\/div>\n<\/div>\n<\/div>\n<\/div>\n<\/div>\n<p>[\/et_pb_blurb][\/et_pb_column][et_pb_column type=&#8221;1_4&#8243; _builder_version=&#8221;4.25.0&#8243; _module_preset=&#8221;default&#8221; global_colors_info=&#8221;{}&#8221;][et_pb_blurb title=&#8221;Cuca Miquel, experta en belleza, explica los mejores consejos para tratar y mejorar la celulitis&#8221; url=&#8221;https:\/\/www.diezminutos.es\/moda-belleza\/belleza\/a64750722\/tratamiento-eficaz-celulitis-cuca-miquel-experta-belleza\/&#8221; url_new_window=&#8221;on&#8221; image=&#8221;https:\/\/hips.hearstapps.com\/hmg-prod\/images\/mujer-celulitis-piel-naranja-6822e5cf234e7.jpg?crop=0.671xw:1.00xh;0.231xw,0&#038;resize=360:*&#8221; alt=&#8221;La experta en belleza Cuca Miquel nos desvela los trucos definitivos para que el perfume dure m\u00e1s horas en la piel&#8221; _builder_version=&#8221;4.25.0&#8243; _module_preset=&#8221;default&#8221; header_text_align=&#8221;left&#8221; header_font_size=&#8221;16px&#8221; body_font_size=&#8221;11px&#8221; body_line_height=&#8221;1.4em&#8221; link_option_url=&#8221;https:\/\/www.diezminutos.es\/moda-belleza\/belleza\/a64750722\/tratamiento-eficaz-celulitis-cuca-miquel-experta-belleza\/&#8221; link_option_url_new_window=&#8221;on&#8221; global_colors_info=&#8221;{}&#8221;]<\/p>\n<div class=\"css-1g48dme e1f1sunr6\">\n<div data-theme-key=\"custom-item-content\" class=\"css-1dc3fjj ee4ms350\">\n<div data-theme-key=\"custom-item-dek\" class=\"css-1u0frxc e10ip9lg4\">\n<div data-theme-key=\"custom-item-content\" class=\"css-1dc3fjj ee4ms350\">\n<div data-theme-key=\"custom-item-dek\" class=\"css-1u0frxc e10ip9lg4\">\n<div class=\"css-8izrp7 e1f1sunr6\">\n<div class=\"css-8izrp7 e1f1sunr6\">\n<div data-theme-key=\"custom-item-content\" class=\"css-0 ee4ms350\">\n<div data-theme-key=\"custom-item-dek\" class=\"css-1u0frxc e10ip9lg8\">\n<p>La coach de belleza analiza los diferentes tipos de celulitis y te ofrece cuatro consejos b\u00e1sicos para combatir la piel de naranja aunque no debes olvidar que la celulitis es algo normal que afecta a la mayor\u00eda de las mujeres.<\/p>\n<\/div>\n<\/div>\n<\/div>\n<\/div>\n<\/div>\n<\/div>\n<\/div>\n<\/div>\n<\/div>\n<p>[\/et_pb_blurb][\/et_pb_column][et_pb_column type=&#8221;1_4&#8243; _builder_version=&#8221;4.25.0&#8243; _module_preset=&#8221;default&#8221; global_colors_info=&#8221;{}&#8221;][et_pb_blurb title=&#8221;Cuca Miquel, experta en belleza, analiza la mejor rutina para cuidar la piel seca&#8221; url=&#8221;https:\/\/www.diezminutos.es\/moda-belleza\/belleza\/a64688771\/piel-seca-rutina-cuidados-cuca-miquel-experta-belleza\/&#8221; url_new_window=&#8221;on&#8221; image=&#8221;https:\/\/hips.hearstapps.com\/hmg-prod\/images\/mujer-tratamiento-cara-681afc8b5a063.jpg?crop=0.668xw:1.00xh;0.238xw,0&#038;resize=360:*&#8221; alt=&#8221;Cuca Miquel, coach experta en belleza, te explica qu\u00e9 es esta afecci\u00f3n cut\u00e1nea, por qu\u00e9 aparece y cu\u00e1les son los mejores tratamientos. Ante todo, no te preocupes, es benigna.&#8221; _builder_version=&#8221;4.25.0&#8243; _module_preset=&#8221;default&#8221; header_text_align=&#8221;left&#8221; header_font_size=&#8221;16px&#8221; body_font_size=&#8221;11px&#8221; body_line_height=&#8221;1.4em&#8221; link_option_url=&#8221;https:\/\/www.diezminutos.es\/moda-belleza\/belleza\/a64688771\/piel-seca-rutina-cuidados-cuca-miquel-experta-belleza\/&#8221; link_option_url_new_window=&#8221;on&#8221; global_colors_info=&#8221;{}&#8221;]<\/p>\n<div class=\"css-1g48dme e1f1sunr6\">\n<div data-theme-key=\"custom-item-content\" class=\"css-1dc3fjj ee4ms350\">\n<div data-theme-key=\"custom-item-dek\" class=\"css-1u0frxc e10ip9lg4\">\n<div data-theme-key=\"custom-item-content\" class=\"css-1dc3fjj ee4ms350\">\n<div data-theme-key=\"custom-item-dek\" class=\"css-1u0frxc e10ip9lg4\">\n<div class=\"css-8izrp7 e1f1sunr6\">\n<div data-theme-key=\"custom-item-content\" class=\"css-0 ee4ms350\">\n<div data-theme-key=\"custom-item-dek\" class=\"css-1u0frxc e10ip9lg8\">\n<p>Si tienes o sientes la piel seca, nuestra coach de belleza te cuenta las posibles causas y c\u00faal es la mejor rutina y los productos que debes utilizar para evitarla.<\/p>\n<\/div>\n<\/div>\n<\/div>\n<\/div>\n<\/div>\n<\/div>\n<\/div>\n<\/div>\n<p>[\/et_pb_blurb][\/et_pb_column][\/et_pb_row][et_pb_row column_structure=&#8221;1_4,1_4,1_4,1_4&#8243; _builder_version=&#8221;4.25.0&#8243; _module_preset=&#8221;default&#8221; global_colors_info=&#8221;{}&#8221;][et_pb_column type=&#8221;1_4&#8243; _builder_version=&#8221;4.25.0&#8243; _module_preset=&#8221;default&#8221; global_colors_info=&#8221;{}&#8221;][et_pb_blurb title=&#8221;Cuca Miquel, experta en belleza, analiza los beneficios de la vitamina C para tu piel&#8221; url=&#8221;https:\/\/www.diezminutos.es\/moda-belleza\/belleza\/a64629958\/cuca-miquel-experta-belleza-beneficios-vitamina-c-piel\/&#8221; url_new_window=&#8221;on&#8221; image=&#8221;https:\/\/hips.hearstapps.com\/hmg-prod\/images\/mujer-serum-vitamina-c-6811ef4631f28.jpg?crop=0.669xw:1.00xh;0.138xw,0&#038;resize=360:*&#8221; alt=&#8221;Los 5 consejos m\u00e1s \u00fatiles de la experta en belleza Cuca Miquel para lucir unas u\u00f1as bonitas y sanas&#8221; _builder_version=&#8221;4.25.0&#8243; _module_preset=&#8221;default&#8221; header_text_align=&#8221;left&#8221; header_font_size=&#8221;16px&#8221; body_font_size=&#8221;11px&#8221; body_line_height=&#8221;1.4em&#8221; link_option_url=&#8221;https:\/\/www.diezminutos.es\/moda-belleza\/belleza\/a64629958\/cuca-miquel-experta-belleza-beneficios-vitamina-c-piel\/&#8221; link_option_url_new_window=&#8221;on&#8221; global_colors_info=&#8221;{}&#8221;]<\/p>\n<div class=\"css-1g48dme e1f1sunr6\">\n<div class=\"css-1g48dme e1f1sunr6\">\n<div data-theme-key=\"custom-item-content\" class=\"css-1dc3fjj ee4ms350\">\n<div data-theme-key=\"custom-item-dek\" class=\"css-1u0frxc e10ip9lg4\">\n<div data-theme-key=\"custom-item-content\" class=\"css-0 ee4ms350\">\n<div data-theme-key=\"custom-item-dek\" class=\"css-1u0frxc e10ip9lg4\">\n<div data-theme-key=\"custom-item-content\" class=\"css-0 ee4ms350\">\n<div data-theme-key=\"custom-item-dek\" class=\"css-1u0frxc e10ip9lg8\">\n<p>La CEO de &#8216;Todo en belleza&#8217; te cuenta todo lo que debes saber de la vitamina C y aclarar los mitos sobre ella: puedes usarla en verano y no mancha la piel.<\/p>\n<\/div>\n<\/div>\n<\/div>\n<\/div>\n<\/div>\n<\/div>\n<\/div>\n<\/div>\n<p>[\/et_pb_blurb][\/et_pb_column][et_pb_column type=&#8221;1_4&#8243; _builder_version=&#8221;4.25.0&#8243; _module_preset=&#8221;default&#8221; global_colors_info=&#8221;{}&#8221;][et_pb_blurb title=&#8221;Consejos y trucos para tonificar el cuerpo con facilidad en mujeres maduras de m\u00e1s de 50&#8243; url=&#8221;https:\/\/www.diezminutos.es\/moda-belleza\/belleza\/a64561341\/consejos-trucos-faciles-tonificar-cuerpo-mujeres-maduras-mayores-50\/&#8221; url_new_window=&#8221;on&#8221; image=&#8221;https:\/\/hips.hearstapps.com\/hmg-prod\/images\/woman-applying-body-lotion-on-arm-royalty-free-image-1745401775.pjpeg?crop=0.667xw:1.00xh;0.298xw,0&#038;resize=360:*&#8221; alt=&#8221;La experta en belleza Cuca Miquel explica los mejores ejercicios faciales para tratar las arrugas del labio superior&#8221; _builder_version=&#8221;4.25.0&#8243; _module_preset=&#8221;default&#8221; header_text_align=&#8221;left&#8221; header_font_size=&#8221;16px&#8221; body_font_size=&#8221;11px&#8221; body_line_height=&#8221;1.4em&#8221; link_option_url=&#8221;https:\/\/www.diezminutos.es\/moda-belleza\/belleza\/a64561341\/consejos-trucos-faciles-tonificar-cuerpo-mujeres-maduras-mayores-50\/&#8221; link_option_url_new_window=&#8221;on&#8221; global_colors_info=&#8221;{}&#8221;]<\/p>\n<div class=\"css-1g48dme e1f1sunr6\">\n<div class=\"css-1g48dme e1f1sunr6\">\n<div data-theme-key=\"custom-item-content\" class=\"css-1dc3fjj ee4ms350\">\n<div data-theme-key=\"custom-item-dek\" class=\"css-1u0frxc e10ip9lg4\">\n<div class=\"css-8izrp7 e1f1sunr6\">\n<div data-theme-key=\"custom-item-content\" class=\"css-0 ee4ms350\">\n<div data-theme-key=\"custom-item-dek\" class=\"css-1u0frxc e10ip9lg8\">\n<p>Mantener un cuerpo tonificado m\u00e1s all\u00e1 de los 50 es posible si sabes c\u00f3mo. Te doy varios consejos infalibles para conseguirlo con facilidad.<\/p>\n<\/div>\n<\/div>\n<\/div>\n<\/div>\n<\/div>\n<\/div>\n<\/div>\n<p>[\/et_pb_blurb][\/et_pb_column][et_pb_column type=&#8221;1_4&#8243; _builder_version=&#8221;4.25.0&#8243; _module_preset=&#8221;default&#8221; global_colors_info=&#8221;{}&#8221;][et_pb_blurb title=&#8221;Cuca Miquel, experta en belleza, desvela todo lo que debes saber sobre la exfoliaci\u00f3n de la piel&#8221; url=&#8221;https:\/\/www.diezminutos.es\/moda-belleza\/belleza\/a64496457\/cuca-miquel-experta-belleza-tipos-exfoliacion-piel\/&#8221; url_new_window=&#8221;on&#8221; image=&#8221;https:\/\/hips.hearstapps.com\/hmg-prod\/images\/mujer-exfoliacion-rostro-67ff854a6941e.jpg?crop=0.668xw:1.00xh;0.100xw,0&#038;resize=360:*&#8221; alt=&#8221;La experta en belleza Cuca Miquel nos desvela los trucos definitivos para que el perfume dure m\u00e1s horas en la piel&#8221; _builder_version=&#8221;4.25.0&#8243; _module_preset=&#8221;default&#8221; header_text_align=&#8221;left&#8221; header_font_size=&#8221;16px&#8221; body_font_size=&#8221;11px&#8221; body_line_height=&#8221;1.4em&#8221; link_option_url=&#8221;https:\/\/www.diezminutos.es\/moda-belleza\/belleza\/a64496457\/cuca-miquel-experta-belleza-tipos-exfoliacion-piel\/&#8221; link_option_url_new_window=&#8221;on&#8221; global_colors_info=&#8221;{}&#8221;]<\/p>\n<div class=\"css-1g48dme e1f1sunr6\">\n<div data-theme-key=\"custom-item-content\" class=\"css-1dc3fjj ee4ms350\">\n<div data-theme-key=\"custom-item-dek\" class=\"css-1u0frxc e10ip9lg4\">\n<div data-theme-key=\"custom-item-content\" class=\"css-1dc3fjj ee4ms350\">\n<div data-theme-key=\"custom-item-dek\" class=\"css-1u0frxc e10ip9lg4\">\n<div class=\"css-8izrp7 e1f1sunr6\">\n<div class=\"css-8izrp7 e1f1sunr6\">\n<div data-theme-key=\"custom-item-content\" class=\"css-0 ee4ms350\">\n<div data-theme-key=\"custom-item-dek\" class=\"css-1u0frxc e10ip9lg8\">\n<p>La coach de belleza analiza los cuatro tipos de exfoliaci\u00f3n y sus beneficios para tu piel.<\/p>\n<\/div>\n<p><span class=\"css-1fv2c70 e10ip9lg6\"><\/span><\/div>\n<\/div>\n<\/div>\n<\/div>\n<\/div>\n<\/div>\n<\/div>\n<\/div>\n<p>[\/et_pb_blurb][\/et_pb_column][et_pb_column type=&#8221;1_4&#8243; _builder_version=&#8221;4.25.0&#8243; _module_preset=&#8221;default&#8221; global_colors_info=&#8221;{}&#8221;][et_pb_blurb title=&#8221;La rutina coreana para el cuidado facial en 10 pasos que recomienda la experta en belleza Cuca Miquel&#8221; url=&#8221;https:\/\/www.diezminutos.es\/moda-belleza\/belleza\/a64430134\/rutina-coreana-cuidado-facial-10-pasos\/&#8221; url_new_window=&#8221;on&#8221; image=&#8221;https:\/\/hips.hearstapps.com\/hmg-prod\/images\/rutina-facial-coreana-67f65f3547d48.jpg?crop=0.669xw:1.00xh;0.295xw,0&#038;resize=360:*&#8221; alt=&#8221;Cuca Miquel, coach experta en belleza, te explica qu\u00e9 es esta afecci\u00f3n cut\u00e1nea, por qu\u00e9 aparece y cu\u00e1les son los mejores tratamientos. Ante todo, no te preocupes, es benigna.&#8221; _builder_version=&#8221;4.25.0&#8243; _module_preset=&#8221;default&#8221; header_text_align=&#8221;left&#8221; header_font_size=&#8221;16px&#8221; body_font_size=&#8221;11px&#8221; body_line_height=&#8221;1.4em&#8221; link_option_url=&#8221;https:\/\/www.diezminutos.es\/moda-belleza\/belleza\/a64430134\/rutina-coreana-cuidado-facial-10-pasos\/&#8221; link_option_url_new_window=&#8221;on&#8221; global_colors_info=&#8221;{}&#8221;]<\/p>\n<div class=\"css-1g48dme e1f1sunr6\">\n<div data-theme-key=\"custom-item-content\" class=\"css-1dc3fjj ee4ms350\">\n<div data-theme-key=\"custom-item-dek\" class=\"css-1u0frxc e10ip9lg4\">\n<div data-theme-key=\"custom-item-content\" class=\"css-1dc3fjj ee4ms350\">\n<div data-theme-key=\"custom-item-dek\" class=\"css-1u0frxc e10ip9lg4\">\n<div class=\"css-8izrp7 e1f1sunr6\">\n<div data-theme-key=\"custom-item-content\" class=\"css-0 ee4ms350\">\n<div data-theme-key=\"custom-item-dek\" class=\"css-1u0frxc e10ip9lg8\">\n<p>La CEO de &#8216;Todo en belleza&#8217; analiza este ritual de skincare que est\u00e1 de moda recordando que, las necesidades de la piel de los asi\u00e1ticos en general, son distintas que las cauc\u00e1sicas&#8230;<\/p>\n<\/div>\n<\/div>\n<\/div>\n<\/div>\n<\/div>\n<\/div>\n<\/div>\n<\/div>\n<p>[\/et_pb_blurb][\/et_pb_column][\/et_pb_row][et_pb_row column_structure=&#8221;1_4,1_4,1_4,1_4&#8243; _builder_version=&#8221;4.25.0&#8243; _module_preset=&#8221;default&#8221; global_colors_info=&#8221;{}&#8221;][et_pb_column type=&#8221;1_4&#8243; _builder_version=&#8221;4.25.0&#8243; _module_preset=&#8221;default&#8221; global_colors_info=&#8221;{}&#8221;][et_pb_blurb title=&#8221;Todo lo que debes saber sobre &#8216;Well Aging&#8217;, la corriente sobre c\u00f3mo envejecer bien&#8221; url=&#8221;https:\/\/www.diezminutos.es\/moda-belleza\/belleza\/a64363205\/corriente-well-aging-envejecer-bien\/&#8221; url_new_window=&#8221;on&#8221; image=&#8221;https:\/\/hips.hearstapps.com\/hmg-prod\/images\/mujer-envejecer-67ed3b12ded52.jpg?crop=0.6666666666666666xw:1xh;center,top&#038;resize=360:*&#8221; alt=&#8221;Los 5 consejos m\u00e1s \u00fatiles de la experta en belleza Cuca Miquel para lucir unas u\u00f1as bonitas y sanas&#8221; _builder_version=&#8221;4.25.0&#8243; _module_preset=&#8221;default&#8221; header_text_align=&#8221;left&#8221; header_font_size=&#8221;16px&#8221; body_font_size=&#8221;11px&#8221; body_line_height=&#8221;1.4em&#8221; link_option_url=&#8221;https:\/\/www.diezminutos.es\/moda-belleza\/belleza\/a64363205\/corriente-well-aging-envejecer-bien\/&#8221; link_option_url_new_window=&#8221;on&#8221; global_colors_info=&#8221;{}&#8221;]<\/p>\n<div class=\"css-1g48dme e1f1sunr6\">\n<div class=\"css-1g48dme e1f1sunr6\">\n<div data-theme-key=\"custom-item-content\" class=\"css-1dc3fjj ee4ms350\">\n<div data-theme-key=\"custom-item-dek\" class=\"css-1u0frxc e10ip9lg4\">\n<div data-theme-key=\"custom-item-content\" class=\"css-0 ee4ms350\">\n<div data-theme-key=\"custom-item-dek\" class=\"css-1u0frxc e10ip9lg4\">\n<div data-theme-key=\"custom-item-content\" class=\"css-0 ee4ms350\">\n<div data-theme-key=\"custom-item-dek\" class=\"css-1u0frxc e10ip9lg8\">\n<p>Conoce todos los detalles de esta corriente beauty que consiste en el buen envejecer que se enfoca en aceptar el proceso de envejecimiento y promover una vida saludable y equilibrada.<\/p>\n<\/div>\n<\/div>\n<\/div>\n<\/div>\n<\/div>\n<\/div>\n<\/div>\n<\/div>\n<p>[\/et_pb_blurb][\/et_pb_column][et_pb_column type=&#8221;1_4&#8243; _builder_version=&#8221;4.25.0&#8243; _module_preset=&#8221;default&#8221; global_colors_info=&#8221;{}&#8221;][et_pb_blurb title=&#8221;Te cuenta todo lo que debes saber sobre las manchas benignas en la piel de la cara y c\u00f3mo tratarlas&#8221; url=&#8221;https:\/\/www.diezminutos.es\/moda-belleza\/belleza\/a64296248\/consejos-eliminar-manchas-cara-experta-belleza-cuca-miquel\/&#8221; url_new_window=&#8221;on&#8221; image=&#8221;https:\/\/hips.hearstapps.com\/hmg-prod\/images\/mujer-manchas-piel-67e41c4564bbc.jpg?crop=0.671xw:1.00xh;0.112xw,0&#038;resize=360:*&#8221; alt=&#8221;La experta en belleza Cuca Miquel explica los mejores ejercicios faciales para tratar las arrugas del labio superior&#8221; _builder_version=&#8221;4.25.0&#8243; _module_preset=&#8221;default&#8221; header_text_align=&#8221;left&#8221; header_font_size=&#8221;16px&#8221; body_font_size=&#8221;11px&#8221; body_line_height=&#8221;1.4em&#8221; link_option_url=&#8221;https:\/\/www.diezminutos.es\/moda-belleza\/belleza\/a64296248\/consejos-eliminar-manchas-cara-experta-belleza-cuca-miquel\/&#8221; link_option_url_new_window=&#8221;on&#8221; global_colors_info=&#8221;{}&#8221;]<\/p>\n<div class=\"css-1g48dme e1f1sunr6\">\n<div class=\"css-1g48dme e1f1sunr6\">\n<div data-theme-key=\"custom-item-content\" class=\"css-1dc3fjj ee4ms350\">\n<div data-theme-key=\"custom-item-dek\" class=\"css-1u0frxc e10ip9lg4\">\n<div class=\"css-8izrp7 e1f1sunr6\">\n<div data-theme-key=\"custom-item-content\" class=\"css-0 ee4ms350\">\n<div data-theme-key=\"custom-item-dek\" class=\"css-1u0frxc e10ip9lg8\">\n<p>La coach de belleza y CEO de &#8216;Todo en belleza&#8217; habla de los lentigos solares: qu\u00e9 hacer para tratarlos y las mejores soluciones si ya han aparecido en tu rostro.<\/p>\n<\/div>\n<\/div>\n<\/div>\n<\/div>\n<\/div>\n<\/div>\n<\/div>\n<p>[\/et_pb_blurb][\/et_pb_column][et_pb_column type=&#8221;1_4&#8243; _builder_version=&#8221;4.25.0&#8243; _module_preset=&#8221;default&#8221; global_colors_info=&#8221;{}&#8221;][et_pb_blurb title=&#8221;Consejos y trucos para cuidar las cejas a partir de los 40: c\u00f3mo depilarlas y tratarlas para tenerlas siempre bonitas&#8221; url=&#8221;https:\/\/www.diezminutos.es\/moda-belleza\/belleza\/a64229105\/consejos-depilacion-cejas-cuidados\/&#8221; url_new_window=&#8221;on&#8221; image=&#8221;https:\/\/hips.hearstapps.com\/hmg-prod\/images\/young-woman-plucking-eyebrows-close-up-reflection-royalty-free-image-1742395266.pjpeg?crop=0.667xw:1.00xh;0.293xw,0&#038;resize=360:*&#8221; alt=&#8221;La experta en belleza Cuca Miquel nos desvela los trucos definitivos para que el perfume dure m\u00e1s horas en la piel&#8221; _builder_version=&#8221;4.25.0&#8243; _module_preset=&#8221;default&#8221; header_text_align=&#8221;left&#8221; header_font_size=&#8221;16px&#8221; body_font_size=&#8221;11px&#8221; body_line_height=&#8221;1.4em&#8221; link_option_url=&#8221;https:\/\/www.diezminutos.es\/moda-belleza\/belleza\/a64229105\/consejos-depilacion-cejas-cuidados\/&#8221; link_option_url_new_window=&#8221;on&#8221; global_colors_info=&#8221;{}&#8221;]<\/p>\n<div class=\"css-1g48dme e1f1sunr6\">\n<div data-theme-key=\"custom-item-content\" class=\"css-1dc3fjj ee4ms350\">\n<div data-theme-key=\"custom-item-dek\" class=\"css-1u0frxc e10ip9lg4\">\n<div data-theme-key=\"custom-item-content\" class=\"css-1dc3fjj ee4ms350\">\n<div data-theme-key=\"custom-item-dek\" class=\"css-1u0frxc e10ip9lg4\">\n<div class=\"css-8izrp7 e1f1sunr6\">\n<div class=\"css-8izrp7 e1f1sunr6\">\n<div data-theme-key=\"custom-item-content\" class=\"css-0 ee4ms350\">\n<div data-theme-key=\"custom-item-dek\" class=\"css-1u0frxc e10ip9lg8\">\n<p>Las cejas tienen una gran funci\u00f3n protectora, pero tambi\u00e9n est\u00e9tica: enmarcan las facciones y nos pueden hacer parecer alegres, enfadadas, ani\u00f1adas o incluso desali\u00f1adas.\u00a0<\/p>\n<\/div>\n<\/div>\n<\/div>\n<\/div>\n<\/div>\n<\/div>\n<\/div>\n<\/div>\n<\/div>\n<p>[\/et_pb_blurb][\/et_pb_column][et_pb_column type=&#8221;1_4&#8243; _builder_version=&#8221;4.25.0&#8243; _module_preset=&#8221;default&#8221; global_colors_info=&#8221;{}&#8221;][et_pb_blurb title=&#8221;Los 5 consejos m\u00e1s \u00fatiles de la experta en belleza Cuca Miquel para lucir unas u\u00f1as bonitas y sanas&#8221; url=&#8221;https:\/\/www.diezminutos.es\/moda-belleza\/belleza\/a64159025\/unas-consejos-cuidados-hongos\/&#8221; url_new_window=&#8221;on&#8221; image=&#8221;https:\/\/hips.hearstapps.com\/hmg-prod\/images\/woman-with-hands-resting-on-white-towel-royalty-free-image-1741777657.pjpeg?crop=0.667xw:1.00xh;0.167xw,0&#038;resize=360:*&#8221; alt=&#8221;Cuca Miquel, coach experta en belleza, te explica qu\u00e9 es esta afecci\u00f3n cut\u00e1nea, por qu\u00e9 aparece y cu\u00e1les son los mejores tratamientos. Ante todo, no te preocupes, es benigna.&#8221; _builder_version=&#8221;4.25.0&#8243; _module_preset=&#8221;default&#8221; header_text_align=&#8221;left&#8221; header_font_size=&#8221;16px&#8221; body_font_size=&#8221;11px&#8221; body_line_height=&#8221;1.4em&#8221; link_option_url=&#8221;https:\/\/www.diezminutos.es\/moda-belleza\/belleza\/a64159025\/unas-consejos-cuidados-hongos\/&#8221; link_option_url_new_window=&#8221;on&#8221; global_colors_info=&#8221;{}&#8221;]<\/p>\n<div class=\"css-1g48dme e1f1sunr6\">\n<div data-theme-key=\"custom-item-content\" class=\"css-1dc3fjj ee4ms350\">\n<div data-theme-key=\"custom-item-dek\" class=\"css-1u0frxc e10ip9lg4\">\n<div data-theme-key=\"custom-item-content\" class=\"css-1dc3fjj ee4ms350\">\n<div data-theme-key=\"custom-item-dek\" class=\"css-1u0frxc e10ip9lg4\">\n<div class=\"css-8izrp7 e1f1sunr6\">\n<div data-theme-key=\"custom-item-content\" class=\"css-0 ee4ms350\">\n<div data-theme-key=\"custom-item-dek\" class=\"css-1u0frxc e10ip9lg8\">\n<p>Las u\u00f1as son una de las partes m\u00e1s castigadas del cuerpo al estar en contacto con todo lo que nos rodea, y no siempre les mostramos la atenci\u00f3n que deben.\u00a0<\/p>\n<\/div>\n<\/div>\n<\/div>\n<\/div>\n<\/div>\n<\/div>\n<\/div>\n<\/div>\n<p>[\/et_pb_blurb][\/et_pb_column][\/et_pb_row][et_pb_row column_structure=&#8221;1_4,1_4,1_4,1_4&#8243; _builder_version=&#8221;4.25.0&#8243; _module_preset=&#8221;default&#8221; global_colors_info=&#8221;{}&#8221;][et_pb_column type=&#8221;1_4&#8243; _builder_version=&#8221;4.25.0&#8243; _module_preset=&#8221;default&#8221; global_colors_info=&#8221;{}&#8221;][et_pb_blurb title=&#8221;Los 5 consejos m\u00e1s \u00fatiles de la experta en belleza Cuca Miquel para lucir unas u\u00f1as bonitas y sanas&#8221; url=&#8221;https:\/\/www.diezminutos.es\/moda-belleza\/belleza\/a64159025\/unas-consejos-cuidados-hongos\/&#8221; url_new_window=&#8221;on&#8221; image=&#8221;https:\/\/hips.hearstapps.com\/hmg-prod\/images\/midsection-of-woman-pressing-thigh-in-home-royalty-free-image-1678722187.jpg?crop=0.66698xw:1xh;center,top&#038;resize=360:*&#8221; alt=&#8221;Los 5 consejos m\u00e1s \u00fatiles de la experta en belleza Cuca Miquel para lucir unas u\u00f1as bonitas y sanas&#8221; _builder_version=&#8221;4.25.0&#8243; _module_preset=&#8221;default&#8221; header_text_align=&#8221;left&#8221; header_font_size=&#8221;16px&#8221; body_font_size=&#8221;11px&#8221; body_line_height=&#8221;1.4em&#8221; link_option_url=&#8221;https:\/\/www.diezminutos.es\/moda-belleza\/belleza\/a64159025\/unas-consejos-cuidados-hongos\/&#8221; link_option_url_new_window=&#8221;on&#8221; global_colors_info=&#8221;{}&#8221;]<\/p>\n<div class=\"css-1g48dme e1f1sunr6\">\n<div class=\"css-1g48dme e1f1sunr6\">\n<div data-theme-key=\"custom-item-content\" class=\"css-1dc3fjj ee4ms350\">\n<div data-theme-key=\"custom-item-dek\" class=\"css-1u0frxc e10ip9lg4\">\n<div data-theme-key=\"custom-item-content\" class=\"css-0 ee4ms350\">\n<div data-theme-key=\"custom-item-dek\" class=\"css-1u0frxc e10ip9lg4\">\n<p>Las u\u00f1as son una de las partes m\u00e1s castigadas del cuerpo al estar en contacto con todo lo que nos rodea, y no siempre les mostramos la atenci\u00f3n que deben. As\u00ed es como puedes tenerlas siempre sanas, bonitas y cuidadas.<\/p>\n<\/div>\n<\/div>\n<\/div>\n<p><span class=\"css-1fv2c70 e10ip9lg2\"><\/span><\/p>\n<\/div>\n<\/div>\n<\/div>\n<p>[\/et_pb_blurb][\/et_pb_column][et_pb_column type=&#8221;1_4&#8243; _builder_version=&#8221;4.25.0&#8243; _module_preset=&#8221;default&#8221; global_colors_info=&#8221;{}&#8221;][et_pb_blurb title=&#8221;La experta en belleza Cuca Miquel explica los mejores ejercicios faciales para tratar las arrugas del labio superior&#8221; url=&#8221;https:\/\/www.diezminutos.es\/moda-belleza\/belleza\/a64034055\/ejercicios-faciales-tratar-arrugas-labio-superior\/&#8221; url_new_window=&#8221;on&#8221; image=&#8221;https:\/\/www.todoenbelleza.es\/wp-content\/uploads\/2025\/03\/42.jpg&#8221; alt=&#8221;La experta en belleza Cuca Miquel explica los mejores ejercicios faciales para tratar las arrugas del labio superior&#8221; _builder_version=&#8221;4.25.0&#8243; _module_preset=&#8221;default&#8221; header_text_align=&#8221;left&#8221; header_font_size=&#8221;16px&#8221; body_font_size=&#8221;11px&#8221; body_line_height=&#8221;1.4em&#8221; link_option_url=&#8221;https:\/\/www.diezminutos.es\/moda-belleza\/belleza\/a64034055\/ejercicios-faciales-tratar-arrugas-labio-superior\/&#8221; link_option_url_new_window=&#8221;on&#8221; global_colors_info=&#8221;{}&#8221;]<\/p>\n<div class=\"css-1g48dme e1f1sunr6\">\n<div class=\"css-1g48dme e1f1sunr6\">\n<div data-theme-key=\"custom-item-content\" class=\"css-1dc3fjj ee4ms350\">\n<div data-theme-key=\"custom-item-dek\" class=\"css-1u0frxc e10ip9lg4\">\n<div class=\"css-8izrp7 e1f1sunr6\">\n<p>Si te preocupan las arrugas en esa zona conocidas tambi\u00e9n como l\u00edneas del fumador o c\u00f3digo de barras porque son verticales apunta esta rutina de ejercicios faciales para mejorar su aspecto.<\/p>\n<\/div>\n<div class=\"css-m3gjan e1f1sunr5\"><\/div>\n<\/div>\n<\/div>\n<\/div>\n<div class=\"css-hu4xfp e1f1sunr5\"><\/div>\n<\/div>\n<div class=\"css-hu4xfp e1f1sunr5\"><\/div>\n<p>[\/et_pb_blurb][\/et_pb_column][et_pb_column type=&#8221;1_4&#8243; _builder_version=&#8221;4.25.0&#8243; _module_preset=&#8221;default&#8221; global_colors_info=&#8221;{}&#8221;][et_pb_blurb title=&#8221;La experta en belleza Cuca Miquel nos desvela los trucos para que el perfume dure m\u00e1s horas en la piel&#8221; url=&#8221;https:\/\/www.diezminutos.es\/moda-belleza\/belleza\/a63933934\/trucos-perfume-duracion\/&#8221; url_new_window=&#8221;on&#8221; image=&#8221;https:\/\/www.todoenbelleza.es\/wp-content\/uploads\/2025\/03\/43.jpg&#8221; alt=&#8221;La experta en belleza Cuca Miquel nos desvela los trucos definitivos para que el perfume dure m\u00e1s horas en la piel&#8221; _builder_version=&#8221;4.25.0&#8243; _module_preset=&#8221;default&#8221; header_text_align=&#8221;left&#8221; header_font_size=&#8221;16px&#8221; body_font_size=&#8221;11px&#8221; body_line_height=&#8221;1.4em&#8221; link_option_url=&#8221;https:\/\/www.diezminutos.es\/moda-belleza\/belleza\/a63933934\/trucos-perfume-duracion\/&#8221; link_option_url_new_window=&#8221;on&#8221; global_colors_info=&#8221;{}&#8221;]<\/p>\n<div class=\"css-1g48dme e1f1sunr6\">\n<div data-theme-key=\"custom-item-content\" class=\"css-1dc3fjj ee4ms350\">\n<div data-theme-key=\"custom-item-dek\" class=\"css-1u0frxc e10ip9lg4\">\n<div data-theme-key=\"custom-item-content\" class=\"css-1dc3fjj ee4ms350\">\n<div data-theme-key=\"custom-item-dek\" class=\"css-1u0frxc e10ip9lg4\">\n<div class=\"css-8izrp7 e1f1sunr6\">\n<div class=\"css-8izrp7 e1f1sunr6\">\n<p>A veces compramos perfumes que al cabo de una o dos horas dejan de percibirse. \u00bfPor qu\u00e9 pasa? \u00bfHay trucos para que duren m\u00e1s? S\u00ed los hay, y hoy te los desvelo en este consultorio de belleza.<\/p>\n<\/div>\n<div class=\"css-m3gjan e1f1sunr5\"><\/div>\n<\/div>\n<div class=\"css-m3gjan e1f1sunr5\"><\/div>\n<\/div>\n<\/div>\n<\/div>\n<p><span class=\"css-1fv2c70 e10ip9lg2\"><\/span><\/p>\n<\/div>\n<\/div>\n<div class=\"css-hu4xfp e1f1sunr5\"><\/div>\n<p>[\/et_pb_blurb][\/et_pb_column][et_pb_column type=&#8221;1_4&#8243; _builder_version=&#8221;4.25.0&#8243; _module_preset=&#8221;default&#8221; global_colors_info=&#8221;{}&#8221;][et_pb_blurb title=&#8221;Los consejos y tratamientos infalibles para eliminar los granitos de la queratosis pilaris&#8221; url=&#8221;https:\/\/www.diezminutos.es\/moda-belleza\/belleza\/a63836564\/como-eliminar-granos-queratosis-pilaris-tratamiento-consejos\/&#8221; url_new_window=&#8221;on&#8221; image=&#8221;https:\/\/www.todoenbelleza.es\/wp-content\/uploads\/2025\/03\/239.BLOG_THUMBAIL.jpg&#8221; alt=&#8221;Cuca Miquel, coach experta en belleza, te explica qu\u00e9 es esta afecci\u00f3n cut\u00e1nea, por qu\u00e9 aparece y cu\u00e1les son los mejores tratamientos. Ante todo, no te preocupes, es benigna.&#8221; _builder_version=&#8221;4.25.0&#8243; _module_preset=&#8221;default&#8221; header_text_align=&#8221;left&#8221; header_font_size=&#8221;16px&#8221; body_font_size=&#8221;11px&#8221; body_line_height=&#8221;1.4em&#8221; link_option_url=&#8221;https:\/\/www.diezminutos.es\/moda-belleza\/belleza\/a63836564\/como-eliminar-granos-queratosis-pilaris-tratamiento-consejos\/&#8221; link_option_url_new_window=&#8221;on&#8221; global_colors_info=&#8221;{}&#8221;]<\/p>\n<div class=\"css-1g48dme e1f1sunr6\">\n<div data-theme-key=\"custom-item-content\" class=\"css-1dc3fjj ee4ms350\">\n<div data-theme-key=\"custom-item-dek\" class=\"css-1u0frxc e10ip9lg4\">\n<div data-theme-key=\"custom-item-content\" class=\"css-1dc3fjj ee4ms350\">\n<div data-theme-key=\"custom-item-dek\" class=\"css-1u0frxc e10ip9lg4\">\n<div class=\"css-8izrp7 e1f1sunr6\">\n<p>Cuca Miquel, coach experta en belleza, te explica qu\u00e9 es esta afecci\u00f3n cut\u00e1nea, por qu\u00e9 aparece y cu\u00e1les son los mejores tratamientos. Ante todo, no te preocupes, es benigna.<\/p>\n<\/div>\n<div class=\"css-m3gjan e1f1sunr5\"><\/div>\n<\/div>\n<p><span class=\"css-1fv2c70 e10ip9lg2\"><\/span><\/p>\n<\/div>\n<\/div>\n<\/div>\n<\/div>\n<div class=\"css-hu4xfp e1f1sunr5\"><\/div>\n<p>[\/et_pb_blurb][\/et_pb_column][\/et_pb_row][et_pb_row column_structure=&#8221;1_4,1_4,1_4,1_4&#8243; _builder_version=&#8221;4.25.0&#8243; _module_preset=&#8221;default&#8221; global_colors_info=&#8221;{}&#8221;][et_pb_column type=&#8221;1_4&#8243; _builder_version=&#8221;4.25.0&#8243; _module_preset=&#8221;default&#8221; global_colors_info=&#8221;{}&#8221;][et_pb_blurb title=&#8221;Las mejores soluciones para el acn\u00e9 y la foliculitis en el pelo: as\u00ed debes cuidar tu cuero cabelludo&#8221; url=&#8221;https:\/\/www.diezminutos.es\/moda-belleza\/belleza\/a63769373\/acne-foliculitis-pelo-cuero-cabelludo\/&#8221; url_new_window=&#8221;on&#8221; image=&#8221;https:\/\/www.todoenbelleza.es\/wp-content\/uploads\/2025\/03\/46.jpg&#8221; alt=&#8221;Una experta en belleza analiza las mejores soluciones para el acn\u00e9 y la foliculitis en el pelo: as\u00ed debes cuidar tu cuero cabelludo&#8221; _builder_version=&#8221;4.25.0&#8243; _module_preset=&#8221;default&#8221; header_text_align=&#8221;left&#8221; header_font_size=&#8221;16px&#8221; body_font_size=&#8221;11px&#8221; body_line_height=&#8221;1.4em&#8221; link_option_url=&#8221;https:\/\/www.diezminutos.es\/moda-belleza\/belleza\/a63769373\/acne-foliculitis-pelo-cuero-cabelludo\/&#8221; link_option_url_new_window=&#8221;on&#8221; global_colors_info=&#8221;{}&#8221;]<\/p>\n<div class=\"css-1g48dme e1f1sunr6\">\n<div data-theme-key=\"custom-item-content\" class=\"css-1dc3fjj ee4ms350\">\n<div data-theme-key=\"custom-item-dek\" class=\"css-1u0frxc e10ip9lg4\">\n<div data-theme-key=\"custom-item-content\" class=\"css-1dc3fjj ee4ms350\">\n<div data-theme-key=\"custom-item-dek\" class=\"css-1u0frxc e10ip9lg4\">\n<div class=\"css-8izrp7 e1f1sunr6\">\n<p>Cuca Miquel, CEO de &#8216;Todo en belleza&#8217;, habla de los problemas del cuero cabelludo y desvela qu\u00e9 debes hacer para evitar los molestos granitos en una zona tan sensible.<\/p>\n<\/div>\n<div class=\"css-m3gjan e1f1sunr5\"><\/div>\n<\/div>\n<\/div>\n<\/div>\n<p><span class=\"css-1fv2c70 e10ip9lg2\"><\/span><\/p>\n<\/div>\n<\/div>\n<div class=\"css-hu4xfp e1f1sunr5\"><\/div>\n<p>[\/et_pb_blurb][\/et_pb_column][et_pb_column type=&#8221;1_4&#8243; _builder_version=&#8221;4.25.0&#8243; _module_preset=&#8221;default&#8221; global_colors_info=&#8221;{}&#8221;][et_pb_blurb title=&#8221;Los consejos y trucos infalibles para evitar y tratar las estr\u00edas de la experta en belleza Cuca Miquel&#8221; url=&#8221;https:\/\/www.diezminutos.es\/moda-belleza\/belleza\/a63673975\/como-evitar-estrias-tratamiento-consejos\/&#8221; url_new_window=&#8221;on&#8221; image=&#8221;https:\/\/www.todoenbelleza.es\/wp-content\/uploads\/2025\/03\/45.jpg&#8221; alt=&#8221;Los consejos y trucos infalibles para evitar y tratar las estr\u00edas de la experta en belleza Cuca Miquel&#8221; _builder_version=&#8221;4.25.0&#8243; _module_preset=&#8221;default&#8221; header_text_align=&#8221;left&#8221; header_font_size=&#8221;16px&#8221; body_font_size=&#8221;11px&#8221; body_line_height=&#8221;1.4em&#8221; link_option_url=&#8221;https:\/\/www.diezminutos.es\/moda-belleza\/belleza\/a63673975\/como-evitar-estrias-tratamiento-consejos\/&#8221; link_option_url_new_window=&#8221;on&#8221; global_colors_info=&#8221;{}&#8221;]<\/p>\n<div class=\"css-1g48dme e1f1sunr6\">\n<div data-theme-key=\"custom-item-content\" class=\"css-1dc3fjj ee4ms350\">\n<div data-theme-key=\"custom-item-dek\" class=\"css-1u0frxc e10ip9lg4\">\n<div data-theme-key=\"custom-item-content\" class=\"css-1dc3fjj ee4ms350\">\n<div data-theme-key=\"custom-item-dek\" class=\"css-1u0frxc e10ip9lg4\">\n<div class=\"css-8izrp7 e1f1sunr6\">\n<p>Muchas veces ponemos el foco en los signos de la edad, y no tanto en otras condiciones de la piel, como las antiest\u00e9ticas estr\u00edas. Hoy os cuento c\u00f3mo evitarlas, y te ayudar\u00e9 a tratarlas si ya las tienes.<\/p>\n<\/div>\n<div class=\"css-m3gjan e1f1sunr5\"><\/div>\n<\/div>\n<p><span class=\"css-1fv2c70 e10ip9lg2\"><\/span><\/p>\n<\/div>\n<\/div>\n<\/div>\n<\/div>\n<div class=\"css-hu4xfp e1f1sunr5\"><\/div>\n<p>[\/et_pb_blurb][\/et_pb_column][et_pb_column type=&#8221;1_4&#8243; _builder_version=&#8221;4.25.0&#8243; _module_preset=&#8221;default&#8221; global_colors_info=&#8221;{}&#8221;][et_pb_blurb title=&#8221;La experta en belleza Cuca Miquel revela los trucos y t\u00e9cnicas definitivas para eliminar la papada en mujeres mayores de 50&#8243; url=&#8221;https:\/\/www.diezminutos.es\/moda-belleza\/belleza\/a63599303\/papada-trucos-eliminar-tratamiento\/&#8221; url_new_window=&#8221;on&#8221; image=&#8221;https:\/\/www.todoenbelleza.es\/wp-content\/uploads\/2025\/02\/40.png&#8221; _builder_version=&#8221;4.25.0&#8243; _module_preset=&#8221;default&#8221; header_text_align=&#8221;left&#8221; header_font_size=&#8221;16px&#8221; body_font_size=&#8221;11px&#8221; body_line_height=&#8221;1.4em&#8221; link_option_url=&#8221;https:\/\/www.diezminutos.es\/moda-belleza\/belleza\/a63599303\/papada-trucos-eliminar-tratamiento\/&#8221; link_option_url_new_window=&#8221;on&#8221; global_colors_info=&#8221;{}&#8221;]<\/p>\n<div class=\"css-1g48dme e1f1sunr6\">\n<div class=\"css-1g48dme e1f1sunr6\">\n<div data-theme-key=\"custom-item-content\" class=\"css-1dc3fjj ee4ms350\">\n<div data-theme-key=\"custom-item-dek\" class=\"css-1u0frxc e10ip9lg4\">\n<p>Si quieres evitar la aparici\u00f3n del doble ment\u00f3n (m\u00e1s com\u00fanmente conocido como papada), o tratarlo si ya lo tienes, te interesa saber qu\u00e9 es y c\u00f3mo puedes prevenirla.<\/p>\n<\/div>\n<p><span class=\"css-1fv2c70 e10ip9lg2\"><\/span><\/div>\n<\/div>\n<\/div>\n<p>[\/et_pb_blurb][\/et_pb_column][et_pb_column type=&#8221;1_4&#8243; _builder_version=&#8221;4.25.0&#8243; _module_preset=&#8221;default&#8221; global_colors_info=&#8221;{}&#8221;][et_pb_blurb title=&#8221;Los mejores consejos para prevenir y tratar las arrugas que recomienda la experta en belleza Cuca Miquel&#8221; url=&#8221;https:\/\/www.diezminutos.es\/moda-belleza\/belleza\/a63504785\/arrugas-prevenir-tratar-trucos-consejos\/&#8221; url_new_window=&#8221;on&#8221; image=&#8221;https:\/\/www.todoenbelleza.es\/wp-content\/uploads\/2025\/02\/39.png&#8221; _builder_version=&#8221;4.25.0&#8243; _module_preset=&#8221;default&#8221; header_text_align=&#8221;left&#8221; header_font_size=&#8221;16px&#8221; body_font_size=&#8221;11px&#8221; body_line_height=&#8221;1.4em&#8221; link_option_url=&#8221;https:\/\/www.diezminutos.es\/moda-belleza\/belleza\/a63504785\/arrugas-prevenir-tratar-trucos-consejos\/&#8221; link_option_url_new_window=&#8221;on&#8221; global_colors_info=&#8221;{}&#8221;]<\/p>\n<div class=\"css-1g48dme e1f1sunr6\">\n<div class=\"css-1g48dme e1f1sunr6\">\n<div data-theme-key=\"custom-item-content\" class=\"css-1dc3fjj ee4ms350\">\n<div data-theme-key=\"custom-item-dek\" class=\"css-1u0frxc e10ip9lg4\">\n<p>Nuestras coach tiene claro que no es necesario recurrir a tratamientos invasivos para mantener una piel joven. Cuca desvela que la clave est\u00e1 en la constancia, la elecci\u00f3n de productos adecuados a cada tipo de piel.<\/p>\n<\/div>\n<\/div>\n<\/div>\n<div class=\"css-hu4xfp e1f1sunr5\"><\/div>\n<\/div>\n<div class=\"css-hu4xfp e1f1sunr5\"><\/div>\n<p>[\/et_pb_blurb][\/et_pb_column][\/et_pb_row][et_pb_row column_structure=&#8221;1_4,1_4,1_4,1_4&#8243; _builder_version=&#8221;4.25.0&#8243; _module_preset=&#8221;default&#8221; global_colors_info=&#8221;{}&#8221;][et_pb_column type=&#8221;1_4&#8243; _builder_version=&#8221;4.25.0&#8243; _module_preset=&#8221;default&#8221; global_colors_info=&#8221;{}&#8221;][et_pb_blurb title=&#8221;Los mejores consejos de una experta en belleza para tener la piel hidratada y radiante a cualquier edad&#8221; url=&#8221;https:\/\/www.diezminutos.es\/moda-belleza\/belleza\/a63430441\/consejos-experta-belleza-piel-hidratada\/&#8221; url_new_window=&#8221;on&#8221; image=&#8221;https:\/\/www.todoenbelleza.es\/wp-content\/uploads\/2025\/02\/35.png&#8221; _builder_version=&#8221;4.25.0&#8243; _module_preset=&#8221;default&#8221; header_text_align=&#8221;left&#8221; header_font_size=&#8221;16px&#8221; body_font_size=&#8221;11px&#8221; body_line_height=&#8221;1.4em&#8221; link_option_url=&#8221;https:\/\/www.diezminutos.es\/moda-belleza\/belleza\/a63430441\/consejos-experta-belleza-piel-hidratada\/&#8221; link_option_url_new_window=&#8221;on&#8221; global_colors_info=&#8221;{}&#8221;]<\/p>\n<div class=\"css-1g48dme e1f1sunr6\">\n<div data-theme-key=\"custom-item-content\" class=\"css-1dc3fjj ee4ms350\">\n<div data-theme-key=\"custom-item-dek\" class=\"css-1u0frxc e10ip9lg4\">\n<div data-theme-key=\"custom-item-content\" class=\"css-1dc3fjj ee4ms350\">\n<div data-theme-key=\"custom-item-dek\" class=\"css-1u0frxc e10ip9lg4\">\n<p>Cuca Miquel, coach de belleza, te explica los mejores trucos para presumir de piel como beber mucha agua, 8 vasos diarios, o realizar una ruta de skin care adecuada a tu tipo de piel.<\/p>\n<\/div>\n<\/div>\n<\/div>\n<p><span class=\"css-1fv2c70 e10ip9lg2\"><\/span><\/p>\n<\/div>\n<\/div>\n<div class=\"css-hu4xfp e1f1sunr5\"><\/div>\n<p>[\/et_pb_blurb][\/et_pb_column][et_pb_column type=&#8221;1_4&#8243; _builder_version=&#8221;4.25.0&#8243; _module_preset=&#8221;default&#8221; global_colors_info=&#8221;{}&#8221;][et_pb_blurb title=&#8221;La rutina real para adelgazar en 2025 para mujeres de m\u00e1s de 50 a las que les cuesta perder peso&#8221; url=&#8221;https:\/\/www.diezminutos.es\/moda-belleza\/belleza\/a63367943\/rutina-ejercicios-faciles-perder-peso-mujeres-maduras\/&#8221; url_new_window=&#8221;on&#8221; image=&#8221;https:\/\/www.todoenbelleza.es\/wp-content\/uploads\/2025\/02\/34.png&#8221; _builder_version=&#8221;4.25.0&#8243; _module_preset=&#8221;default&#8221; header_text_align=&#8221;left&#8221; header_font_size=&#8221;16px&#8221; body_font_size=&#8221;11px&#8221; body_line_height=&#8221;1.4em&#8221; link_option_url=&#8221;https:\/\/www.diezminutos.es\/moda-belleza\/belleza\/a63367943\/rutina-ejercicios-faciles-perder-peso-mujeres-maduras\/&#8221; link_option_url_new_window=&#8221;on&#8221; global_colors_info=&#8221;{}&#8221;]<\/p>\n<div class=\"css-1g48dme e1f1sunr6\">\n<div data-theme-key=\"custom-item-content\" class=\"css-1dc3fjj ee4ms350\">\n<div data-theme-key=\"custom-item-dek\" class=\"css-1u0frxc e10ip9lg4\">\n<div data-theme-key=\"custom-item-content\" class=\"css-1dc3fjj ee4ms350\">\n<div data-theme-key=\"custom-item-dek\" class=\"css-1u0frxc e10ip9lg4\">\n<p>Despu\u00e9s de las navidades, perder peso puede convertirse en un quebradero de cabeza para mujeres m\u00e1s maduras, pero no hace falta comer s\u00f3lo verdura hervida y desvivirse en el gimnasio para conseguir resultados.<\/p>\n<\/div>\n<p><span class=\"css-1fv2c70 e10ip9lg2\"><\/span><\/div>\n<\/div>\n<\/div>\n<\/div>\n<div class=\"css-hu4xfp e1f1sunr5\"><\/div>\n<p>[\/et_pb_blurb][\/et_pb_column][et_pb_column type=&#8221;1_4&#8243; _builder_version=&#8221;4.25.0&#8243; _module_preset=&#8221;default&#8221; global_colors_info=&#8221;{}&#8221;][et_pb_blurb title=&#8221;Los mejores consejos de una experta en belleza para que tu maquillaje de Nochevieja aguante perfecto toda la noche&#8221; url=&#8221;https:\/\/www.diezminutos.es\/moda-belleza\/belleza\/a63302453\/cuca-miquel-experta-belleza-consejos-maquillaje-nochevieja\/&#8221; url_new_window=&#8221;on&#8221; image=&#8221;https:\/\/www.todoenbelleza.es\/wp-content\/uploads\/2025\/02\/36.png&#8221; _builder_version=&#8221;4.25.0&#8243; _module_preset=&#8221;default&#8221; header_text_align=&#8221;left&#8221; header_font_size=&#8221;16px&#8221; body_font_size=&#8221;11px&#8221; body_line_height=&#8221;1.4em&#8221; link_option_url=&#8221;https:\/\/www.diezminutos.es\/moda-belleza\/belleza\/a63302453\/cuca-miquel-experta-belleza-consejos-maquillaje-nochevieja\/&#8221; link_option_url_new_window=&#8221;on&#8221; global_colors_info=&#8221;{}&#8221;]<\/p>\n<div class=\"css-1g48dme e1f1sunr6\">\n<div class=\"css-1g48dme e1f1sunr6\">\n<div data-theme-key=\"custom-item-content\" class=\"css-1dc3fjj ee4ms350\">\n<div data-theme-key=\"custom-item-dek\" class=\"css-1u0frxc e10ip9lg4\">\n<p>Cuca Miquel, coach de belleza, te ofrece los mejores trucos de maquillaje para que recibas al 2025 impecable: desde qu\u00e9 tipo de maquillaje elegir hasta la importancia de las sombras de ojos.<\/p>\n<\/div>\n<\/div>\n<\/div>\n<div class=\"css-hu4xfp e1f1sunr5\"><\/div>\n<\/div>\n<div class=\"css-hu4xfp e1f1sunr5\"><\/div>\n<p>[\/et_pb_blurb][\/et_pb_column][et_pb_column type=&#8221;1_4&#8243; _builder_version=&#8221;4.25.0&#8243; _module_preset=&#8221;default&#8221; global_colors_info=&#8221;{}&#8221;][et_pb_blurb title=&#8221;Los mejores tratamientos expr\u00e9s para presumir de piel estas Navidades seg\u00fan una experta en belleza&#8221; url=&#8221;https:\/\/www.diezminutos.es\/moda-belleza\/belleza\/a63283285\/tratamientos-expres-piel-radiante-experta-belleza-cuca-miquel\/&#8221; url_new_window=&#8221;on&#8221; image=&#8221;https:\/\/www.todoenbelleza.es\/wp-content\/uploads\/2025\/02\/38.png&#8221; _builder_version=&#8221;4.25.0&#8243; _module_preset=&#8221;default&#8221; header_text_align=&#8221;left&#8221; header_font_size=&#8221;16px&#8221; body_font_size=&#8221;11px&#8221; body_line_height=&#8221;1.4em&#8221; link_option_url=&#8221;https:\/\/www.diezminutos.es\/moda-belleza\/belleza\/a63283285\/tratamientos-expres-piel-radiante-experta-belleza-cuca-miquel\/&#8221; link_option_url_new_window=&#8221;on&#8221; global_colors_info=&#8221;{}&#8221;]<\/p>\n<div class=\"css-1g48dme e1f1sunr6\">\n<div class=\"css-1g48dme e1f1sunr6\">\n<div data-theme-key=\"custom-item-content\" class=\"css-1dc3fjj ee4ms350\">\n<div data-theme-key=\"custom-item-dek\" class=\"css-1u0frxc e10ip9lg4\">\n<p>Cuca Miquel, coach de belleza, enumera los tratamientos que, en menos de una hora, te ayudar\u00e1n a lucir una piel m\u00e1s tersa y radiante ante tus compromisos en estas fechas.<\/p>\n<\/div>\n<p><span class=\"css-1fv2c70 e10ip9lg2\"><\/span><\/div>\n<\/div>\n<div class=\"css-hu4xfp e1f1sunr5\"><\/div>\n<\/div>\n<div class=\"css-hu4xfp e1f1sunr5\"><\/div>\n<p>[\/et_pb_blurb][\/et_pb_column][\/et_pb_row][et_pb_row column_structure=&#8221;1_4,1_4,1_4,1_4&#8243; _builder_version=&#8221;4.25.0&#8243; _module_preset=&#8221;default&#8221; global_colors_info=&#8221;{}&#8221;][et_pb_column type=&#8221;1_4&#8243; _builder_version=&#8221;4.25.0&#8243; _module_preset=&#8221;default&#8221; global_colors_info=&#8221;{}&#8221;][et_pb_blurb title=&#8221;Los mejores consejos de Cuca Miquel, experta en belleza, para presumir de piel radiante en tus citas de Navidad&#8221; url=&#8221;https:\/\/www.diezminutos.es\/moda-belleza\/belleza\/a63222575\/consejos-cuca-miquel-experta-belleza-piel-radiante-navidad\/&#8221; url_new_window=&#8221;on&#8221; image=&#8221;https:\/\/www.todoenbelleza.es\/wp-content\/uploads\/2025\/02\/37.png&#8221; _builder_version=&#8221;4.25.0&#8243; _module_preset=&#8221;default&#8221; header_text_align=&#8221;left&#8221; header_font_size=&#8221;16px&#8221; body_font_size=&#8221;11px&#8221; body_line_height=&#8221;1.4em&#8221; link_option_url=&#8221;https:\/\/www.diezminutos.es\/moda-belleza\/belleza\/a63222575\/consejos-cuca-miquel-experta-belleza-piel-radiante-navidad\/&#8221; link_option_url_new_window=&#8221;on&#8221; global_colors_info=&#8221;{}&#8221;]<\/p>\n<div class=\"css-1g48dme e1f1sunr6\">\n<div data-theme-key=\"custom-item-content\" class=\"css-1dc3fjj ee4ms350\">\n<div data-theme-key=\"custom-item-dek\" class=\"css-1u0frxc e10ip9lg4\">\n<div data-theme-key=\"custom-item-content\" class=\"css-1dc3fjj ee4ms350\">\n<div data-theme-key=\"custom-item-dek\" class=\"css-1u0frxc e10ip9lg4\">\n<p>Cuca Miquel, coach de belleza, enumera los tips imprescindibles para que en estas fiestas navide\u00f1as tu piel luzca radiante ante las reuniones con familia y amigos.<\/p>\n<\/div>\n<\/div>\n<\/div>\n<p><span class=\"css-1fv2c70 e10ip9lg2\"><\/span><\/p>\n<\/div>\n<\/div>\n<div class=\"css-hu4xfp e1f1sunr5\"><\/div>\n<p>[\/et_pb_blurb][\/et_pb_column][et_pb_column type=&#8221;1_4&#8243; _builder_version=&#8221;4.25.0&#8243; _module_preset=&#8221;default&#8221; global_colors_info=&#8221;{}&#8221;][et_pb_blurb title=&#8221;6 consejos que funcionan de la experta en belleza Cuca Miquel para evitar engordar en las comidas y cenas navide\u00f1as&#8221; url=&#8221;https:\/\/www.diezminutos.es\/moda-belleza\/belleza\/a63156741\/consejos-no-engordar-navidad\/&#8221; url_new_window=&#8221;on&#8221; image=&#8221;https:\/\/www.todoenbelleza.es\/wp-content\/uploads\/2025\/02\/41.png&#8221; _builder_version=&#8221;4.25.0&#8243; _module_preset=&#8221;default&#8221; header_text_align=&#8221;left&#8221; header_font_size=&#8221;16px&#8221; body_font_size=&#8221;11px&#8221; body_line_height=&#8221;1.4em&#8221; link_option_url=&#8221;https:\/\/www.diezminutos.es\/moda-belleza\/belleza\/a63156741\/consejos-no-engordar-navidad\/&#8221; link_option_url_new_window=&#8221;on&#8221; global_colors_info=&#8221;{}&#8221;]<\/p>\n<div class=\"css-1g48dme e1f1sunr6\">\n<div data-theme-key=\"custom-item-content\" class=\"css-1dc3fjj ee4ms350\">\n<div data-theme-key=\"custom-item-dek\" class=\"css-1u0frxc e10ip9lg4\">\n<div data-theme-key=\"custom-item-content\" class=\"css-1dc3fjj ee4ms350\">\n<div data-theme-key=\"custom-item-dek\" class=\"css-1u0frxc e10ip9lg4\">\n<p>Las grandes comilonas con familia y amigos est\u00e1n a la vuelta de la esquina con la llegada de la Navidad, y es casi inevitable coger alg\u00fan que otro kilo. Sigue estos consejos para evitar sorpresas con la b\u00e1scula.<\/p>\n<\/div>\n<\/div>\n<\/div>\n<\/div>\n<\/div>\n<div class=\"css-hu4xfp e1f1sunr5\"><\/div>\n<p>[\/et_pb_blurb][\/et_pb_column][et_pb_column type=&#8221;1_4&#8243; _builder_version=&#8221;4.25.0&#8243; _module_preset=&#8221;default&#8221; global_colors_info=&#8221;{}&#8221;][et_pb_blurb title=&#8221;Los consejos infalibles de maquillaje la experta Cuca Miquel para mujeres maduras de m\u00e1s de 50 a\u00f1os&#8221; url=&#8221;https:\/\/www.diezminutos.es\/moda-belleza\/belleza\/a63093683\/consejos-maquillaje-mujeres-maduras-50-anos\/&#8221; url_new_window=&#8221;on&#8221; image=&#8221;https:\/\/www.todoenbelleza.es\/wp-content\/uploads\/2025\/03\/sonrisa.jpg&#8221; alt=&#8221;Los consejos infalibles de maquillaje la experta Cuca Miquel para mujeres maduras de m\u00e1s de 50 a\u00f1os&#8221; _builder_version=&#8221;4.25.0&#8243; _module_preset=&#8221;default&#8221; header_text_align=&#8221;left&#8221; header_font_size=&#8221;16px&#8221; body_font_size=&#8221;11px&#8221; body_line_height=&#8221;1.4em&#8221; link_option_url=&#8221;https:\/\/www.diezminutos.es\/moda-belleza\/belleza\/a63093683\/consejos-maquillaje-mujeres-maduras-50-anos\/&#8221; link_option_url_new_window=&#8221;on&#8221; global_colors_info=&#8221;{}&#8221;]<\/p>\n<div class=\"css-1g48dme e1f1sunr6\">\n<div data-theme-key=\"custom-item-content\" class=\"css-1dc3fjj ee4ms350\">\n<div data-theme-key=\"custom-item-dek\" class=\"css-1u0frxc e10ip9lg4\">\n<div data-theme-key=\"custom-item-content\" class=\"css-1dc3fjj ee4ms350\">\n<div data-theme-key=\"custom-item-dek\" class=\"css-1u0frxc e10ip9lg4\">\n<div class=\"css-8izrp7 e1f1sunr6\">\n<p>No es lo mismo maquillarse con 20 a\u00f1os que con m\u00e1s de 50: si no elegimos bien los productos o no preparamos la piel, el maquillaje puede marcar a\u00fan m\u00e1s los signos de la edad. Apunta estos consejos.<\/p>\n<\/div>\n<div class=\"css-m3gjan e1f1sunr5\"><\/div>\n<\/div>\n<\/div>\n<\/div>\n<\/div>\n<\/div>\n<div class=\"css-hu4xfp e1f1sunr5\"><\/div>\n<p>[\/et_pb_blurb][\/et_pb_column][et_pb_column type=&#8221;1_4&#8243; _builder_version=&#8221;4.25.0&#8243; _module_preset=&#8221;default&#8221; global_colors_info=&#8221;{}&#8221;][et_pb_blurb title=&#8221;Los mejores ejercicios de gimnasia facial para evitar las patas de gallo para las mujeres a partir de los 40&#8243; url=&#8221;https:\/\/www.diezminutos.es\/moda-belleza\/belleza\/a63033106\/consejos-eliminar-prevenir-patas-de-gallo-gimnasia-facial-cuca-miquel\/&#8221; url_new_window=&#8221;on&#8221; image=&#8221;https:\/\/www.todoenbelleza.es\/wp-content\/uploads\/2024\/11\/blgo.png&#8221; _builder_version=&#8221;4.25.0&#8243; _module_preset=&#8221;default&#8221; header_text_align=&#8221;left&#8221; header_font_size=&#8221;16px&#8221; body_font_size=&#8221;11px&#8221; body_line_height=&#8221;1.4em&#8221; link_option_url=&#8221;https:\/\/www.diezminutos.es\/moda-belleza\/belleza\/a63033106\/consejos-eliminar-prevenir-patas-de-gallo-gimnasia-facial-cuca-miquel\/&#8221; link_option_url_new_window=&#8221;on&#8221; global_colors_info=&#8221;{}&#8221;]<\/p>\n<div class=\"css-1g48dme e1f1sunr6\">\n<div class=\"css-1g48dme e1f1sunr6\">\n<p><span>na de las cosas que m\u00e1s envejece un rostro son las llamadas patas de gallo. La gimnasia facial puede ser de gran ayuda para ralentizar su aparici\u00f3n.<\/span><\/p>\n<\/div>\n<div class=\"css-hu4xfp e1f1sunr5\"><\/div>\n<\/div>\n<div class=\"css-hu4xfp e1f1sunr5\"><\/div>\n<p>[\/et_pb_blurb][\/et_pb_column][\/et_pb_row][et_pb_row column_structure=&#8221;1_4,1_4,1_4,1_4&#8243; _builder_version=&#8221;4.25.0&#8243; _module_preset=&#8221;default&#8221; global_colors_info=&#8221;{}&#8221;][et_pb_column type=&#8221;1_4&#8243; _builder_version=&#8221;4.25.0&#8243; _module_preset=&#8221;default&#8221; global_colors_info=&#8221;{}&#8221;][et_pb_blurb title=&#8221;Los consejos de Cuca Miquel para reconocer y eliminar las antiest\u00e9ticas verrugas de cara y cuello&#8221; url=&#8221;https:\/\/www.diezminutos.es\/moda-belleza\/belleza\/a62959065\/eliminar-verrugas-cara-cuello-consejos\/&#8221; url_new_window=&#8221;on&#8221; image=&#8221;https:\/\/www.todoenbelleza.es\/wp-content\/uploads\/2024\/11\/28.png&#8221; _builder_version=&#8221;4.25.0&#8243; _module_preset=&#8221;default&#8221; header_text_align=&#8221;left&#8221; header_font_size=&#8221;16px&#8221; body_font_size=&#8221;11px&#8221; body_line_height=&#8221;1.4em&#8221; link_option_url=&#8221;https:\/\/www.diezminutos.es\/moda-belleza\/belleza\/a62959065\/eliminar-verrugas-cara-cuello-consejos\/&#8221; link_option_url_new_window=&#8221;on&#8221; global_colors_info=&#8221;{}&#8221;]<\/p>\n<div class=\"css-1g48dme e1f1sunr6\">\n<div class=\"css-1g48dme e1f1sunr6\">\n<p>No todas las verrugas son iguales, pero s\u00ed estamos todas de acuerdo en una cosa: no son agradables a la vista. Te cuento qu\u00e9 tipolog\u00edas hay y las mejores formas de eliminarlas.<\/p>\n<\/div>\n<div class=\"css-hu4xfp e1f1sunr5\"><\/div>\n<\/div>\n<div class=\"css-hu4xfp e1f1sunr5\"><\/div>\n<p>[\/et_pb_blurb][\/et_pb_column][et_pb_column type=&#8221;1_4&#8243; _builder_version=&#8221;4.25.0&#8243; _module_preset=&#8221;default&#8221; global_colors_info=&#8221;{}&#8221;][et_pb_blurb title=&#8221;Los beneficios del fr\u00edo en la piel: claves de la experta en belleza Cuca Miquel para lucir el mejor cutis en invierno&#8221; url=&#8221;https:\/\/www.diezminutos.es\/moda-belleza\/belleza\/a62891600\/beneficios-frio-piel-invierno\/&#8221; url_new_window=&#8221;on&#8221; image=&#8221;https:\/\/www.todoenbelleza.es\/wp-content\/uploads\/2024\/11\/239.BLOG_THUMBAIL.png&#8221; _builder_version=&#8221;4.25.0&#8243; _module_preset=&#8221;default&#8221; header_text_align=&#8221;left&#8221; header_font_size=&#8221;16px&#8221; body_font_size=&#8221;11px&#8221; body_line_height=&#8221;1.4em&#8221; link_option_url=&#8221;https:\/\/www.diezminutos.es\/moda-belleza\/belleza\/a62891600\/beneficios-frio-piel-invierno\/&#8221; link_option_url_new_window=&#8221;on&#8221; global_colors_info=&#8221;{}&#8221;]<\/p>\n<div class=\"css-1g48dme e1f1sunr6\">\n<div data-theme-key=\"custom-item-content\" class=\"css-1dc3fjj ee4ms350\">\n<div data-theme-key=\"custom-item-dek\" class=\"css-1u0frxc e10ip9lg4\">\n<p><span>Muchas veces se pone el foco en proteger la piel del fr\u00edo en invierno, pero \u00e9ste tambi\u00e9n tiene muchos beneficios si sabemos aprovecharlo para mejorar la calidad de la piel en esta fresca \u00e9poca del a\u00f1o.<\/span><\/p>\n<\/div>\n<p><span class=\"css-1fv2c70 e10ip9lg2\"><\/span><\/p>\n<\/div>\n<\/div>\n<div class=\"css-hu4xfp e1f1sunr5\"><\/div>\n<p>[\/et_pb_blurb][\/et_pb_column][et_pb_column type=&#8221;1_4&#8243; _builder_version=&#8221;4.25.0&#8243; _module_preset=&#8221;default&#8221; global_colors_info=&#8221;{}&#8221;][et_pb_blurb title=&#8221;Cuca Miquel te da consejos infalibles para prevenir las arrugas en la zona de los ojos y la frente&#8221; url=&#8221;https:\/\/www.diezminutos.es\/moda-belleza\/belleza\/a62826346\/arrugas-frente-ojos-patas-de-gallo-consejos-prevenir-tratamiento\/&#8221; url_new_window=&#8221;on&#8221; image=&#8221;https:\/\/www.todoenbelleza.es\/wp-content\/uploads\/2024\/11\/27.png&#8221; _builder_version=&#8221;4.25.0&#8243; _module_preset=&#8221;default&#8221; header_text_align=&#8221;left&#8221; header_font_size=&#8221;16px&#8221; body_font_size=&#8221;11px&#8221; body_line_height=&#8221;1.4em&#8221; link_option_url=&#8221;https:\/\/www.diezminutos.es\/moda-belleza\/belleza\/a62826346\/arrugas-frente-ojos-patas-de-gallo-consejos-prevenir-tratamiento\/&#8221; link_option_url_new_window=&#8221;on&#8221; global_colors_info=&#8221;{}&#8221;]<\/p>\n<div class=\"css-1g48dme e1f1sunr6\">\n<div data-theme-key=\"custom-item-content\" class=\"css-1dc3fjj ee4ms350\">\n<div data-theme-key=\"custom-item-dek\" class=\"css-1u0frxc e10ip9lg4\">\n<p><span>antener una rutina diaria de cuidados faciales, hacer ejercicios de yoga facial y seguir una dieta equilibrada rica en alimentos frescos son tres de sus recomendaciones.\u00a0<\/span><\/p>\n<\/div>\n<\/div>\n<\/div>\n<div class=\"css-hu4xfp e1f1sunr5\"><\/div>\n<p>[\/et_pb_blurb][\/et_pb_column][et_pb_column type=&#8221;1_4&#8243; _builder_version=&#8221;4.25.0&#8243; _module_preset=&#8221;default&#8221; global_colors_info=&#8221;{}&#8221;][et_pb_blurb title=&#8221;Cuca Miquel, experta en belleza, para lucir la piel bonita:\u201cApuesto por la belleza natural y acepto el paso del tiempo\u201d&#8221; url=&#8221;https:\/\/www.diezminutos.es\/moda-belleza\/belleza\/a62621383\/cuca-miquel-experta-belleza-entrevista-libro-como-hacer-frente-al-acne\/&#8221; url_new_window=&#8221;on&#8221; image=&#8221;https:\/\/www.todoenbelleza.es\/wp-content\/uploads\/2024\/10\/18.png&#8221; _builder_version=&#8221;4.25.0&#8243; _module_preset=&#8221;default&#8221; header_text_align=&#8221;left&#8221; header_font_size=&#8221;16px&#8221; body_font_size=&#8221;11px&#8221; body_line_height=&#8221;1.4em&#8221; link_option_url=&#8221;https:\/\/www.diezminutos.es\/moda-belleza\/belleza\/a62621383\/cuca-miquel-experta-belleza-entrevista-libro-como-hacer-frente-al-acne\/&#8221; link_option_url_new_window=&#8221;on&#8221; global_colors_info=&#8221;{}&#8221;]<\/p>\n<div class=\"css-1g48dme e1f1sunr6\">\n<p>Experta en belleza y jurado en los cert\u00e1menes de Misses m\u00e1s importantes, acaba de publicar su primer libro, &#8216;C\u00f3mo hacer frente al acn\u00e9&#8217;. En esta gu\u00eda te descubre tambi\u00e9n el yoga facial, t\u00e9cnicas de maquillaje y rutinas para todas las edades.<\/p>\n<\/div>\n<div class=\"css-hu4xfp e1f1sunr5\"><\/div>\n<p>[\/et_pb_blurb][\/et_pb_column][\/et_pb_row][et_pb_row column_structure=&#8221;1_4,1_4,1_4,1_4&#8243; _builder_version=&#8221;4.25.0&#8243; _module_preset=&#8221;default&#8221; global_colors_info=&#8221;{}&#8221;][et_pb_column type=&#8221;1_4&#8243; _builder_version=&#8221;4.25.0&#8243; _module_preset=&#8221;default&#8221; global_colors_info=&#8221;{}&#8221;][et_pb_blurb title=&#8221;Cuca Miquel presenta su libro rodeada de los M\u00edster y de la Miss que han seguido sus consejos&#8221; url=&#8221;https:\/\/www.diezminutos.es\/moda-belleza\/belleza\/a62734276\/cuca-miquel-presenta-libro-como-hacer-frente-al-acne-mister-miss\/&#8221; url_new_window=&#8221;on&#8221; image=&#8221;https:\/\/www.todoenbelleza.es\/wp-content\/uploads\/2024\/10\/17.png&#8221; _builder_version=&#8221;4.25.0&#8243; _module_preset=&#8221;default&#8221; header_text_align=&#8221;left&#8221; header_font_size=&#8221;16px&#8221; body_font_size=&#8221;11px&#8221; body_line_height=&#8221;1.4em&#8221; link_option_url=&#8221;https:\/\/www.diezminutos.es\/moda-belleza\/belleza\/a62734276\/cuca-miquel-presenta-libro-como-hacer-frente-al-acne-mister-miss\/&#8221; link_option_url_new_window=&#8221;on&#8221; global_colors_info=&#8221;{}&#8221;]<\/p>\n<div class=\"css-1g48dme e1f1sunr6\">\n<p>Experta en belleza y jurado en los cert\u00e1menes de Misses m\u00e1s importantes, acaba de publicar su primer libro, &#8216;C\u00f3mo hacer frente al acn\u00e9&#8217;. En esta gu\u00eda te descubre tambi\u00e9n el yoga facial, t\u00e9cnicas de maquillaje y rutinas para todas las edades.<\/p>\n<\/div>\n<div class=\"css-hu4xfp e1f1sunr5\"><\/div>\n<p>[\/et_pb_blurb][\/et_pb_column][et_pb_column type=&#8221;1_4&#8243; _builder_version=&#8221;4.25.0&#8243; _module_preset=&#8221;default&#8221; global_colors_info=&#8221;{}&#8221;][et_pb_blurb title=&#8221;La soluci\u00f3n m\u00e1s eficaz de eliminar los antiest\u00e9ticos granitos en brazos y muslos: el remedio que necesitas&#8221; url=&#8221;https:\/\/www.diezminutos.es\/moda-belleza\/belleza\/a61992274\/eliminar-granitos-brazos-muslos-queratosis-pilaris-solucion\/&#8221; url_new_window=&#8221;on&#8221; image=&#8221;https:\/\/www.todoenbelleza.es\/wp-content\/uploads\/2024\/10\/10dmin.png&#8221; _builder_version=&#8221;4.25.0&#8243; _module_preset=&#8221;default&#8221; header_text_align=&#8221;left&#8221; header_font_size=&#8221;16px&#8221; body_font_size=&#8221;11px&#8221; body_line_height=&#8221;1.4em&#8221; link_option_url=&#8221;https:\/\/www.diezminutos.es\/moda-belleza\/belleza\/a61992274\/eliminar-granitos-brazos-muslos-queratosis-pilaris-solucion\/&#8221; link_option_url_new_window=&#8221;on&#8221; global_colors_info=&#8221;{}&#8221;]<\/p>\n<div class=\"css-1g48dme e1f1sunr6\">\n<div data-theme-key=\"custom-item-content\" class=\"css-1dc3fjj ee4ms350\">\n<div data-theme-key=\"custom-item-dek\" class=\"css-1u0frxc e10ip9lg4\">\n<p>\u00bfT\u00fa tambi\u00e9n tienes esos antiest\u00e9ticos y molestos granitos en el reverso del brazo o en las piernas? Tranquila, se llama queratosis pilaris y nuestra experta en belleza Cuca Miquel te cuenta c\u00f3mo paliarla.<\/p>\n<\/div>\n<p><span class=\"css-1fv2c70 e10ip9lg2\"><\/span><\/p>\n<\/div>\n<\/div>\n<div class=\"css-hu4xfp e1f1sunr5\"><\/div>\n<p>[\/et_pb_blurb][\/et_pb_column][et_pb_column type=&#8221;1_4&#8243; _builder_version=&#8221;4.25.0&#8243; _module_preset=&#8221;default&#8221; global_colors_info=&#8221;{}&#8221;][et_pb_blurb title=&#8221;Los 5 consejos de la experta en belleza Cuca Miquel para prevenir y eliminar el acn\u00e9 provocado por la menstruaci\u00f3n&#8221; url=&#8221;https:\/\/www.diezminutos.es\/moda-belleza\/belleza\/a62692994\/acne-menstruacion-consejos\/&#8221; url_new_window=&#8221;on&#8221; image=&#8221;https:\/\/www.todoenbelleza.es\/wp-content\/uploads\/2024\/10\/239.BLOG_THUMBAIL.png&#8221; _builder_version=&#8221;4.25.0&#8243; _module_preset=&#8221;default&#8221; header_text_align=&#8221;left&#8221; header_font_size=&#8221;16px&#8221; body_font_size=&#8221;11px&#8221; body_line_height=&#8221;1.4em&#8221; link_option_url=&#8221;https:\/\/www.diezminutos.es\/moda-belleza\/belleza\/a62692994\/acne-menstruacion-consejos\/&#8221; link_option_url_new_window=&#8221;on&#8221; global_colors_info=&#8221;{}&#8221;]<\/p>\n<div class=\"css-1g48dme e1f1sunr6\">\n<div data-theme-key=\"custom-item-content\" class=\"css-1dc3fjj ee4ms350\">\n<div data-theme-key=\"custom-item-dek\" class=\"css-1u0frxc e10ip9lg4\">\n<p>Las hormonas fluct\u00faan mucho en los cuerpos de las mujeres durante el ciclo menstrual, y pueden notarse mucho en la aparici\u00f3n repentina de granitos. Mantenlos a raya con estos 5 pasos.<\/p>\n<\/div>\n<\/div>\n<\/div>\n<div class=\"css-hu4xfp e1f1sunr5\"><\/div>\n<p>[\/et_pb_blurb][\/et_pb_column][et_pb_column type=&#8221;1_4&#8243; _builder_version=&#8221;4.25.0&#8243; _module_preset=&#8221;default&#8221; global_colors_info=&#8221;{}&#8221;][et_pb_blurb title=&#8221;Una experta en belleza te cuenta los mejores consejos para cuidar tus manos y que sigan pareciendo j\u00f3venes&#8221; url=&#8221;https:\/\/www.diezminutos.es\/moda-belleza\/belleza\/a62619239\/manos-jovenes-cuidados-consejos\/&#8221; url_new_window=&#8221;on&#8221; image=&#8221;https:\/\/www.todoenbelleza.es\/wp-content\/uploads\/2024\/10\/cuc.png&#8221; _builder_version=&#8221;4.25.0&#8243; _module_preset=&#8221;default&#8221; header_text_align=&#8221;left&#8221; header_font_size=&#8221;16px&#8221; body_font_size=&#8221;11px&#8221; body_line_height=&#8221;1.4em&#8221; min_height=&#8221;429.4px&#8221; link_option_url=&#8221;https:\/\/www.diezminutos.es\/moda-belleza\/belleza\/a62619239\/manos-jovenes-cuidados-consejos\/&#8221; link_option_url_new_window=&#8221;on&#8221; global_colors_info=&#8221;{}&#8221;]<\/p>\n<div class=\"css-1g48dme e1f1sunr6\">\n<div data-theme-key=\"custom-item-content\" class=\"css-1dc3fjj ee4ms350\">\n<div data-theme-key=\"custom-item-dek\" class=\"css-1u0frxc e10ip9lg4\">\n<p>Cuca Miquel, coach de belleza y CEO de &#8216;Todo en belleza&#8217;, explica los tips necesarios para evitar que tus manos reflejen el paso de los a\u00f1os: hidrataci\u00f3n, exfoliaci\u00f3n y protecci\u00f3n solar son imprescindibles.<\/p>\n<\/div>\n<\/div>\n<\/div>\n<div class=\"css-hu4xfp e1f1sunr5\"><\/div>\n<p>[\/et_pb_blurb][\/et_pb_column][\/et_pb_row][et_pb_row column_structure=&#8221;1_4,1_4,1_4,1_4&#8243; _builder_version=&#8221;4.25.0&#8243; _module_preset=&#8221;default&#8221; global_colors_info=&#8221;{}&#8221;][et_pb_column type=&#8221;1_4&#8243; _builder_version=&#8221;4.25.0&#8243; _module_preset=&#8221;default&#8221; global_colors_info=&#8221;{}&#8221;][et_pb_blurb title=&#8221;Cuida tus pesta\u00f1as como una experta: \ufeffCuca Miquel te descubre 5 consejos para tenerlas fuertes, largas y saludables&#8221; url=&#8221;https:\/\/www.diezminutos.es\/moda-belleza\/belleza\/a62550182\/pestanas-consejos-cuidado-largas-fuertes\/&#8221; url_new_window=&#8221;on&#8221; image=&#8221;https:\/\/www.todoenbelleza.es\/wp-content\/uploads\/2024\/10\/fv.png&#8221; _builder_version=&#8221;4.25.0&#8243; _module_preset=&#8221;default&#8221; header_text_align=&#8221;left&#8221; header_font_size=&#8221;16px&#8221; body_font_size=&#8221;11px&#8221; body_line_height=&#8221;1.4em&#8221; link_option_url=&#8221;https:\/\/www.diezminutos.es\/moda-belleza\/belleza\/a62550182\/pestanas-consejos-cuidado-largas-fuertes\/&#8221; link_option_url_new_window=&#8221;on&#8221; global_colors_info=&#8221;{}&#8221;]<\/p>\n<div class=\"css-1g48dme e1f1sunr6\">\n<div data-theme-key=\"custom-item-content\" class=\"css-1dc3fjj ee4ms350\">\n<div data-theme-key=\"custom-item-dek\" class=\"css-1u0frxc e10ip9lg4\">\n<p>Las pesta\u00f1as son una parte esencial de nuestra mirada, aunque en muchas veces no las cuidamos como realmente necesitan. Miquel, CEO de &#8216;Todo en Belleza&#8217;, comparte sus tips para fortalecerlas de manera natural.<\/p>\n<\/div>\n<p><span class=\"css-1fv2c70 e10ip9lg2\"><\/span><\/p>\n<\/div>\n<\/div>\n<div class=\"css-hu4xfp e1f1sunr5\"><\/div>\n<p>[\/et_pb_blurb][\/et_pb_column][et_pb_column type=&#8221;1_4&#8243; _builder_version=&#8221;4.25.0&#8243; _module_preset=&#8221;default&#8221; global_colors_info=&#8221;{}&#8221;][et_pb_blurb title=&#8221;Los 4 pasos que la experta en belleza Cuca Miquel recomienda para cuidar la piel con ros\u00e1cea en oto\u00f1o&#8221; url=&#8221;https:\/\/www.diezminutos.es\/moda-belleza\/belleza\/a62464919\/piel-rosacea-cuidados\/&#8221; url_new_window=&#8221;on&#8221; image=&#8221;https:\/\/www.todoenbelleza.es\/wp-content\/uploads\/2024\/10\/ima.jpg&#8221; _builder_version=&#8221;4.25.0&#8243; _module_preset=&#8221;default&#8221; header_text_align=&#8221;left&#8221; header_font_size=&#8221;16px&#8221; body_font_size=&#8221;11px&#8221; body_line_height=&#8221;1.4em&#8221; min_height=&#8221;407.4px&#8221; link_option_url=&#8221;https:\/\/www.diezminutos.es\/moda-belleza\/belleza\/a62464919\/piel-rosacea-cuidados\/&#8221; link_option_url_new_window=&#8221;on&#8221; global_colors_info=&#8221;{}&#8221;]<\/p>\n<div class=\"css-1g48dme e1f1sunr6\">\n<div data-theme-key=\"custom-item-content\" class=\"css-1dc3fjj ee4ms350\">\n<div data-theme-key=\"custom-item-dek\" class=\"css-1u0frxc e10ip9lg4\">\n<div data-theme-key=\"custom-item-content\" class=\"css-1dc3fjj ee4ms350\">\n<div data-theme-key=\"custom-item-dek\" class=\"css-1u0frxc e10ip9lg4\">\n<p>Con la llegada del oto\u00f1o, los cambios de temperatura pueden agravar los s\u00edntomas de la ros\u00e1cea. Nuestra coach te da los mejores consejos para mantener la piel hidratada y prevenir brotes durante esta temporada.<\/p>\n<\/div>\n<\/div>\n<\/div>\n<p><span class=\"css-1fv2c70 e10ip9lg2\"><\/span><\/p>\n<\/div>\n<\/div>\n<div class=\"css-hu4xfp e1f1sunr5\"><\/div>\n<p>[\/et_pb_blurb][\/et_pb_column][et_pb_column type=&#8221;1_4&#8243; _builder_version=&#8221;4.25.0&#8243; _module_preset=&#8221;default&#8221; global_colors_info=&#8221;{}&#8221;][et_pb_blurb title=&#8221;Los consejos y trucos definitivos de la experta en belleza Cuca Miquel para acabar con las manchas solares tras el verano&#8221; url=&#8221;https:\/\/www.diezminutos.es\/moda-belleza\/belleza\/a62362084\/como-tratar-manchas-solares-lentigos-consejos-trucos\/&#8221; url_new_window=&#8221;on&#8221; image=&#8221;https:\/\/www.todoenbelleza.es\/wp-content\/uploads\/2024\/10\/239.BLOG_THUMBAIL.jpg&#8221; _builder_version=&#8221;4.25.0&#8243; _module_preset=&#8221;default&#8221; header_text_align=&#8221;left&#8221; header_font_size=&#8221;16px&#8221; body_font_size=&#8221;11px&#8221; body_line_height=&#8221;1.4em&#8221; link_option_url=&#8221;https:\/\/www.diezminutos.es\/moda-belleza\/belleza\/a62362084\/como-tratar-manchas-solares-lentigos-consejos-trucos\/&#8221; link_option_url_new_window=&#8221;on&#8221; global_colors_info=&#8221;{}&#8221;]<\/p>\n<div class=\"css-1g48dme e1f1sunr6\">\n<div data-theme-key=\"custom-item-content\" class=\"css-1dc3fjj ee4ms350\">\n<div data-theme-key=\"custom-item-dek\" class=\"css-1u0frxc e10ip9lg4\">\n<div data-theme-key=\"custom-item-content\" class=\"css-1dc3fjj ee4ms350\">\n<div data-theme-key=\"custom-item-dek\" class=\"css-1u0frxc e10ip9lg4\">\n<p>El verano es momento de esparcimiento y poca ropa, pero las consecuencias del sol en la piel pueden durar a\u00f1os si no se tratan correctamente. Aqu\u00ed van mis consejos para acabar con las antiest\u00e9ticas manchitas provocadas por \u00e9l.<\/p>\n<\/div>\n<\/div>\n<\/div>\n<\/div>\n<\/div>\n<div class=\"css-hu4xfp e1f1sunr5\"><\/div>\n<p>[\/et_pb_blurb][\/et_pb_column][et_pb_column type=&#8221;1_4&#8243; _builder_version=&#8221;4.25.0&#8243; _module_preset=&#8221;default&#8221; global_colors_info=&#8221;{}&#8221;][et_pb_blurb title=&#8221;Recupera la piel tras los estragos del verano: consejos esenciales para deshacer los da\u00f1os del sol&#8221; url=&#8221;https:\/\/www.diezminutos.es\/moda-belleza\/belleza\/a62258997\/consejos-recuperar-piel-despues-verano\/&#8221; url_new_window=&#8221;on&#8221; image=&#8221;https:\/\/www.todoenbelleza.es\/wp-content\/uploads\/2025\/03\/ada.jpg&#8221; alt=&#8221;Recupera la piel tras los estragos del verano: consejos esenciales para deshacer los da\u00f1os del sol&#8221; _builder_version=&#8221;4.25.0&#8243; _module_preset=&#8221;default&#8221; header_text_align=&#8221;left&#8221; header_font_size=&#8221;16px&#8221; body_font_size=&#8221;11px&#8221; body_line_height=&#8221;1.4em&#8221; link_option_url=&#8221;https:\/\/www.diezminutos.es\/moda-belleza\/belleza\/a62258997\/consejos-recuperar-piel-despues-verano\/&#8221; link_option_url_new_window=&#8221;on&#8221; global_colors_info=&#8221;{}&#8221;]<\/p>\n<div class=\"css-1g48dme e1f1sunr6\">\n<div data-theme-key=\"custom-item-content\" class=\"css-1dc3fjj ee4ms350\">\n<div data-theme-key=\"custom-item-dek\" class=\"css-1u0frxc e10ip9lg4\">\n<div data-theme-key=\"custom-item-content\" class=\"css-1dc3fjj ee4ms350\">\n<div data-theme-key=\"custom-item-dek\" class=\"css-1u0frxc e10ip9lg4\">\n<div class=\"css-8izrp7 e1f1sunr6\">\n<p>Tomar el sol en verano es una pr\u00e1ctica muy habitual, aunque poco recomendable. A\u00fan as\u00ed, si lo has tomado y notas tu piel apagada o con manchas, no desesperes: hay soluci\u00f3n<\/p>\n<\/div>\n<div class=\"css-m3gjan e1f1sunr5\"><\/div>\n<\/div>\n<\/div>\n<\/div>\n<\/div>\n<\/div>\n<div class=\"css-hu4xfp e1f1sunr5\"><\/div>\n<p>[\/et_pb_blurb][\/et_pb_column][\/et_pb_row][\/et_pb_section]<\/p>","protected":false},"excerpt":{"rendered":"<p>La p\u00e9rdida de col\u00e1geno con el paso del tiempo hace que la piel del rostro se &#8216;descuelgue&#8217;. Pero hay una forma de recuperar las facciones de juventud: la experta en belleza Cuca Miquel nos desvela las claves. La coach de belleza te ofrece los mejores consejos para prevenir el conocido como doble ment\u00f3n que no [&hellip;]<\/p>","protected":false},"author":3,"featured_media":0,"parent":0,"menu_order":0,"comment_status":"closed","ping_status":"closed","template":"","meta":{"_et_pb_use_builder":"on","_et_pb_old_content":"","_et_gb_content_width":"","_joinchat":[]},"tratamientos":[],"genre":[],"yoast_head":"<!-- This site is optimized with the Yoast SEO plugin v20.10 - https:\/\/yoast.com\/wordpress\/plugins\/seo\/ -->\n<title>Colaboraciones y Prensa - Todo en Belleza con Cuca Miquel<\/title>\n<meta name=\"robots\" content=\"noindex, nofollow\" \/>\n<meta property=\"og:locale\" content=\"en_GB\" \/>\n<meta property=\"og:type\" content=\"article\" \/>\n<meta property=\"og:title\" content=\"Colaboraciones y Prensa - Todo en Belleza con Cuca Miquel\" \/>\n<meta property=\"og:description\" content=\"La p\u00e9rdida de col\u00e1geno con el paso del tiempo hace que la piel del rostro se &#039;descuelgue&#039;. Pero hay una forma de recuperar las facciones de juventud: la experta en belleza Cuca Miquel nos desvela las claves. La coach de belleza te ofrece los mejores consejos para prevenir el conocido como doble ment\u00f3n que no [&hellip;]\" \/>\n<meta property=\"og:url\" content=\"https:\/\/www.todoenbelleza.es\/en\/colaboraciones-y-prensa\/\" \/>\n<meta property=\"og:site_name\" content=\"Todo en Belleza con Cuca Miquel\" \/>\n<meta property=\"article:publisher\" content=\"https:\/\/www.facebook.com\/www.todoenbelleza.es\/\" \/>\n<meta property=\"article:modified_time\" content=\"2025-11-12T17:01:39+00:00\" \/>\n<meta name=\"twitter:card\" content=\"summary_large_image\" \/>\n<meta name=\"twitter:site\" content=\"@todoenbelleza1\" \/>\n<meta name=\"twitter:label1\" content=\"Estimated reading time\" \/>\n\t<meta name=\"twitter:data1\" content=\"7 minutes\" \/>\n<!-- \/ Yoast SEO plugin. -->","yoast_head_json":{"title":"Colaboraciones y Prensa - Todo en Belleza con Cuca Miquel","robots":{"index":"noindex","follow":"nofollow"},"og_locale":"en_GB","og_type":"article","og_title":"Colaboraciones y Prensa - Todo en Belleza con Cuca Miquel","og_description":"La p\u00e9rdida de col\u00e1geno con el paso del tiempo hace que la piel del rostro se 'descuelgue'. Pero hay una forma de recuperar las facciones de juventud: la experta en belleza Cuca Miquel nos desvela las claves. La coach de belleza te ofrece los mejores consejos para prevenir el conocido como doble ment\u00f3n que no [&hellip;]","og_url":"https:\/\/www.todoenbelleza.es\/en\/colaboraciones-y-prensa\/","og_site_name":"Todo en Belleza con Cuca Miquel","article_publisher":"https:\/\/www.facebook.com\/www.todoenbelleza.es\/","article_modified_time":"2025-11-12T17:01:39+00:00","twitter_card":"summary_large_image","twitter_site":"@todoenbelleza1","twitter_misc":{"Estimated reading time":"7 minutes"},"schema":{"@context":"https:\/\/schema.org","@graph":[{"@type":"WebPage","@id":"https:\/\/www.todoenbelleza.es\/colaboraciones-y-prensa\/","url":"https:\/\/www.todoenbelleza.es\/colaboraciones-y-prensa\/","name":"Colaboraciones y Prensa - Todo en Belleza con Cuca Miquel","isPartOf":{"@id":"https:\/\/www.todoenbelleza.es\/#website"},"datePublished":"2023-09-29T10:46:51+00:00","dateModified":"2025-11-12T17:01:39+00:00","breadcrumb":{"@id":"https:\/\/www.todoenbelleza.es\/colaboraciones-y-prensa\/#breadcrumb"},"inLanguage":"en-GB","potentialAction":[{"@type":"ReadAction","target":["https:\/\/www.todoenbelleza.es\/colaboraciones-y-prensa\/"]}]},{"@type":"BreadcrumbList","@id":"https:\/\/www.todoenbelleza.es\/colaboraciones-y-prensa\/#breadcrumb","itemListElement":[{"@type":"ListItem","position":1,"name":"Portada","item":"https:\/\/www.todoenbelleza.es\/"},{"@type":"ListItem","position":2,"name":"Colaboraciones y Prensa"}]},{"@type":"WebSite","@id":"https:\/\/www.todoenbelleza.es\/#website","url":"https:\/\/www.todoenbelleza.es\/","name":"Todo en Belleza con Cuca Miquel","description":"Centro de belleza y medicina est\u00e9tica en Madrid","publisher":{"@id":"https:\/\/www.todoenbelleza.es\/#organization"},"potentialAction":[{"@type":"SearchAction","target":{"@type":"EntryPoint","urlTemplate":"https:\/\/www.todoenbelleza.es\/?s={search_term_string}"},"query-input":"required name=search_term_string"}],"inLanguage":"en-GB"},{"@type":"Organization","@id":"https:\/\/www.todoenbelleza.es\/#organization","name":"Todo en Belleza con Cuca Miquel","url":"https:\/\/www.todoenbelleza.es\/","logo":{"@type":"ImageObject","inLanguage":"en-GB","@id":"https:\/\/www.todoenbelleza.es\/#\/schema\/logo\/image\/","url":"https:\/\/www.todoenbelleza.es\/wp-content\/uploads\/2023\/02\/logocabecera.png","contentUrl":"https:\/\/www.todoenbelleza.es\/wp-content\/uploads\/2023\/02\/logocabecera.png","width":311,"height":60,"caption":"Todo en Belleza con Cuca Miquel"},"image":{"@id":"https:\/\/www.todoenbelleza.es\/#\/schema\/logo\/image\/"},"sameAs":["https:\/\/www.facebook.com\/www.todoenbelleza.es\/","https:\/\/twitter.com\/todoenbelleza1","https:\/\/www.instagram.com\/todo.en.belleza_cucamiquel\/"]}]}},"_links":{"self":[{"href":"https:\/\/www.todoenbelleza.es\/en\/wp-json\/wp\/v2\/pages\/20178"}],"collection":[{"href":"https:\/\/www.todoenbelleza.es\/en\/wp-json\/wp\/v2\/pages"}],"about":[{"href":"https:\/\/www.todoenbelleza.es\/en\/wp-json\/wp\/v2\/types\/page"}],"author":[{"embeddable":true,"href":"https:\/\/www.todoenbelleza.es\/en\/wp-json\/wp\/v2\/users\/3"}],"replies":[{"embeddable":true,"href":"https:\/\/www.todoenbelleza.es\/en\/wp-json\/wp\/v2\/comments?post=20178"}],"version-history":[{"count":0,"href":"https:\/\/www.todoenbelleza.es\/en\/wp-json\/wp\/v2\/pages\/20178\/revisions"}],"wp:attachment":[{"href":"https:\/\/www.todoenbelleza.es\/en\/wp-json\/wp\/v2\/media?parent=20178"}],"wp:term":[{"taxonomy":"tratamientos","embeddable":true,"href":"https:\/\/www.todoenbelleza.es\/en\/wp-json\/wp\/v2\/tratamientos?post=20178"},{"taxonomy":"tratamiento","embeddable":true,"href":"https:\/\/www.todoenbelleza.es\/en\/wp-json\/wp\/v2\/genre?post=20178"}],"curies":[{"name":"wp","href":"https:\/\/api.w.org\/{rel}","templated":true}]}}