{"id":16088,"date":"2022-08-26T19:24:23","date_gmt":"2022-08-26T19:24:23","guid":{"rendered":"https:\/\/www.todoenbelleza.es\/?page_id=16088"},"modified":"2023-07-17T08:01:34","modified_gmt":"2023-07-17T08:01:34","slug":"eliminar-cicatrices-y-marcas-del-acne","status":"publish","type":"page","link":"https:\/\/www.todoenbelleza.es\/en\/eliminar-cicatrices-y-marcas-del-acne\/","title":{"rendered":"Treatments to Remove Scars and Acne Marks"},"content":{"rendered":"<p>[et_pb_section fb_built=&#8221;1&#8243; admin_label=&#8221;Hero Section&#8221; _builder_version=&#8221;4.20.4&#8243; _dynamic_attributes=&#8221;background_image&#8221; use_background_color_gradient=&#8221;on&#8221; background_color_gradient_direction=&#8221;90deg&#8221; background_color_gradient_stops=&#8221;rgba(237,237,237,0.85) 6%|rgba(244,240,233,0.99) 100%&#8221; background_color_gradient_overlays_image=&#8221;on&#8221; background_color_gradient_start=&#8221;#f4f0e9&#8243; background_color_gradient_start_position=&#8221;30%&#8221; background_color_gradient_end=&#8221;rgba(244,240,233,0)&#8221; background_image=&#8221;@ET-DC@eyJkeW5hbWljIjp0cnVlLCJjb250ZW50IjoicG9zdF9mZWF0dXJlZF9pbWFnZSIsInNldHRpbmdzIjp7fX0=@&#8221; background_blend=&#8221;screen&#8221; custom_margin=&#8221;|||&#8221; custom_padding=&#8221;15%|0px|15%|0px||&#8221; da_disable_devices=&#8221;off|off|off&#8221; global_colors_info=&#8221;{}&#8221; da_is_popup=&#8221;off&#8221; da_exit_intent=&#8221;off&#8221; da_has_close=&#8221;on&#8221; da_alt_close=&#8221;off&#8221; da_dark_close=&#8221;off&#8221; da_not_modal=&#8221;on&#8221; da_is_singular=&#8221;off&#8221; da_with_loader=&#8221;off&#8221; da_has_shadow=&#8221;on&#8221;][et_pb_row custom_padding_last_edited=&#8221;off|desktop&#8221; admin_label=&#8221;Hero Area&#8221; _builder_version=&#8221;4.16&#8243; custom_padding=&#8221;27px|0px|0px|0px&#8221; global_colors_info=&#8221;{}&#8221;][et_pb_column type=&#8221;4_4&#8243; _builder_version=&#8221;4.16&#8243; custom_padding=&#8221;|||&#8221; global_colors_info=&#8221;{}&#8221; custom_padding__hover=&#8221;|||&#8221;][et_pb_text admin_label=&#8221;Hero Title&#8221; _builder_version=&#8221;4.20.4&#8243; text_font=&#8221;Playfair Display||||||||&#8221; header_font_size=&#8221;63px&#8221; header_letter_spacing=&#8221;-3px&#8221; header_line_height=&#8221;1.1em&#8221; animation_direction=&#8221;left&#8221; text_font_size_last_edited=&#8221;off|desktop&#8221; header_font_size_tablet=&#8221;&#8221; header_font_size_phone=&#8221;60px&#8221; header_font_size_last_edited=&#8221;on|phone&#8221; global_colors_info=&#8221;{}&#8221;]<\/p>\n<h1>Eliminating acne scars and marks<\/h1>\n<p>[\/et_pb_text][et_pb_text _builder_version=&#8221;4.19.4&#8243; _module_preset=&#8221;default&#8221; header_2_text_align=&#8221;center&#8221; header_2_text_color=&#8221;#ea0c3c&#8221; header_2_font_size=&#8221;42px&#8221; global_colors_info=&#8221;{}&#8221;]<\/p>\n<h2 style=\"text-align: left;\">The most advanced technology <span style=\"color: #000000;\">at your disposal in Madrid<br \/><\/span><\/h2>\n<p>[\/et_pb_text][et_pb_button button_url=&#8221;#pidecita&#8221; button_text=&#8221;Quiero Saber como&#8221; button_alignment=&#8221;center&#8221; _builder_version=&#8221;4.19.4&#8243; _module_preset=&#8221;default&#8221; global_colors_info=&#8221;{}&#8221;][\/et_pb_button][\/et_pb_column][\/et_pb_row][\/et_pb_section][et_pb_section fb_built=&#8221;1&#8243; module_id=&#8221;pidecita&#8221; _builder_version=&#8221;4.19.4&#8243; _module_preset=&#8221;default&#8221; background_color=&#8221;#4D4D4D&#8221; custom_padding=&#8221;29px||30px|||&#8221; da_disable_devices=&#8221;off|off|off&#8221; global_module=&#8221;16515&#8243; global_colors_info=&#8221;{}&#8221; da_is_popup=&#8221;off&#8221; da_exit_intent=&#8221;off&#8221; da_has_close=&#8221;on&#8221; da_alt_close=&#8221;off&#8221; da_dark_close=&#8221;off&#8221; da_not_modal=&#8221;on&#8221; da_is_singular=&#8221;off&#8221; da_with_loader=&#8221;off&#8221; da_has_shadow=&#8221;on&#8221;][et_pb_row _builder_version=&#8221;4.18.0&#8243; _module_preset=&#8221;default&#8221; custom_padding=&#8221;6px|||||&#8221; global_colors_info=&#8221;{}&#8221;][et_pb_column type=&#8221;4_4&#8243; _builder_version=&#8221;4.18.0&#8243; _module_preset=&#8221;default&#8221; global_colors_info=&#8221;{}&#8221;][et_pb_text _builder_version=&#8221;4.19.4&#8243; _module_preset=&#8221;default&#8221; header_2_text_align=&#8221;center&#8221; header_2_font_size=&#8221;42px&#8221; custom_margin=&#8221;||2px|||&#8221; global_colors_info=&#8221;{}&#8221;]<\/p>\n<h2><span style=\"color: #ffffff;\">Make an appointment and we will advise you<\/span><\/h2>\n<p>[\/et_pb_text][et_pb_text _builder_version=&#8221;4.19.4&#8243; _module_preset=&#8221;default&#8221; header_3_text_align=&#8221;center&#8221; header_3_font_size=&#8221;20px&#8221; background_layout=&#8221;dark&#8221; custom_margin=&#8221;||12px|||&#8221; global_colors_info=&#8221;{}&#8221;]<\/p>\n<h3>The first consultation is free of charge!<\/h3>\n<p>[\/et_pb_text][et_pb_button button_url=&#8221;#pide_cita&#8221; button_text=&#8221;Pide Cita&#8221; button_alignment=&#8221;center&#8221; _builder_version=&#8221;4.19.4&#8243; _module_preset=&#8221;default&#8221; custom_button=&#8221;on&#8221; button_icon=&#8221;&#xe090;||divi||400&#8243; button_icon_color=&#8221;#FFFFFF&#8221; button_icon_placement=&#8221;left&#8221; button_on_hover=&#8221;off&#8221; global_colors_info=&#8221;{}&#8221;][\/et_pb_button][\/et_pb_column][\/et_pb_row][\/et_pb_section][et_pb_section fb_built=&#8221;1&#8243; _builder_version=&#8221;4.18.0&#8243; _module_preset=&#8221;default&#8221; custom_padding=&#8221;27px||29px|||&#8221; da_disable_devices=&#8221;off|off|off&#8221; global_colors_info=&#8221;{}&#8221; da_is_popup=&#8221;off&#8221; da_exit_intent=&#8221;off&#8221; da_has_close=&#8221;on&#8221; da_alt_close=&#8221;off&#8221; da_dark_close=&#8221;off&#8221; da_not_modal=&#8221;on&#8221; da_is_singular=&#8221;off&#8221; da_with_loader=&#8221;off&#8221; da_has_shadow=&#8221;on&#8221;][et_pb_row _builder_version=&#8221;4.18.0&#8243; _module_preset=&#8221;default&#8221; global_colors_info=&#8221;{}&#8221;][et_pb_column type=&#8221;4_4&#8243; _builder_version=&#8221;4.18.0&#8243; _module_preset=&#8221;default&#8221; global_colors_info=&#8221;{}&#8221;][et_pb_text _builder_version=&#8221;4.18.0&#8243; _module_preset=&#8221;default&#8221; header_2_text_align=&#8221;center&#8221; header_2_text_color=&#8221;#ea0c3c&#8221; header_2_font_size=&#8221;42px&#8221; global_colors_info=&#8221;{}&#8221;]<\/p>\n<h2>How to remove scars and acne marks<span style=\"color: #000000;\"><br \/><\/span><\/h2>\n<p>[\/et_pb_text][et_pb_text _builder_version=&#8221;4.19.4&#8243; _module_preset=&#8221;default&#8221; custom_padding=&#8221;||1px|||&#8221; global_colors_info=&#8221;{}&#8221;]<\/p>\n<p style=\"text-align: justify;\">After having suffered from severe acne, especially if you have undergone isotretinoin treatment (such as Roacutan or Dercutan), it is very likely that you have been left with some marks on your skin. Fortunately, there are ways to <strong>improve the appearance of your skin<\/strong> (in severe cases) or even <strong>make these marks disappear<\/strong> in some cases. On many occasions, these acne marks remain because our skin is in trouble and fails to regenerate properly. Therefore, the most important thing in these cases is to improve the health of our skin through personalised cosmetic procedures.<\/p>\n<p style=\"text-align: justify;\">With our skin studies we achieve the natural balance of your skin and ensure that it performs its curative and regenerative work correctly, which will also enhance the results of other more aggressive treatments such as laser or peelings, if necessary.<\/p>\n<p style=\"text-align: justify;\">The same applies to scars caused by accidents or surgery.<\/p>\n<p style=\"text-align: justify;\">We never stop looking because <strong>we want the best and most effective for you<\/strong>. Here is the best selection of treatments you can find to remove acne scars and marks from the face.<\/p>\n<p>[\/et_pb_text][\/et_pb_column][\/et_pb_row][\/et_pb_section][et_pb_section fb_built=&#8221;1&#8243; fullwidth=&#8221;on&#8221; _builder_version=&#8221;4.19.4&#8243; _module_preset=&#8221;default&#8221; da_disable_devices=&#8221;off|off|off&#8221; global_module=&#8221;16547&#8243; global_colors_info=&#8221;{}&#8221; da_is_popup=&#8221;off&#8221; da_exit_intent=&#8221;off&#8221; da_has_close=&#8221;on&#8221; da_alt_close=&#8221;off&#8221; da_dark_close=&#8221;off&#8221; da_not_modal=&#8221;on&#8221; da_is_singular=&#8221;off&#8221; da_with_loader=&#8221;off&#8221; da_has_shadow=&#8221;on&#8221;][et_pb_fullwidth_header title=&#8221;Elegir el tratamiento m\u00e1s adecuado para ti, es nuestro reto.&#8221; subhead=&#8221;Nuestro deseo es, que tu satisfacci\u00f3n sea plena.&#8221; header_image_url=&#8221;https:\/\/www.todoenbelleza.es\/wp-content\/uploads\/2023\/01\/logo-blanco-peq.png&#8221; _builder_version=&#8221;4.20.2&#8243; _module_preset=&#8221;default&#8221; title_level=&#8221;h2&#8243; child_mix_blend_mode=&#8221;overlay&#8221; global_colors_info=&#8221;{}&#8221;][\/et_pb_fullwidth_header][\/et_pb_section][et_pb_section fb_built=&#8221;1&#8243; _builder_version=&#8221;4.18.0&#8243; _module_preset=&#8221;default&#8221; custom_padding=&#8221;19px|||||&#8221; da_disable_devices=&#8221;off|off|off&#8221; global_colors_info=&#8221;{}&#8221; da_is_popup=&#8221;off&#8221; da_exit_intent=&#8221;off&#8221; da_has_close=&#8221;on&#8221; da_alt_close=&#8221;off&#8221; da_dark_close=&#8221;off&#8221; da_not_modal=&#8221;on&#8221; da_is_singular=&#8221;off&#8221; da_with_loader=&#8221;off&#8221; da_has_shadow=&#8221;on&#8221;][et_pb_row _builder_version=&#8221;4.18.0&#8243; _module_preset=&#8221;default&#8221; global_colors_info=&#8221;{}&#8221;][et_pb_column type=&#8221;4_4&#8243; _builder_version=&#8221;4.18.0&#8243; _module_preset=&#8221;default&#8221; global_colors_info=&#8221;{}&#8221;][et_pb_text _builder_version=&#8221;4.18.0&#8243; _module_preset=&#8221;default&#8221; header_2_text_align=&#8221;center&#8221; header_2_text_color=&#8221;#ea0c3c&#8221; header_2_font_size=&#8221;42px&#8221; header_2_line_height=&#8221;1.4em&#8221; custom_padding=&#8221;||40px|||&#8221; global_colors_info=&#8221;{}&#8221;]<\/p>\n<h2>\u00a0Treatments <span style=\"color: #000000;\"><strong>remove acne scars and marks<br \/><\/strong><\/span><\/h2>\n<p>[\/et_pb_text][\/et_pb_column][\/et_pb_row][et_pb_row column_structure=&#8221;1_2,1_2&#8243; _builder_version=&#8221;4.19.4&#8243; _module_preset=&#8221;default&#8221; global_colors_info=&#8221;{}&#8221;][et_pb_column type=&#8221;1_2&#8243; _builder_version=&#8221;4.19.4&#8243; _module_preset=&#8221;default&#8221; global_colors_info=&#8221;{}&#8221;][ba_card photo=&#8221;https:\/\/www.todoenbelleza.es\/wp-content\/uploads\/2020\/07\/fraxel-dual-system-en-madrid-300&#215;300.jpg&#8221; photo_alt=&#8221;Fraxel Dual System en Madrid&#8221; use_badge=&#8221;on&#8221; badge_text=&#8221;L\u00e1ser&#8221; title=&#8221;Fraxel Dual System en Madrid&#8221; description=&#8221;<\/p>\n<p style=\"%22text-align:\" justify;%22>Fraxel treatment improves the tone, texture and luminosity of ageing, sun-damaged or scarred skin. If you want to look younger, without dramatic changes and without prolonged downtime, Fraxel is the treatment for you.<\/p>\n<p>&#8221; image_hover_animation=&#8221;zoom-in&#8221; custom_height=&#8221;off&#8221; image_padding=&#8221;15px|15px|0px|15px|false|true&#8221; title_bottom_spacing=&#8221;12px&#8221; overlay_icon=&#8221;&#xf129;||fa||900&#8243; overlay_icon_color=&#8221;#FFFFFF&#8221; overlay_icon_size=&#8221;100px&#8221; badge_offset_x=&#8221;-1px&#8221; badge_offset_y=&#8221;10px&#8221; badge_padding=&#8221;3px|15px|3px|15px|false|false&#8221; badge_bg_color=&#8221;gcid-92e869e5-1718-4dd9-94ca-b6d5f356260a&#8221; _builder_version=&#8221;4.20.0&#8243; _dynamic_attributes=&#8221;link_option_url,button_link&#8221; _module_preset=&#8221;default&#8221; badge_font=&#8221;||||||||&#8221; badge_text_color=&#8221;#FFFFFF&#8221; title_font_size=&#8221;28px&#8221; description_font=&#8221;|300|||||||&#8221; description_font_size=&#8221;19px&#8221; background_color=&#8221;#FFFFFF&#8221; link_option_url=&#8221;@ET-DC@eyJkeW5hbWljIjp0cnVlLCJjb250ZW50IjoicG9zdF9saW5rX3VybF9wYWdlIiwic2V0dGluZ3MiOnsicG9zdF9pZCI6IjkyOTEifX0=@&#8221; border_radii_badge=&#8221;off|10px|0px|0px|10px&#8221; box_shadow_style=&#8221;preset1&#8243; box_shadow_blur=&#8221;3px&#8221; global_module=&#8221;16586&#8243; saved_tabs=&#8221;all&#8221; global_colors_info=&#8221;{%22gcid-92e869e5-1718-4dd9-94ca-b6d5f356260a%22:%91%22badge_bg_color%22%93}&#8221;][\/ba_card][\/et_pb_column][et_pb_column type=&#8221;1_2&#8243; _builder_version=&#8221;4.19.4&#8243; _module_preset=&#8221;default&#8221; global_colors_info=&#8221;{}&#8221;][ba_card photo=&#8221;https:\/\/www.todoenbelleza.es\/wp-content\/uploads\/2022\/08\/clear-brilliant-permea-banner-300&#215;300.jpg&#8221; photo_alt=&#8221;Clear + Brilliance en Madrid&#8221; use_badge=&#8221;on&#8221; badge_text=&#8221;L\u00e1ser&#8221; title=&#8221;Clear + Brilliance en Madrid&#8221; description=&#8221;<\/p>\n<p style=\"%22text-align:\" justify;%22>Clear + Brilliant helps prevent the visible signs of ageing and treats the effects of time and environmental conditions to keep your skin looking radiant.<\/p>\n<p>&#8221; custom_height=&#8221;off&#8221; image_padding=&#8221;15px|15px|0px|15px|false|true&#8221; title_bottom_spacing=&#8221;12px&#8221; overlay_icon=&#8221;&#xf129;||fa||900&#8243; overlay_icon_color=&#8221;#FFFFFF&#8221; overlay_icon_size=&#8221;100px&#8221; badge_offset_x=&#8221;-1px&#8221; badge_offset_y=&#8221;10px&#8221; badge_padding=&#8221;3px|15px|3px|15px|false|false&#8221; badge_bg_color=&#8221;gcid-92e869e5-1718-4dd9-94ca-b6d5f356260a&#8221; _builder_version=&#8221;4.20.0&#8243; _dynamic_attributes=&#8221;link_option_url,button_link&#8221; _module_preset=&#8221;default&#8221; badge_font=&#8221;||||||||&#8221; badge_text_color=&#8221;#FFFFFF&#8221; title_font_size=&#8221;28px&#8221; description_font=&#8221;|300|||||||&#8221; description_font_size=&#8221;19px&#8221; background_color=&#8221;#FFFFFF&#8221; link_option_url=&#8221;@ET-DC@eyJkeW5hbWljIjp0cnVlLCJjb250ZW50IjoicG9zdF9saW5rX3VybF9wYWdlIiwic2V0dGluZ3MiOnsicG9zdF9pZCI6IjEwMDc0In19@&#8221; border_radii_badge=&#8221;off|10px|0px|0px|10px&#8221; box_shadow_style=&#8221;preset1&#8243; box_shadow_blur=&#8221;3px&#8221; global_module=&#8221;16632&#8243; saved_tabs=&#8221;all&#8221; global_colors_info=&#8221;{%22gcid-92e869e5-1718-4dd9-94ca-b6d5f356260a%22:%91%22badge_bg_color%22%93}&#8221;][\/ba_card][\/et_pb_column][\/et_pb_row][et_pb_row column_structure=&#8221;1_2,1_2&#8243; _builder_version=&#8221;4.19.4&#8243; _module_preset=&#8221;default&#8221; global_colors_info=&#8221;{}&#8221;][et_pb_column type=&#8221;1_2&#8243; _builder_version=&#8221;4.19.4&#8243; _module_preset=&#8221;default&#8221; global_colors_info=&#8221;{}&#8221;][ba_card photo=&#8221;https:\/\/www.todoenbelleza.es\/wp-content\/uploads\/2022\/08\/tratamientos-cosmeticos.jpg&#8221; photo_alt=&#8221;Tratamientos Cosm\u00e9ticos personalizados en Madrid&#8221; use_badge=&#8221;on&#8221; badge_text=&#8221;M\u00e1s Informaci\u00f3n&#8221; title=&#8221;Tratamientos Cosm\u00e9ticos personalizados en Madrid&#8221; description=&#8221;<\/p>\n<p style=\"%22text-align:\" justify;%22>Using advanced analysis technology and the evaluation of the results by our skin expert Cuca Miquel, we will carry out a complete study of your skin, which will allow us to offer you a personalised cosmetic protocol.<\/p>\n<p>&#8221; image_hover_animation=&#8221;zoom-in&#8221; custom_height=&#8221;off&#8221; image_padding=&#8221;15px|15px|0px|15px|false|true&#8221; title_bottom_spacing=&#8221;12px&#8221; overlay_icon=&#8221;&#xf129;||fa||900&#8243; overlay_icon_color=&#8221;#FFFFFF&#8221; overlay_icon_size=&#8221;100px&#8221; badge_offset_x=&#8221;-1px&#8221; badge_offset_y=&#8221;10px&#8221; badge_padding=&#8221;3px|15px|3px|15px|false|false&#8221; badge_bg_color=&#8221;gcid-92e869e5-1718-4dd9-94ca-b6d5f356260a&#8221; _builder_version=&#8221;4.20.0&#8243; _dynamic_attributes=&#8221;link_option_url,button_link&#8221; _module_preset=&#8221;default&#8221; badge_font=&#8221;||||||||&#8221; badge_text_color=&#8221;#FFFFFF&#8221; title_font_size=&#8221;28px&#8221; description_font=&#8221;|300|||||||&#8221; description_font_size=&#8221;19px&#8221; background_color=&#8221;#FFFFFF&#8221; link_option_url=&#8221;@ET-DC@eyJkeW5hbWljIjp0cnVlLCJjb250ZW50IjoicG9zdF9saW5rX3VybF9wYWdlIiwic2V0dGluZ3MiOnsicG9zdF9pZCI6Ijk1NDkifX0=@&#8221; border_radii_badge=&#8221;off|10px|0px|0px|10px&#8221; box_shadow_style=&#8221;preset1&#8243; box_shadow_blur=&#8221;3px&#8221; global_module=&#8221;16569&#8243; saved_tabs=&#8221;all&#8221; global_colors_info=&#8221;{%22gcid-92e869e5-1718-4dd9-94ca-b6d5f356260a%22:%91%22badge_bg_color%22,%22badge_bg_color%22,%22badge_bg_color%22%93}&#8221;][\/ba_card][\/et_pb_column][et_pb_column type=&#8221;1_2&#8243; _builder_version=&#8221;4.19.4&#8243; _module_preset=&#8221;default&#8221; global_colors_info=&#8221;{}&#8221;][ba_card photo=&#8221;https:\/\/www.todoenbelleza.es\/wp-content\/uploads\/2023\/01\/estudio-de-la-piel.jpg&#8221; photo_alt=&#8221;Tratamientos Cosm\u00e9ticos personalizados OnLine&#8221; use_badge=&#8221;on&#8221; badge_text=&#8221;M\u00e1s Informaci\u00f3n&#8221; title=&#8221;Tratamientos Cosm\u00e9ticos personalizados OnLine&#8221; description=&#8221;<\/p>\n<p>An Online Skin Study is a report on the state of your skin, based on three photographs that you send us, taking advantage of the great capacity of modern mobile phone cameras and the experience of our skin expert Cuca Miquel.<\/p>\n<p>&#8221; image_hover_animation=&#8221;zoom-in&#8221; custom_height=&#8221;off&#8221; image_padding=&#8221;15px|15px|0px|15px|false|true&#8221; title_bottom_spacing=&#8221;12px&#8221; overlay_icon=&#8221;&#xf129;||fa||900&#8243; overlay_icon_color=&#8221;#FFFFFF&#8221; overlay_icon_size=&#8221;100px&#8221; badge_offset_x=&#8221;-1px&#8221; badge_offset_y=&#8221;10px&#8221; badge_padding=&#8221;3px|15px|3px|15px|false|false&#8221; badge_bg_color=&#8221;gcid-92e869e5-1718-4dd9-94ca-b6d5f356260a&#8221; _builder_version=&#8221;4.20.0&#8243; _dynamic_attributes=&#8221;link_option_url,button_link&#8221; _module_preset=&#8221;default&#8221; badge_font=&#8221;||||||||&#8221; badge_text_color=&#8221;#FFFFFF&#8221; title_font_size=&#8221;28px&#8221; description_font=&#8221;|300|||||||&#8221; description_font_size=&#8221;19px&#8221; background_color=&#8221;#FFFFFF&#8221; link_option_url=&#8221;@ET-DC@eyJkeW5hbWljIjp0cnVlLCJjb250ZW50IjoicG9zdF9saW5rX3VybF9wYWdlIiwic2V0dGluZ3MiOnsicG9zdF9pZCI6Ijk2NDEifX0=@&#8221; border_radii_badge=&#8221;off|10px|0px|0px|10px&#8221; box_shadow_style=&#8221;preset1&#8243; box_shadow_blur=&#8221;3px&#8221; global_module=&#8221;16578&#8243; saved_tabs=&#8221;all&#8221; global_colors_info=&#8221;{%22gcid-92e869e5-1718-4dd9-94ca-b6d5f356260a%22:%91%22badge_bg_color%22,%22badge_bg_color%22,%22badge_bg_color%22%93}&#8221;][\/ba_card][\/et_pb_column][\/et_pb_row][\/et_pb_section][et_pb_section fb_built=&#8221;1&#8243; module_id=&#8221;pide_cita&#8221; _builder_version=&#8221;4.18.0&#8243; _module_preset=&#8221;default&#8221; background_image=&#8221;https:\/\/www.todoenbelleza.es\/wp-content\/uploads\/2016\/08\/fondoform.jpg&#8221; da_disable_devices=&#8221;off|off|off&#8221; global_module=&#8221;15888&#8243; saved_tabs=&#8221;all&#8221; global_colors_info=&#8221;{}&#8221; da_is_popup=&#8221;off&#8221; da_exit_intent=&#8221;off&#8221; da_has_close=&#8221;on&#8221; da_alt_close=&#8221;off&#8221; da_dark_close=&#8221;off&#8221; da_not_modal=&#8221;on&#8221; da_is_singular=&#8221;off&#8221; da_with_loader=&#8221;off&#8221; da_has_shadow=&#8221;on&#8221;][et_pb_row _builder_version=&#8221;4.18.0&#8243; _module_preset=&#8221;default&#8221; global_colors_info=&#8221;{}&#8221;][et_pb_column type=&#8221;4_4&#8243; _builder_version=&#8221;4.18.0&#8243; _module_preset=&#8221;default&#8221; global_colors_info=&#8221;{}&#8221;][et_pb_text _builder_version=&#8221;4.19.4&#8243; _module_preset=&#8221;default&#8221; header_2_text_align=&#8221;center&#8221; header_2_text_color=&#8221;#ea0c3c&#8221; header_2_font_size=&#8221;42px&#8221; custom_margin=&#8221;||5px|||&#8221; global_colors_info=&#8221;{}&#8221;]<\/p>\n<h2>Ask for an appointment <span style=\"color: #000000;\">and we will advise you<\/span><\/h2>\n<p>[\/et_pb_text][et_pb_text _builder_version=&#8221;4.18.0&#8243; _module_preset=&#8221;default&#8221; header_3_text_align=&#8221;right&#8221; header_3_text_color=&#8221;#0c71c3&#8243; header_3_font_size=&#8221;26px&#8221; global_colors_info=&#8221;{}&#8221;]<\/p>\n<h3 style=\"text-align: center;\">The first consultation is free of charge!<span style=\"color: #000000;\"><\/span><\/h3>\n<p>[\/et_pb_text][\/et_pb_column][\/et_pb_row][et_pb_row column_structure=&#8221;2_5,3_5&#8243; _builder_version=&#8221;4.17.3&#8243; _module_preset=&#8221;default&#8221; global_colors_info=&#8221;{}&#8221;][et_pb_column type=&#8221;2_5&#8243; _builder_version=&#8221;4.17.3&#8243; _module_preset=&#8221;default&#8221; global_colors_info=&#8221;{}&#8221;][et_pb_text _builder_version=&#8221;4.20.0&#8243; _module_preset=&#8221;default&#8221; text_font=&#8221;|300|||||||&#8221; header_4_font_size=&#8221;22px&#8221; header_4_line_height=&#8221;1.5em&#8221; text_orientation=&#8221;center&#8221; global_colors_info=&#8221;{}&#8221;]<\/p>\n<p>Call us or fill in the form and we will call you back.<\/p>\n<p>[\/et_pb_text][et_pb_icon font_icon=&#8221;&#xf879;||fa||900&#8243; icon_width=&#8221;48px&#8221; url=&#8221;tel:34918834455&#8243; _builder_version=&#8221;4.19.4&#8243; _module_preset=&#8221;default&#8221; global_colors_info=&#8221;{}&#8221;][\/et_pb_icon][et_pb_text _builder_version=&#8221;4.18.0&#8243; _module_preset=&#8221;default&#8221; text_font_size=&#8221;40px&#8221; custom_margin=&#8221;||40px||false|false&#8221; link_option_url=&#8221;tel:34918834455&#8243; global_colors_info=&#8221;{}&#8221;]<\/p>\n<p style=\"text-align: center;\">91 883 44 55<\/p>\n<p>[\/et_pb_text][et_pb_icon font_icon=&#8221;&#xf879;||fa||900&#8243; icon_width=&#8221;48px&#8221; url=&#8221;tel:34679379253&#8243; _builder_version=&#8221;4.19.4&#8243; _module_preset=&#8221;default&#8221; global_colors_info=&#8221;{}&#8221;][\/et_pb_icon][et_pb_text _builder_version=&#8221;4.18.0&#8243; _module_preset=&#8221;default&#8221; text_font_size=&#8221;40px&#8221; custom_margin=&#8221;||40px||false|false&#8221; link_option_url=&#8221;tel:34679379253&#8243; global_colors_info=&#8221;{}&#8221;]<\/p>\n<p style=\"text-align: center;\">679 37 92 53<\/p>\n<p>[\/et_pb_text][\/et_pb_column][et_pb_column type=&#8221;3_5&#8243; _builder_version=&#8221;4.17.3&#8243; _module_preset=&#8221;default&#8221; global_colors_info=&#8221;{}&#8221;][dvppl_cf7_styler cf7=&#8221;9831&#8243; form_label_spacing=&#8221;0px&#8221; cr_custom_styles=&#8221;on&#8221; cr_size=&#8221;24px&#8221; cf7_success_border_color=&#8221;RGBA(255,255,255,0)&#8221; cf7_error_border_color=&#8221;RGBA(255,255,255,0)&#8221; _builder_version=&#8221;4.17.4&#8243; _module_preset=&#8221;default&#8221; form_field_font_font_size=&#8221;18px&#8221; labels_font_size=&#8221;18px&#8221; custom_submit_button=&#8221;on&#8221; submit_button_text_size=&#8221;24px&#8221; submit_button_text_color=&#8221;#FFFFFF&#8221; submit_button_bg_color=&#8221;gcid-1b39a209-6a31-45ec-be14-7decef327fbf&#8221; submit_button_border_color=&#8221;gcid-1b39a209-6a31-45ec-be14-7decef327fbf&#8221; submit_button_font=&#8221;|700|||||||&#8221; custom_padding=&#8221;|10px||10px|false|true&#8221; box_shadow_style_submit_button=&#8221;preset3&#8243; global_colors_info=&#8221;{%22gcid-1b39a209-6a31-45ec-be14-7decef327fbf%22:%91%22submit_button_bg_color%22,%22submit_button_border_color%22%93}&#8221;][\/dvppl_cf7_styler][\/et_pb_column][\/et_pb_row][\/et_pb_section][et_pb_section fb_built=&#8221;1&#8243; admin_label=&#8221;Popup &#8211; #politica_de_privacidad&#8221; module_id=&#8221;politica_de_privacidad&#8221; module_class=&#8221;popup&#8221; _builder_version=&#8221;4.17.4&#8243; _module_preset=&#8221;default&#8221; width=&#8221;50%&#8221; width_tablet=&#8221;90%&#8221; width_phone=&#8221;100%&#8221; width_last_edited=&#8221;on|phone&#8221; max_width=&#8221;75%&#8221; da_is_popup=&#8221;on&#8221; da_popup_slug=&#8221;politica_de_privacidad&#8221; da_disable_devices=&#8221;off|off|off&#8221; global_module=&#8221;15160&#8243; saved_tabs=&#8221;all&#8221; global_colors_info=&#8221;{}&#8221; da_exit_intent=&#8221;off&#8221; da_has_close=&#8221;on&#8221; da_alt_close=&#8221;off&#8221; da_dark_close=&#8221;off&#8221; da_not_modal=&#8221;on&#8221; da_is_singular=&#8221;off&#8221; da_with_loader=&#8221;off&#8221; da_has_shadow=&#8221;on&#8221;][et_pb_row _builder_version=&#8221;4.17.4&#8243; _module_preset=&#8221;default&#8221; global_colors_info=&#8221;{}&#8221;][et_pb_column type=&#8221;4_4&#8243; _builder_version=&#8221;4.17.4&#8243; _module_preset=&#8221;default&#8221; global_colors_info=&#8221;{}&#8221;][et_pb_text _builder_version=&#8221;4.18.0&#8243; _module_preset=&#8221;default&#8221; header_2_font_size=&#8221;42px&#8221; global_colors_info=&#8221;{}&#8221;]<\/p>\n<h2>Pol\u00edtica de Privacidad<\/h2>\n<p>[\/et_pb_text][et_pb_text _builder_version=&#8221;4.17.4&#8243; _module_preset=&#8221;default&#8221; global_colors_info=&#8221;{}&#8221;]<\/p>\n<p>En cumplimiento de la Ley Org\u00e1nica 15\/1999 de 13 de diciembre de protecci\u00f3n de datos de car\u00e1cter personal y su Reglamento de desarrollo, se informa de que los datos personales proporcionados en los cuestionarios que se encuentren ubicados en esta web, formar\u00e1n parte de un fichero gestionado por Asesoramiento Integral de Imagen S.L.U. (Todo en Belleza) con domicilio social en la calle Luchana, 25, 28010 Madrid, con la finalidad de gestionar el servicio contratado as\u00ed como posteriores revisiones u otras informaciones relacionadas que pudieran ser de tu inter\u00e9s, por cualquier medio, incluido el electr\u00f3nico, ofrecidos por Asesoramiento Integral de Imagen, S.L. El solicitante podr\u00e1 ejercitar sus derechos de acceso, rectificaci\u00f3n, cancelaci\u00f3n y oposici\u00f3n, en cualquier caso, mediante la debida acreditaci\u00f3n de su identidad, en la direcci\u00f3n mencionada anteriormente o en el buz\u00f3n de e-mail info@todoenbelleza.es.<\/p>\n<p>Los datos compartidos por el usuario, en ning\u00fan caso ser\u00e1n vendidos o publicados<\/p>\n<p>[\/et_pb_text][\/et_pb_column][\/et_pb_row][\/et_pb_section]<\/p>","protected":false},"excerpt":{"rendered":"<p>Te presentamos la mejor selecci\u00f3n de tratamientos no invasivos que puedes encontrar para eliminar las cicatrices y las marcas del acn\u00e9 del rostro<\/p>","protected":false},"author":1,"featured_media":16924,"parent":0,"menu_order":0,"comment_status":"closed","ping_status":"closed","template":"","meta":{"_et_pb_use_builder":"on","_et_pb_old_content":"","_et_gb_content_width":"","_joinchat":[]},"tratamientos":[],"genre":[710],"yoast_head":"<!-- This site is optimized with the Yoast SEO plugin v20.10 - https:\/\/yoast.com\/wordpress\/plugins\/seo\/ -->\n<title>Tratamiento para borrar cicatricez y marcas del acn\u00e9 - Todo en Belleza con Cuca Miquel<\/title>\n<meta name=\"description\" content=\"Recupera la confianza y seguridad. Descubre como borrar cicatrices y marcas del acn\u00e9 con nuestros punteros tratamientos. \u00a1Vuelve a sonre\u00edr!\" \/>\n<meta name=\"robots\" content=\"index, follow, max-snippet:-1, max-image-preview:large, max-video-preview:-1\" \/>\n<link rel=\"canonical\" href=\"https:\/\/www.todoenbelleza.es\/en\/eliminar-cicatrices-y-marcas-del-acne\/\" \/>\n<meta property=\"og:locale\" content=\"en_GB\" \/>\n<meta property=\"og:type\" content=\"article\" \/>\n<meta property=\"og:title\" content=\"Tratamiento para borrar cicatricez y marcas del acn\u00e9 - Todo en Belleza con Cuca Miquel\" \/>\n<meta property=\"og:description\" content=\"Recupera la confianza y seguridad. Descubre como borrar cicatrices y marcas del acn\u00e9 con nuestros punteros tratamientos. \u00a1Vuelve a sonre\u00edr!\" \/>\n<meta property=\"og:url\" content=\"https:\/\/www.todoenbelleza.es\/en\/eliminar-cicatrices-y-marcas-del-acne\/\" \/>\n<meta property=\"og:site_name\" content=\"Todo en Belleza con Cuca Miquel\" \/>\n<meta property=\"article:publisher\" content=\"https:\/\/www.facebook.com\/www.todoenbelleza.es\/\" \/>\n<meta property=\"article:modified_time\" content=\"2023-07-17T08:01:34+00:00\" \/>\n<meta property=\"og:image\" content=\"https:\/\/www.todoenbelleza.es\/wp-content\/uploads\/2023\/01\/eliminar-cicatrices-y-marcas-del-acne.jpg\" \/>\n\t<meta property=\"og:image:width\" content=\"1000\" \/>\n\t<meta property=\"og:image:height\" content=\"667\" \/>\n\t<meta property=\"og:image:type\" content=\"image\/jpeg\" \/>\n<meta name=\"twitter:card\" content=\"summary_large_image\" \/>\n<meta name=\"twitter:site\" content=\"@todoenbelleza1\" \/>\n<meta name=\"twitter:label1\" content=\"Estimated reading time\" \/>\n\t<meta name=\"twitter:data1\" content=\"6 minutes\" \/>\n<!-- \/ Yoast SEO plugin. -->","yoast_head_json":{"title":"Tratamiento para borrar cicatricez y marcas del acn\u00e9 - Todo en Belleza con Cuca Miquel","description":"Recupera la confianza y seguridad. Descubre como borrar cicatrices y marcas del acn\u00e9 con nuestros punteros tratamientos. \u00a1Vuelve a sonre\u00edr!","robots":{"index":"index","follow":"follow","max-snippet":"max-snippet:-1","max-image-preview":"max-image-preview:large","max-video-preview":"max-video-preview:-1"},"canonical":"https:\/\/www.todoenbelleza.es\/en\/eliminar-cicatrices-y-marcas-del-acne\/","og_locale":"en_GB","og_type":"article","og_title":"Tratamiento para borrar cicatricez y marcas del acn\u00e9 - Todo en Belleza con Cuca Miquel","og_description":"Recupera la confianza y seguridad. Descubre como borrar cicatrices y marcas del acn\u00e9 con nuestros punteros tratamientos. \u00a1Vuelve a sonre\u00edr!","og_url":"https:\/\/www.todoenbelleza.es\/en\/eliminar-cicatrices-y-marcas-del-acne\/","og_site_name":"Todo en Belleza con Cuca Miquel","article_publisher":"https:\/\/www.facebook.com\/www.todoenbelleza.es\/","article_modified_time":"2023-07-17T08:01:34+00:00","og_image":[{"width":1000,"height":667,"url":"https:\/\/www.todoenbelleza.es\/wp-content\/uploads\/2023\/01\/eliminar-cicatrices-y-marcas-del-acne.jpg","type":"image\/jpeg"}],"twitter_card":"summary_large_image","twitter_site":"@todoenbelleza1","twitter_misc":{"Estimated reading time":"6 minutes"},"schema":{"@context":"https:\/\/schema.org","@graph":[{"@type":"WebPage","@id":"https:\/\/www.todoenbelleza.es\/eliminar-cicatrices-y-marcas-del-acne\/","url":"https:\/\/www.todoenbelleza.es\/eliminar-cicatrices-y-marcas-del-acne\/","name":"Tratamiento para borrar cicatricez y marcas del acn\u00e9 - Todo en Belleza con Cuca Miquel","isPartOf":{"@id":"https:\/\/www.todoenbelleza.es\/#website"},"datePublished":"2022-08-26T19:24:23+00:00","dateModified":"2023-07-17T08:01:34+00:00","description":"Recupera la confianza y seguridad. Descubre como borrar cicatrices y marcas del acn\u00e9 con nuestros punteros tratamientos. \u00a1Vuelve a sonre\u00edr!","breadcrumb":{"@id":"https:\/\/www.todoenbelleza.es\/eliminar-cicatrices-y-marcas-del-acne\/#breadcrumb"},"inLanguage":"en-GB","potentialAction":[{"@type":"ReadAction","target":["https:\/\/www.todoenbelleza.es\/eliminar-cicatrices-y-marcas-del-acne\/"]}]},{"@type":"BreadcrumbList","@id":"https:\/\/www.todoenbelleza.es\/eliminar-cicatrices-y-marcas-del-acne\/#breadcrumb","itemListElement":[{"@type":"ListItem","position":1,"name":"Portada","item":"https:\/\/www.todoenbelleza.es\/"},{"@type":"ListItem","position":2,"name":"Tratamientos para Eliminar Cicatrices y Marcas del Acn\u00e9"}]},{"@type":"WebSite","@id":"https:\/\/www.todoenbelleza.es\/#website","url":"https:\/\/www.todoenbelleza.es\/","name":"Todo en Belleza con Cuca Miquel","description":"Centro de belleza y medicina est\u00e9tica en Madrid","publisher":{"@id":"https:\/\/www.todoenbelleza.es\/#organization"},"potentialAction":[{"@type":"SearchAction","target":{"@type":"EntryPoint","urlTemplate":"https:\/\/www.todoenbelleza.es\/?s={search_term_string}"},"query-input":"required name=search_term_string"}],"inLanguage":"en-GB"},{"@type":"Organization","@id":"https:\/\/www.todoenbelleza.es\/#organization","name":"Todo en Belleza con Cuca Miquel","url":"https:\/\/www.todoenbelleza.es\/","logo":{"@type":"ImageObject","inLanguage":"en-GB","@id":"https:\/\/www.todoenbelleza.es\/#\/schema\/logo\/image\/","url":"https:\/\/www.todoenbelleza.es\/wp-content\/uploads\/2023\/02\/logocabecera.png","contentUrl":"https:\/\/www.todoenbelleza.es\/wp-content\/uploads\/2023\/02\/logocabecera.png","width":311,"height":60,"caption":"Todo en Belleza con Cuca Miquel"},"image":{"@id":"https:\/\/www.todoenbelleza.es\/#\/schema\/logo\/image\/"},"sameAs":["https:\/\/www.facebook.com\/www.todoenbelleza.es\/","https:\/\/twitter.com\/todoenbelleza1","https:\/\/www.instagram.com\/todo.en.belleza_cucamiquel\/"]}]}},"_links":{"self":[{"href":"https:\/\/www.todoenbelleza.es\/en\/wp-json\/wp\/v2\/pages\/16088"}],"collection":[{"href":"https:\/\/www.todoenbelleza.es\/en\/wp-json\/wp\/v2\/pages"}],"about":[{"href":"https:\/\/www.todoenbelleza.es\/en\/wp-json\/wp\/v2\/types\/page"}],"author":[{"embeddable":true,"href":"https:\/\/www.todoenbelleza.es\/en\/wp-json\/wp\/v2\/users\/1"}],"replies":[{"embeddable":true,"href":"https:\/\/www.todoenbelleza.es\/en\/wp-json\/wp\/v2\/comments?post=16088"}],"version-history":[{"count":0,"href":"https:\/\/www.todoenbelleza.es\/en\/wp-json\/wp\/v2\/pages\/16088\/revisions"}],"wp:featuredmedia":[{"embeddable":true,"href":"https:\/\/www.todoenbelleza.es\/en\/wp-json\/wp\/v2\/media\/16924"}],"wp:attachment":[{"href":"https:\/\/www.todoenbelleza.es\/en\/wp-json\/wp\/v2\/media?parent=16088"}],"wp:term":[{"taxonomy":"tratamientos","embeddable":true,"href":"https:\/\/www.todoenbelleza.es\/en\/wp-json\/wp\/v2\/tratamientos?post=16088"},{"taxonomy":"tratamiento","embeddable":true,"href":"https:\/\/www.todoenbelleza.es\/en\/wp-json\/wp\/v2\/genre?post=16088"}],"curies":[{"name":"wp","href":"https:\/\/api.w.org\/{rel}","templated":true}]}}